{"id":8962,"date":"2025-10-08T09:54:00","date_gmt":"2025-10-08T07:54:00","guid":{"rendered":"https:\/\/www.salon-medecinedouce.com\/paris\/?page_id=8962"},"modified":"2025-10-28T16:12:20","modified_gmt":"2025-10-28T15:12:20","slug":"optimisez-votre-participation","status":"publish","type":"page","link":"https:\/\/www.salon-medecinedouce.com\/paris\/exposants\/optimisez-votre-participation\/","title":{"rendered":"Optimisez votre participation"},"content":{"rendered":"\t\t<div data-elementor-type=\"wp-page\" data-elementor-id=\"8962\" class=\"elementor elementor-8962\" data-elementor-post-type=\"page\">\n\t\t\t\t<div class=\"elementor-element elementor-element-5274d342 e-flex e-con-boxed e-con e-parent\" data-id=\"5274d342\" data-element_type=\"container\" data-e-type=\"container\">\n\t\t\t\t\t<div class=\"e-con-inner\">\n\t\t\t\t<div class=\"elementor-element elementor-element-b28887b elementor-widget elementor-widget-text-editor\" data-id=\"b28887b\" data-element_type=\"widget\" data-e-type=\"widget\" data-widget_type=\"text-editor.default\">\n\t\t\t\t<div class=\"elementor-widget-container\">\n\t\t\t\t\t\t\t\t\t<p><strong>Vous exposez au salon Bien-\u00catre M\u00e9decine Douce ?<\/strong><br \/>Mettez en lumi\u00e8re votre activit\u00e9 gr\u00e2ce au <strong>\u00ab\u00a0Portrait Exposant\u00a0\u00bb<\/strong> !<\/p>\n<p>C\u2019est le moment id\u00e9al pour valoriser votre marque, vos produits et nouveaut\u00e9s, vos temps forts ou votre expertise et <strong>gagner en visibilit\u00e9<\/strong> aupr\u00e8s des visiteurs et des m\u00e9dias.<\/p>\n<p>\ud83d\udd0e <strong>Le \u00ab\u00a0Portrait Exposant\u00a0\u00bb, c\u2019est :<\/strong><br \/>\u2022 Une mise en avant dans la rubrique \u00ab\u00a0Actualit\u00e9s\u00a0\u00bb de la homepage du site officiel<br \/>\u2022 Une diffusion sur les r\u00e9seaux sociaux du salon<br \/>\u2022 Un affichage en format A3 sur place, pendant toute la dur\u00e9e de l\u2019\u00e9v\u00e9nement<\/p>\n<p>\ud83d\udc49 <strong>Tarif : 85 \u20ac HT<\/strong><\/p>\n<p>\ud83d\udccc Pour en profiter, remplissez le formulaire \u00ab Portrait Exposant \u00bb ci-dessous :<\/p>\n<p>\u00a0<\/p>\n<p>\u00a0<\/p>\t\t\t\t\t\t\t\t<\/div>\n\t\t\t\t<\/div>\n\t\t\t\t\t<\/div>\n\t\t\t\t<\/div>\n\t\t<div class=\"elementor-element elementor-element-7039802 e-flex e-con-boxed e-con e-parent\" data-id=\"7039802\" data-element_type=\"container\" data-e-type=\"container\">\n\t\t\t\t\t<div class=\"e-con-inner\">\n\t\t\t\t<div class=\"elementor-element elementor-element-1c37227 elementor-widget elementor-widget-shortcode\" data-id=\"1c37227\" data-element_type=\"widget\" data-e-type=\"widget\" data-widget_type=\"shortcode.default\">\n\t\t\t\t<div class=\"elementor-widget-container\">\n\t\t\t\t\t\t\t<div class=\"elementor-shortcode\">\n<div class=\"wpcf7 no-js\" id=\"wpcf7-f8961-o1\" lang=\"fr-FR\" dir=\"ltr\" data-wpcf7-id=\"8961\">\n<div class=\"screen-reader-response\"><p role=\"status\" aria-live=\"polite\" aria-atomic=\"true\"><\/p> <ul><\/ul><\/div>\n<form action=\"\/paris\/wp-json\/wp\/v2\/pages\/8962#wpcf7-f8961-o1\" method=\"post\" class=\"wpcf7-form init\" aria-label=\"Formulaire de contact\" enctype=\"multipart\/form-data\" novalidate=\"novalidate\" data-status=\"init\">\n<fieldset class=\"hidden-fields-container\"><input type=\"hidden\" name=\"_wpcf7\" value=\"8961\" \/><input type=\"hidden\" name=\"_wpcf7_version\" value=\"6.1.5\" \/><input type=\"hidden\" name=\"_wpcf7_locale\" value=\"fr_FR\" \/><input type=\"hidden\" name=\"_wpcf7_unit_tag\" value=\"wpcf7-f8961-o1\" \/><input type=\"hidden\" name=\"_wpcf7_container_post\" value=\"0\" \/><input type=\"hidden\" name=\"_wpcf7_posted_data_hash\" value=\"\" \/>\n<\/fieldset>\n<p><strong>\u00c0 quel(s) salon(s) participez-vous ? (obligatoire)<\/strong>\n<\/p>\n<p><span class=\"wpcf7-form-control-wrap\" data-name=\"checkbox-232\"><span class=\"wpcf7-form-control wpcf7-checkbox wpcf7-validates-as-required\"><span class=\"wpcf7-list-item first\"><label><input type=\"checkbox\" name=\"checkbox-232[]\" value=\"PARIS\" \/><span class=\"wpcf7-list-item-label\">PARIS<\/span><\/label><\/span><span class=\"wpcf7-list-item last\"><label><input type=\"checkbox\" name=\"checkbox-232[]\" value=\"LYON\" \/><span class=\"wpcf7-list-item-label\">LYON<\/span><\/label><\/span><\/span><\/span>\n<\/p>\n<p><label for=\"your-nom\"><strong>Nom de soci\u00e9t\u00e9 (obligatoire)<\/strong><\/label><br \/>\n<span class=\"wpcf7-form-control-wrap\" data-name=\"your-nom\"><input size=\"40\" maxlength=\"400\" class=\"wpcf7-form-control wpcf7-text wpcf7-validates-as-required\" id=\"your-nom\" aria-required=\"true\" aria-invalid=\"false\" value=\"\" type=\"text\" name=\"your-nom\" \/><\/span>\n<\/p>\n<p><label for=\"your-presentation\"><strong>Pr\u00e9sentez-vous en quelques mots (votre enseigne, votre activit\u00e9, votre histoire, vous et\/ou l\u2019\u00e9quipe) (obligatoire)<\/strong><\/label><br \/>\n<span class=\"wpcf7-form-control-wrap\" data-name=\"your-presentation\"><textarea cols=\"40\" rows=\"10\" maxlength=\"2000\" class=\"wpcf7-form-control wpcf7-textarea wpcf7-validates-as-required\" id=\"your-presentation\" aria-required=\"true\" aria-invalid=\"false\" name=\"your-presentation\"><\/textarea><\/span>\n<\/p>\n<p><label for=\"your-produit\"><strong>Que proposez-vous sur le salon ? Produits phares ? Des remises sur le stand ? Des nouveaut\u00e9s ? Ateliers ou conf\u00e9rences ? (obligatoire)<\/strong><\/label><br \/>\n<span class=\"wpcf7-form-control-wrap\" data-name=\"your-produit\"><textarea cols=\"40\" rows=\"10\" maxlength=\"2000\" class=\"wpcf7-form-control wpcf7-textarea wpcf7-validates-as-required\" id=\"your-produit\" aria-required=\"true\" aria-invalid=\"false\" name=\"your-produit\"><\/textarea><\/span>\n<\/p>\n<p><label for=\"your-relation\"><strong>Parlez-nous de Bien-\u00eatre M\u00e9decine Douce et de votre relation avec ce salon : (obligatoire)<\/strong><\/label><br \/>\n<span class=\"wpcf7-form-control-wrap\" data-name=\"your-relation\"><textarea cols=\"40\" rows=\"10\" maxlength=\"2000\" class=\"wpcf7-form-control wpcf7-textarea wpcf7-validates-as-required\" id=\"your-relation\" aria-required=\"true\" aria-invalid=\"false\" name=\"your-relation\"><\/textarea><\/span>\n<\/p>\n<p><label for=\"your-citation\"><strong>Selon vous quelle serait la d\u00e9finition du bien-\u00eatre ? (obligatoire)<\/strong><\/label><br \/>\n<span class=\"wpcf7-form-control-wrap\" data-name=\"your-citation\"><textarea cols=\"40\" rows=\"10\" maxlength=\"2000\" class=\"wpcf7-form-control wpcf7-textarea wpcf7-validates-as-required\" id=\"your-citation\" aria-required=\"true\" aria-invalid=\"false\" name=\"your-citation\"><\/textarea><\/span>\n<\/p>\n<p><label for=\"your-esprit\"><strong>Et quel serait votre meilleur conseil ou astuce pour se sentir bien au quotidien ? (obligatoire)<\/strong><\/label><br \/>\n<span class=\"wpcf7-form-control-wrap\" data-name=\"your-esprit\"><textarea cols=\"40\" rows=\"10\" maxlength=\"2000\" class=\"wpcf7-form-control wpcf7-textarea wpcf7-validates-as-required\" id=\"your-esprit\" aria-required=\"true\" aria-invalid=\"false\" name=\"your-esprit\"><\/textarea><\/span>\n<\/p>\n<p><strong>Merci de nous joindre des visuels de qualit\u00e9 png\/jpg (photo de vous et\/ou de l'\u00e9quipe, du stand de l'an pass\u00e9, des produits\u2026) cela est indispensable pour faire le relai sur internet et les r\u00e9seaux sociaux :<\/strong>\n<\/p>\n<p><span class=\"wpcf7-form-control-wrap\" data-name=\"visuel-1\"><input size=\"40\" class=\"wpcf7-form-control wpcf7-file\" accept=\".jpg,.png\" aria-invalid=\"false\" type=\"file\" name=\"visuel-1\" \/><\/span><br \/>\n<span class=\"wpcf7-form-control-wrap\" data-name=\"visuel-2\"><input size=\"40\" class=\"wpcf7-form-control wpcf7-file\" accept=\".jpg,.png\" aria-invalid=\"false\" type=\"file\" name=\"visuel-2\" \/><\/span>\n<\/p>\n<p><label for=\"email-720\"><strong>Votre adresse email : (obligatoire)<\/strong><\/label><br \/>\n<span class=\"wpcf7-form-control-wrap\" data-name=\"email-720\"><input size=\"40\" maxlength=\"400\" class=\"wpcf7-form-control wpcf7-email wpcf7-validates-as-required wpcf7-text wpcf7-validates-as-email\" id=\"email-720\" aria-required=\"true\" aria-invalid=\"false\" value=\"\" type=\"email\" name=\"email-720\" \/><\/span>\n<\/p>\n<p><input class=\"wpcf7-form-control wpcf7-submit has-spinner\" type=\"submit\" value=\"Envoyer\" \/>\n<\/p><p style=\"display: none !important;\" class=\"akismet-fields-container\" data-prefix=\"_wpcf7_ak_\"><label>&#916;<textarea name=\"_wpcf7_ak_hp_textarea\" cols=\"45\" rows=\"8\" maxlength=\"100\"><\/textarea><\/label><input type=\"hidden\" id=\"ak_js_1\" name=\"_wpcf7_ak_js\" value=\"197\"\/><script>document.getElementById( \"ak_js_1\" ).setAttribute( \"value\", ( new Date() ).getTime() );<\/script><\/p><div class=\"wpcf7-response-output\" aria-hidden=\"true\"><\/div>\n<\/form>\n<\/div>\n<\/div>\n\t\t\t\t\t\t<\/div>\n\t\t\t\t<\/div>\n\t\t\t\t\t<\/div>\n\t\t\t\t<\/div>\n\t\t\t\t<\/div>\n\t\t<div class=\"salon-pubs-hp-bas-de-page salon-entity-placement\" id=\"salon-1851915878\"><div id=\"salon-2480446117\"><a data-no-instant=\"1\" href=\"https:\/\/www.adntv.fr\/home?request_origin=tv_app\" rel=\"noopener\" class=\"a2t-link\" target=\"_blank\"><p><a href=\"https:\/\/www.salondesseniors.com\/\"><img fetchpriority=\"high\" decoding=\"async\" class=\"wp-image-22417 aligncenter\" src=\"https:\/\/www.salon-medecinedouce.com\/paris\/wp-content\/uploads\/sites\/14\/2026\/02\/Banniere-728x90-1-300x37.png\" alt=\"\" width=\"754\" height=\"93\" srcset=\"https:\/\/www.salon-medecinedouce.com\/paris\/wp-content\/uploads\/sites\/14\/2026\/02\/Banniere-728x90-1-300x37.png 300w, https:\/\/www.salon-medecinedouce.com\/paris\/wp-content\/uploads\/sites\/14\/2026\/02\/Banniere-728x90-1-1024x127.png 1024w, https:\/\/www.salon-medecinedouce.com\/paris\/wp-content\/uploads\/sites\/14\/2026\/02\/Banniere-728x90-1-768x95.png 768w, https:\/\/www.salon-medecinedouce.com\/paris\/wp-content\/uploads\/sites\/14\/2026\/02\/Banniere-728x90-1-1536x190.png 1536w, https:\/\/www.salon-medecinedouce.com\/paris\/wp-content\/uploads\/sites\/14\/2026\/02\/Banniere-728x90-1-2048x253.png 2048w, https:\/\/www.salon-medecinedouce.com\/paris\/wp-content\/uploads\/sites\/14\/2026\/02\/Banniere-728x90-1-150x19.png 150w, https:\/\/www.salon-medecinedouce.com\/paris\/wp-content\/uploads\/sites\/14\/2026\/02\/Banniere-728x90-1-500x62.png 500w\" sizes=\"(max-width: 754px) 100vw, 754px\" \/><\/a><\/p>\n<\/a><\/div><\/div>","protected":false},"excerpt":{"rendered":"<p>Vous exposez au salon Bien-\u00catre M\u00e9decine Douce ?Mettez en lumi\u00e8re votre activit\u00e9 gr\u00e2ce au \u00ab\u00a0Portrait Exposant\u00a0\u00bb ! C\u2019est le moment id\u00e9al pour valoriser votre marque, vos produits et nouveaut\u00e9s, vos temps forts ou votre expertise et gagner en visibilit\u00e9 aupr\u00e8s des visiteurs et des m\u00e9dias. \ud83d\udd0e Le \u00ab\u00a0Portrait Exposant\u00a0\u00bb, c\u2019est :\u2022 Une mise en avant&hellip; <\/p>\n","protected":false},"author":1,"featured_media":0,"parent":2087,"menu_order":4,"comment_status":"closed","ping_status":"closed","template":"","meta":{"_monsterinsights_skip_tracking":false,"_monsterinsights_sitenote_active":false,"_monsterinsights_sitenote_note":"","_monsterinsights_sitenote_category":0,"footnotes":""},"class_list":["post-8962","page","type-page","status-publish","hentry"],"yoast_head":"<!-- This site is optimized with the Yoast SEO plugin v27.3 - https:\/\/yoast.com\/product\/yoast-seo-wordpress\/ -->\n<title>Optimisez votre participation - Bien-\u00eatre Paris<\/title>\n<meta name=\"description\" content=\"Vous exposez au salon Bien-\u00catre M\u00e9decine Douce ? Mettez en lumi\u00e8re votre activit\u00e9 gr\u00e2ce au &quot;Portrait Exposant&quot; !\" \/>\n<meta name=\"robots\" content=\"index, follow, max-snippet:-1, max-image-preview:large, max-video-preview:-1\" \/>\n<link rel=\"canonical\" href=\"https:\/\/www.salon-medecinedouce.com\/paris\/exposants\/optimisez-votre-participation\/\" \/>\n<meta property=\"og:locale\" content=\"fr_FR\" \/>\n<meta property=\"og:type\" content=\"article\" \/>\n<meta property=\"og:title\" content=\"Optimisez votre participation - Bien-\u00eatre Paris\" \/>\n<meta property=\"og:description\" content=\"Vous exposez au salon Bien-\u00catre M\u00e9decine Douce ? Mettez en lumi\u00e8re votre activit\u00e9 gr\u00e2ce au &quot;Portrait Exposant&quot; !\" \/>\n<meta property=\"og:url\" content=\"https:\/\/www.salon-medecinedouce.com\/paris\/exposants\/optimisez-votre-participation\/\" \/>\n<meta property=\"og:site_name\" content=\"Bien-\u00eatre Paris\" \/>\n<meta property=\"article:modified_time\" content=\"2025-10-28T15:12:20+00:00\" \/>\n<meta name=\"twitter:card\" content=\"summary_large_image\" \/>\n<meta name=\"twitter:label1\" content=\"Dur\u00e9e de lecture estim\u00e9e\" \/>\n\t<meta name=\"twitter:data1\" content=\"1 minute\" \/>\n<script type=\"application\/ld+json\" class=\"yoast-schema-graph\">{\"@context\":\"https:\\\/\\\/schema.org\",\"@graph\":[{\"@type\":\"WebPage\",\"@id\":\"https:\\\/\\\/www.salon-medecinedouce.com\\\/paris\\\/exposants\\\/optimisez-votre-participation\\\/\",\"url\":\"https:\\\/\\\/www.salon-medecinedouce.com\\\/paris\\\/exposants\\\/optimisez-votre-participation\\\/\",\"name\":\"Optimisez votre participation - Bien-\u00eatre Paris\",\"isPartOf\":{\"@id\":\"https:\\\/\\\/www.salon-medecinedouce.com\\\/paris\\\/#website\"},\"datePublished\":\"2025-10-08T07:54:00+00:00\",\"dateModified\":\"2025-10-28T15:12:20+00:00\",\"description\":\"Vous exposez au salon Bien-\u00catre M\u00e9decine Douce ? Mettez en lumi\u00e8re votre activit\u00e9 gr\u00e2ce au \\\"Portrait Exposant\\\" !\",\"breadcrumb\":{\"@id\":\"https:\\\/\\\/www.salon-medecinedouce.com\\\/paris\\\/exposants\\\/optimisez-votre-participation\\\/#breadcrumb\"},\"inLanguage\":\"fr-FR\",\"potentialAction\":[{\"@type\":\"ReadAction\",\"target\":[\"https:\\\/\\\/www.salon-medecinedouce.com\\\/paris\\\/exposants\\\/optimisez-votre-participation\\\/\"]}]},{\"@type\":\"BreadcrumbList\",\"@id\":\"https:\\\/\\\/www.salon-medecinedouce.com\\\/paris\\\/exposants\\\/optimisez-votre-participation\\\/#breadcrumb\",\"itemListElement\":[{\"@type\":\"ListItem\",\"position\":1,\"name\":\"Accueil\",\"item\":\"https:\\\/\\\/www.salon-medecinedouce.com\\\/paris\\\/\"},{\"@type\":\"ListItem\",\"position\":2,\"name\":\"Exposer sur le salon\",\"item\":\"https:\\\/\\\/www.salon-medecinedouce.com\\\/paris\\\/exposants\\\/\"},{\"@type\":\"ListItem\",\"position\":3,\"name\":\"Optimisez votre participation\"}]},{\"@type\":\"WebSite\",\"@id\":\"https:\\\/\\\/www.salon-medecinedouce.com\\\/paris\\\/#website\",\"url\":\"https:\\\/\\\/www.salon-medecinedouce.com\\\/paris\\\/\",\"name\":\"Bien-\u00eatre Paris\",\"description\":\"La sant\u00e9 au naturel : M\u00e9decines douces - Compl\u00e9ments alimentaires - Alimentation saine - Cosm\u00e9tiques naturelles - Art de vivre - Tourisme de sant\u00e9\",\"publisher\":{\"@id\":\"https:\\\/\\\/www.salon-medecinedouce.com\\\/paris\\\/#organization\"},\"potentialAction\":[{\"@type\":\"SearchAction\",\"target\":{\"@type\":\"EntryPoint\",\"urlTemplate\":\"https:\\\/\\\/www.salon-medecinedouce.com\\\/paris\\\/?s={search_term_string}\"},\"query-input\":{\"@type\":\"PropertyValueSpecification\",\"valueRequired\":true,\"valueName\":\"search_term_string\"}}],\"inLanguage\":\"fr-FR\"},{\"@type\":\"Organization\",\"@id\":\"https:\\\/\\\/www.salon-medecinedouce.com\\\/paris\\\/#organization\",\"name\":\"Bien-\u00eatre Paris\",\"url\":\"https:\\\/\\\/www.salon-medecinedouce.com\\\/paris\\\/\",\"logo\":{\"@type\":\"ImageObject\",\"inLanguage\":\"fr-FR\",\"@id\":\"https:\\\/\\\/www.salon-medecinedouce.com\\\/paris\\\/#\\\/schema\\\/logo\\\/image\\\/\",\"url\":\"https:\\\/\\\/www.salon-medecinedouce.com\\\/paris\\\/wp-content\\\/uploads\\\/sites\\\/14\\\/2024\\\/05\\\/cropped-logo-orange-bemd.png\",\"contentUrl\":\"https:\\\/\\\/www.salon-medecinedouce.com\\\/paris\\\/wp-content\\\/uploads\\\/sites\\\/14\\\/2024\\\/05\\\/cropped-logo-orange-bemd.png\",\"width\":591,\"height\":591,\"caption\":\"Bien-\u00eatre Paris\"},\"image\":{\"@id\":\"https:\\\/\\\/www.salon-medecinedouce.com\\\/paris\\\/#\\\/schema\\\/logo\\\/image\\\/\"}}]}<\/script>\n<!-- \/ Yoast SEO plugin. -->","yoast_head_json":{"title":"Optimisez votre participation - Bien-\u00eatre Paris","description":"Vous exposez au salon Bien-\u00catre M\u00e9decine Douce ? Mettez en lumi\u00e8re votre activit\u00e9 gr\u00e2ce au \"Portrait Exposant\" !","robots":{"index":"index","follow":"follow","max-snippet":"max-snippet:-1","max-image-preview":"max-image-preview:large","max-video-preview":"max-video-preview:-1"},"canonical":"https:\/\/www.salon-medecinedouce.com\/paris\/exposants\/optimisez-votre-participation\/","og_locale":"fr_FR","og_type":"article","og_title":"Optimisez votre participation - Bien-\u00eatre Paris","og_description":"Vous exposez au salon Bien-\u00catre M\u00e9decine Douce ? Mettez en lumi\u00e8re votre activit\u00e9 gr\u00e2ce au \"Portrait Exposant\" !","og_url":"https:\/\/www.salon-medecinedouce.com\/paris\/exposants\/optimisez-votre-participation\/","og_site_name":"Bien-\u00eatre Paris","article_modified_time":"2025-10-28T15:12:20+00:00","twitter_card":"summary_large_image","twitter_misc":{"Dur\u00e9e de lecture estim\u00e9e":"1 minute"},"schema":{"@context":"https:\/\/schema.org","@graph":[{"@type":"WebPage","@id":"https:\/\/www.salon-medecinedouce.com\/paris\/exposants\/optimisez-votre-participation\/","url":"https:\/\/www.salon-medecinedouce.com\/paris\/exposants\/optimisez-votre-participation\/","name":"Optimisez votre participation - Bien-\u00eatre Paris","isPartOf":{"@id":"https:\/\/www.salon-medecinedouce.com\/paris\/#website"},"datePublished":"2025-10-08T07:54:00+00:00","dateModified":"2025-10-28T15:12:20+00:00","description":"Vous exposez au salon Bien-\u00catre M\u00e9decine Douce ? Mettez en lumi\u00e8re votre activit\u00e9 gr\u00e2ce au \"Portrait Exposant\" !","breadcrumb":{"@id":"https:\/\/www.salon-medecinedouce.com\/paris\/exposants\/optimisez-votre-participation\/#breadcrumb"},"inLanguage":"fr-FR","potentialAction":[{"@type":"ReadAction","target":["https:\/\/www.salon-medecinedouce.com\/paris\/exposants\/optimisez-votre-participation\/"]}]},{"@type":"BreadcrumbList","@id":"https:\/\/www.salon-medecinedouce.com\/paris\/exposants\/optimisez-votre-participation\/#breadcrumb","itemListElement":[{"@type":"ListItem","position":1,"name":"Accueil","item":"https:\/\/www.salon-medecinedouce.com\/paris\/"},{"@type":"ListItem","position":2,"name":"Exposer sur le salon","item":"https:\/\/www.salon-medecinedouce.com\/paris\/exposants\/"},{"@type":"ListItem","position":3,"name":"Optimisez votre participation"}]},{"@type":"WebSite","@id":"https:\/\/www.salon-medecinedouce.com\/paris\/#website","url":"https:\/\/www.salon-medecinedouce.com\/paris\/","name":"Bien-\u00eatre Paris","description":"La sant\u00e9 au naturel : M\u00e9decines douces - Compl\u00e9ments alimentaires - Alimentation saine - Cosm\u00e9tiques naturelles - Art de vivre - Tourisme de sant\u00e9","publisher":{"@id":"https:\/\/www.salon-medecinedouce.com\/paris\/#organization"},"potentialAction":[{"@type":"SearchAction","target":{"@type":"EntryPoint","urlTemplate":"https:\/\/www.salon-medecinedouce.com\/paris\/?s={search_term_string}"},"query-input":{"@type":"PropertyValueSpecification","valueRequired":true,"valueName":"search_term_string"}}],"inLanguage":"fr-FR"},{"@type":"Organization","@id":"https:\/\/www.salon-medecinedouce.com\/paris\/#organization","name":"Bien-\u00eatre Paris","url":"https:\/\/www.salon-medecinedouce.com\/paris\/","logo":{"@type":"ImageObject","inLanguage":"fr-FR","@id":"https:\/\/www.salon-medecinedouce.com\/paris\/#\/schema\/logo\/image\/","url":"https:\/\/www.salon-medecinedouce.com\/paris\/wp-content\/uploads\/sites\/14\/2024\/05\/cropped-logo-orange-bemd.png","contentUrl":"https:\/\/www.salon-medecinedouce.com\/paris\/wp-content\/uploads\/sites\/14\/2024\/05\/cropped-logo-orange-bemd.png","width":591,"height":591,"caption":"Bien-\u00eatre Paris"},"image":{"@id":"https:\/\/www.salon-medecinedouce.com\/paris\/#\/schema\/logo\/image\/"}}]}},"rttpg_featured_image_url":null,"rttpg_author":{"display_name":"admin","author_link":"https:\/\/www.salon-medecinedouce.com\/paris\/blog\/author\/admin\/"},"rttpg_comment":0,"rttpg_category":false,"rttpg_excerpt":"Vous exposez au salon Bien-\u00catre M\u00e9decine Douce ?Mettez en lumi\u00e8re votre activit\u00e9 gr\u00e2ce au \u00ab\u00a0Portrait Exposant\u00a0\u00bb ! C\u2019est le moment id\u00e9al pour valoriser votre marque, vos produits et nouveaut\u00e9s, vos temps forts ou votre expertise et gagner en visibilit\u00e9 aupr\u00e8s des visiteurs et des m\u00e9dias. \ud83d\udd0e Le \u00ab\u00a0Portrait Exposant\u00a0\u00bb, c\u2019est :\u2022 Une mise en avant&hellip;","_links":{"self":[{"href":"https:\/\/www.salon-medecinedouce.com\/paris\/wp-json\/wp\/v2\/pages\/8962","targetHints":{"allow":["GET"]}}],"collection":[{"href":"https:\/\/www.salon-medecinedouce.com\/paris\/wp-json\/wp\/v2\/pages"}],"about":[{"href":"https:\/\/www.salon-medecinedouce.com\/paris\/wp-json\/wp\/v2\/types\/page"}],"author":[{"embeddable":true,"href":"https:\/\/www.salon-medecinedouce.com\/paris\/wp-json\/wp\/v2\/users\/1"}],"replies":[{"embeddable":true,"href":"https:\/\/www.salon-medecinedouce.com\/paris\/wp-json\/wp\/v2\/comments?post=8962"}],"version-history":[{"count":26,"href":"https:\/\/www.salon-medecinedouce.com\/paris\/wp-json\/wp\/v2\/pages\/8962\/revisions"}],"predecessor-version":[{"id":19858,"href":"https:\/\/www.salon-medecinedouce.com\/paris\/wp-json\/wp\/v2\/pages\/8962\/revisions\/19858"}],"up":[{"embeddable":true,"href":"https:\/\/www.salon-medecinedouce.com\/paris\/wp-json\/wp\/v2\/pages\/2087"}],"wp:attachment":[{"href":"https:\/\/www.salon-medecinedouce.com\/paris\/wp-json\/wp\/v2\/media?parent=8962"}],"curies":[{"name":"wp","href":"https:\/\/api.w.org\/{rel}","templated":true}]}}