{"id":7062,"date":"2024-07-03T14:52:15","date_gmt":"2024-07-03T12:52:15","guid":{"rendered":"https:\/\/www.salon-medecinedouce.com\/paris\/?page_id=7062"},"modified":"2025-05-19T17:30:41","modified_gmt":"2025-05-19T15:30:41","slug":"outils-de-communication","status":"publish","type":"page","link":"https:\/\/www.salon-medecinedouce.com\/paris\/exposants\/outils-de-communication\/","title":{"rendered":"Outils de communication"},"content":{"rendered":"<h3><img fetchpriority=\"high\" decoding=\"async\" class=\"alignnone size-full wp-image-8597\" src=\"https:\/\/www.salon-medecinedouce.com\/paris\/wp-content\/uploads\/sites\/14\/2019\/06\/AdobeStock_139446052-1.jpg\" alt=\"\" width=\"840\" height=\"250\" srcset=\"https:\/\/www.salon-medecinedouce.com\/paris\/wp-content\/uploads\/sites\/14\/2019\/06\/AdobeStock_139446052-1.jpg 840w, https:\/\/www.salon-medecinedouce.com\/paris\/wp-content\/uploads\/sites\/14\/2019\/06\/AdobeStock_139446052-1-300x89.jpg 300w, https:\/\/www.salon-medecinedouce.com\/paris\/wp-content\/uploads\/sites\/14\/2019\/06\/AdobeStock_139446052-1-768x229.jpg 768w, https:\/\/www.salon-medecinedouce.com\/paris\/wp-content\/uploads\/sites\/14\/2019\/06\/AdobeStock_139446052-1-150x45.jpg 150w, https:\/\/www.salon-medecinedouce.com\/paris\/wp-content\/uploads\/sites\/14\/2019\/06\/AdobeStock_139446052-1-500x149.jpg 500w\" sizes=\"(max-width: 840px) 100vw, 840px\" \/><\/h3>\n<h3><span style=\"color: #000000;\">T\u00e9l\u00e9chargez les supports de communication du salon dont vous avez besoin pour communiquer sur votre pr\u00e9sence :<\/span><\/h3>\n<ul>\n<li><strong>Affiche A4<\/strong><\/li>\n<\/ul>\n<p><a href=\"https:\/\/www.salon-medecinedouce.com\/paris\/exposants\/outils-de-communication\/capture-decran-2025-05-13-a-16-20-43\/\" rel=\"attachment wp-att-19649\"><img decoding=\"async\" class=\"alignnone wp-image-19649 \" src=\"https:\/\/www.salon-medecinedouce.com\/paris\/wp-content\/uploads\/sites\/14\/2025\/05\/Capture-decran-2025-05-13-a-16.20.43.png\" alt=\"\" width=\"276\" height=\"390\" srcset=\"https:\/\/www.salon-medecinedouce.com\/paris\/wp-content\/uploads\/sites\/14\/2025\/05\/Capture-decran-2025-05-13-a-16.20.43.png 910w, https:\/\/www.salon-medecinedouce.com\/paris\/wp-content\/uploads\/sites\/14\/2025\/05\/Capture-decran-2025-05-13-a-16.20.43-213x300.png 213w, https:\/\/www.salon-medecinedouce.com\/paris\/wp-content\/uploads\/sites\/14\/2025\/05\/Capture-decran-2025-05-13-a-16.20.43-726x1024.png 726w, https:\/\/www.salon-medecinedouce.com\/paris\/wp-content\/uploads\/sites\/14\/2025\/05\/Capture-decran-2025-05-13-a-16.20.43-768x1084.png 768w, https:\/\/www.salon-medecinedouce.com\/paris\/wp-content\/uploads\/sites\/14\/2025\/05\/Capture-decran-2025-05-13-a-16.20.43-150x212.png 150w, https:\/\/www.salon-medecinedouce.com\/paris\/wp-content\/uploads\/sites\/14\/2025\/05\/Capture-decran-2025-05-13-a-16.20.43-354x500.png 354w\" sizes=\"(max-width: 276px) 100vw, 276px\" \/><\/a><\/p>\n<ul>\n<li><strong>Affiche A4 Lyon-Paris<\/strong><\/li>\n<\/ul>\n<p><img decoding=\"async\" class=\"alignnone  wp-image-19727\" src=\"https:\/\/www.salon-medecinedouce.com\/paris\/wp-content\/uploads\/sites\/14\/2025\/05\/BE26-PARIS-LYON-AFF-A4_page-0001.jpg\" alt=\"\" width=\"272\" height=\"384\" srcset=\"https:\/\/www.salon-medecinedouce.com\/paris\/wp-content\/uploads\/sites\/14\/2025\/05\/BE26-PARIS-LYON-AFF-A4_page-0001.jpg 1241w, https:\/\/www.salon-medecinedouce.com\/paris\/wp-content\/uploads\/sites\/14\/2025\/05\/BE26-PARIS-LYON-AFF-A4_page-0001-212x300.jpg 212w, https:\/\/www.salon-medecinedouce.com\/paris\/wp-content\/uploads\/sites\/14\/2025\/05\/BE26-PARIS-LYON-AFF-A4_page-0001-725x1024.jpg 725w, https:\/\/www.salon-medecinedouce.com\/paris\/wp-content\/uploads\/sites\/14\/2025\/05\/BE26-PARIS-LYON-AFF-A4_page-0001-768x1085.jpg 768w, https:\/\/www.salon-medecinedouce.com\/paris\/wp-content\/uploads\/sites\/14\/2025\/05\/BE26-PARIS-LYON-AFF-A4_page-0001-1087x1536.jpg 1087w, https:\/\/www.salon-medecinedouce.com\/paris\/wp-content\/uploads\/sites\/14\/2025\/05\/BE26-PARIS-LYON-AFF-A4_page-0001-150x212.jpg 150w, https:\/\/www.salon-medecinedouce.com\/paris\/wp-content\/uploads\/sites\/14\/2025\/05\/BE26-PARIS-LYON-AFF-A4_page-0001-354x500.jpg 354w\" sizes=\"(max-width: 272px) 100vw, 272px\" \/><\/p>\n<ul>\n<li><strong>Logo\u00a0<\/strong><br \/>\n<a href=\"https:\/\/www.salon-medecinedouce.com\/paris\/?attachment_id=17243\"><img loading=\"lazy\" decoding=\"async\" class=\"alignnone wp-image-17243 \" src=\"https:\/\/www.salon-medecinedouce.com\/paris\/wp-content\/uploads\/sites\/14\/2024\/05\/Logo-BE25.png\" alt=\"Logo BEMD\" width=\"237\" height=\"235\" srcset=\"https:\/\/www.salon-medecinedouce.com\/paris\/wp-content\/uploads\/sites\/14\/2024\/05\/Logo-BE25.png 486w, https:\/\/www.salon-medecinedouce.com\/paris\/wp-content\/uploads\/sites\/14\/2024\/05\/Logo-BE25-300x297.png 300w, https:\/\/www.salon-medecinedouce.com\/paris\/wp-content\/uploads\/sites\/14\/2024\/05\/Logo-BE25-150x148.png 150w, https:\/\/www.salon-medecinedouce.com\/paris\/wp-content\/uploads\/sites\/14\/2024\/05\/Logo-BE25-100x100.png 100w, https:\/\/www.salon-medecinedouce.com\/paris\/wp-content\/uploads\/sites\/14\/2024\/05\/Logo-BE25-45x45.png 45w\" sizes=\"(max-width: 237px) 100vw, 237px\" \/><\/a><\/li>\n<li><strong>Banni\u00e8re mobile 580 x 250<\/strong><\/li>\n<\/ul>\n<p><a href=\"https:\/\/www.salon-medecinedouce.com\/paris\/exposants\/outils-de-communication\/bd1-mobile-be26-paris-580x250\/\" rel=\"attachment wp-att-19650\"><img loading=\"lazy\" decoding=\"async\" class=\"alignnone wp-image-19650 \" src=\"https:\/\/www.salon-medecinedouce.com\/paris\/wp-content\/uploads\/sites\/14\/2025\/05\/BD1-MOBILE-BE26-PARIS-580X250.jpg\" alt=\"\" width=\"554\" height=\"239\" srcset=\"https:\/\/www.salon-medecinedouce.com\/paris\/wp-content\/uploads\/sites\/14\/2025\/05\/BD1-MOBILE-BE26-PARIS-580X250.jpg 580w, https:\/\/www.salon-medecinedouce.com\/paris\/wp-content\/uploads\/sites\/14\/2025\/05\/BD1-MOBILE-BE26-PARIS-580X250-300x129.jpg 300w, https:\/\/www.salon-medecinedouce.com\/paris\/wp-content\/uploads\/sites\/14\/2025\/05\/BD1-MOBILE-BE26-PARIS-580X250-150x65.jpg 150w, https:\/\/www.salon-medecinedouce.com\/paris\/wp-content\/uploads\/sites\/14\/2025\/05\/BD1-MOBILE-BE26-PARIS-580X250-500x216.jpg 500w\" sizes=\"(max-width: 554px) 100vw, 554px\" \/><\/a><\/p>\n<ul>\n<li><strong>Banni\u00e8re 300 <\/strong><strong>x<\/strong><strong> 250<\/strong><\/li>\n<\/ul>\n<p><a href=\"https:\/\/www.salon-medecinedouce.com\/paris\/exposants\/outils-de-communication\/bd1-be26-ban-300x250-cta-paris\/\" rel=\"attachment wp-att-19651\"><img loading=\"lazy\" decoding=\"async\" class=\"alignnone wp-image-19651 size-full\" src=\"https:\/\/www.salon-medecinedouce.com\/paris\/wp-content\/uploads\/sites\/14\/2025\/05\/BD1-BE26-BAN-300X250-CTA-PARIS.jpg\" alt=\"\" width=\"300\" height=\"250\" srcset=\"https:\/\/www.salon-medecinedouce.com\/paris\/wp-content\/uploads\/sites\/14\/2025\/05\/BD1-BE26-BAN-300X250-CTA-PARIS.jpg 300w, https:\/\/www.salon-medecinedouce.com\/paris\/wp-content\/uploads\/sites\/14\/2025\/05\/BD1-BE26-BAN-300X250-CTA-PARIS-150x125.jpg 150w\" sizes=\"(max-width: 300px) 100vw, 300px\" \/><\/a><\/p>\n<ul>\n<li><strong>Banni\u00e8re 300 x 600<\/strong><\/li>\n<\/ul>\n<p><a href=\"https:\/\/www.salon-medecinedouce.com\/paris\/exposants\/outils-de-communication\/bd1-be26-ban-300x600-cta-paris\/\" rel=\"attachment wp-att-19652\"><img loading=\"lazy\" decoding=\"async\" class=\"alignnone wp-image-19652 \" src=\"https:\/\/www.salon-medecinedouce.com\/paris\/wp-content\/uploads\/sites\/14\/2025\/05\/BD1-BE26-BAN-300X600-CTA-PARIS.jpg\" alt=\"\" width=\"227\" height=\"454\" srcset=\"https:\/\/www.salon-medecinedouce.com\/paris\/wp-content\/uploads\/sites\/14\/2025\/05\/BD1-BE26-BAN-300X600-CTA-PARIS.jpg 300w, https:\/\/www.salon-medecinedouce.com\/paris\/wp-content\/uploads\/sites\/14\/2025\/05\/BD1-BE26-BAN-300X600-CTA-PARIS-150x300.jpg 150w, https:\/\/www.salon-medecinedouce.com\/paris\/wp-content\/uploads\/sites\/14\/2025\/05\/BD1-BE26-BAN-300X600-CTA-PARIS-250x500.jpg 250w\" sizes=\"(max-width: 227px) 100vw, 227px\" \/><\/a><\/p>\n<ul>\n<li><strong>Banni\u00e8re \u00ab\u00a0J&rsquo;expose au salon\u00a0\u00bb 728 x 90<\/strong><\/li>\n<\/ul>\n<p><a href=\"https:\/\/www.salon-medecinedouce.com\/paris\/exposants\/outils-de-communication\/bd1-be26-ban-728x90-cta-paris\/\" rel=\"attachment wp-att-19653\"><img loading=\"lazy\" decoding=\"async\" class=\"alignnone wp-image-19653 size-full\" src=\"https:\/\/www.salon-medecinedouce.com\/paris\/wp-content\/uploads\/sites\/14\/2025\/05\/BD1-BE26-BAN-728x90-CTA-PARIS.jpg\" alt=\"\" width=\"728\" height=\"90\" srcset=\"https:\/\/www.salon-medecinedouce.com\/paris\/wp-content\/uploads\/sites\/14\/2025\/05\/BD1-BE26-BAN-728x90-CTA-PARIS.jpg 728w, https:\/\/www.salon-medecinedouce.com\/paris\/wp-content\/uploads\/sites\/14\/2025\/05\/BD1-BE26-BAN-728x90-CTA-PARIS-300x37.jpg 300w, https:\/\/www.salon-medecinedouce.com\/paris\/wp-content\/uploads\/sites\/14\/2025\/05\/BD1-BE26-BAN-728x90-CTA-PARIS-150x19.jpg 150w, https:\/\/www.salon-medecinedouce.com\/paris\/wp-content\/uploads\/sites\/14\/2025\/05\/BD1-BE26-BAN-728x90-CTA-PARIS-500x62.jpg 500w\" sizes=\"(max-width: 728px) 100vw, 728px\" \/><\/a><\/p>\n<ul>\n<li><strong>Banni\u00e8re \u00ab\u00a0On y sera ! Et vous ?\u00a0\u00bb 1200 x 630<\/strong><\/li>\n<\/ul>\n<p><a href=\"https:\/\/www.salon-medecinedouce.com\/paris\/exposants\/outils-de-communication\/capture-decran-2025-05-13-a-16-20-43-2\/\" rel=\"attachment wp-att-19654\"><img loading=\"lazy\" decoding=\"async\" class=\"alignnone wp-image-19654 \" src=\"https:\/\/www.salon-medecinedouce.com\/paris\/wp-content\/uploads\/sites\/14\/2025\/05\/Capture-decran-2025-05-13-a-16.20.43-1.png\" alt=\"\" width=\"300\" height=\"423\" srcset=\"https:\/\/www.salon-medecinedouce.com\/paris\/wp-content\/uploads\/sites\/14\/2025\/05\/Capture-decran-2025-05-13-a-16.20.43-1.png 910w, https:\/\/www.salon-medecinedouce.com\/paris\/wp-content\/uploads\/sites\/14\/2025\/05\/Capture-decran-2025-05-13-a-16.20.43-1-213x300.png 213w, https:\/\/www.salon-medecinedouce.com\/paris\/wp-content\/uploads\/sites\/14\/2025\/05\/Capture-decran-2025-05-13-a-16.20.43-1-726x1024.png 726w, https:\/\/www.salon-medecinedouce.com\/paris\/wp-content\/uploads\/sites\/14\/2025\/05\/Capture-decran-2025-05-13-a-16.20.43-1-768x1084.png 768w, https:\/\/www.salon-medecinedouce.com\/paris\/wp-content\/uploads\/sites\/14\/2025\/05\/Capture-decran-2025-05-13-a-16.20.43-1-150x212.png 150w, https:\/\/www.salon-medecinedouce.com\/paris\/wp-content\/uploads\/sites\/14\/2025\/05\/Capture-decran-2025-05-13-a-16.20.43-1-354x500.png 354w\" sizes=\"(max-width: 300px) 100vw, 300px\" \/><\/a><\/p>\n<div>\u00a0<\/div>\n<div style=\"background-color: #f8f8f8; border-radius: 20px; margin: 0px; padding: 30px 15px 15px 30px; width: 80%;\"><strong><span style=\"color: #046f72;\"><a style=\"color: #046f72;\" href=\"https:\/\/www.facebook.com\/SalonsMedecineDouce\/\" target=\"_blank\" rel=\"noopener noreferrer\">Afin d\u2019augmenter votre visibilit\u00e9 avant le salon, nous vous invitons \u00e0 cr\u00e9er un \u00e9v\u00e8nement sur Facebook pour indiquer votre pr\u00e9sence.<\/a><\/span><br \/>\n<\/strong>Vos abonn\u00e9s et clients pourront ainsi savoir o\u00f9 vous trouver. Les \u00e9v\u00e8nements ont une meilleure port\u00e9e que les publications. Le nom de l\u2019\u00e9v\u00e8nement pourra prendre la forme\u00a0: [Nom de l\u2019exposant] au salon [Nom du salon]. N\u2019h\u00e9sitez pas \u00e0 nous ajouter en co-organisateur de votre \u00e9v\u00e8nement lors de sa cr\u00e9ation pour que l\u2019\u00e9v\u00e8nement soit aussi visible sur notre page Facebook. N\u2019oubliez pas d\u2019ajouter une description, le lieu du salon, ainsi que le lien pour que les personnes puissent demander leur entr\u00e9e. Pour cr\u00e9er un \u00e9v\u00e8nement rendez-vous sur la gauche de votre page Facebook dans la section \u00c9v\u00e8nements et cliquez simplement sur le bouton Cr\u00e9er un \u00e9v\u00e8nement.<\/div>\n<p>&nbsp;<\/p>\n<div class=\"salon-pubs-hp-bas-de-page salon-entity-placement\" id=\"salon-137782051\"><div id=\"salon-2081259713\"><a data-no-instant=\"1\" href=\"https:\/\/www.adntv.fr\/home?request_origin=tv_app\" rel=\"noopener\" class=\"a2t-link\" target=\"_blank\"><p><a href=\"https:\/\/www.salondesseniors.com\/\"><img loading=\"lazy\" decoding=\"async\" class=\"wp-image-22417 aligncenter\" src=\"https:\/\/www.salon-medecinedouce.com\/paris\/wp-content\/uploads\/sites\/14\/2026\/02\/Banniere-728x90-1-300x37.png\" alt=\"\" width=\"754\" height=\"93\" srcset=\"https:\/\/www.salon-medecinedouce.com\/paris\/wp-content\/uploads\/sites\/14\/2026\/02\/Banniere-728x90-1-300x37.png 300w, https:\/\/www.salon-medecinedouce.com\/paris\/wp-content\/uploads\/sites\/14\/2026\/02\/Banniere-728x90-1-1024x127.png 1024w, https:\/\/www.salon-medecinedouce.com\/paris\/wp-content\/uploads\/sites\/14\/2026\/02\/Banniere-728x90-1-768x95.png 768w, https:\/\/www.salon-medecinedouce.com\/paris\/wp-content\/uploads\/sites\/14\/2026\/02\/Banniere-728x90-1-1536x190.png 1536w, https:\/\/www.salon-medecinedouce.com\/paris\/wp-content\/uploads\/sites\/14\/2026\/02\/Banniere-728x90-1-2048x253.png 2048w, https:\/\/www.salon-medecinedouce.com\/paris\/wp-content\/uploads\/sites\/14\/2026\/02\/Banniere-728x90-1-150x19.png 150w, https:\/\/www.salon-medecinedouce.com\/paris\/wp-content\/uploads\/sites\/14\/2026\/02\/Banniere-728x90-1-500x62.png 500w\" sizes=\"(max-width: 754px) 100vw, 754px\" \/><\/a><\/p>\n<\/a><\/div><\/div>","protected":false},"excerpt":{"rendered":"<p>T\u00e9l\u00e9chargez les supports de communication du salon dont vous avez besoin pour communiquer sur votre pr\u00e9sence : Affiche A4 Affiche A4 Lyon-Paris Logo\u00a0 Banni\u00e8re mobile 580 x 250 Banni\u00e8re 300 x 250 Banni\u00e8re 300 x 600 Banni\u00e8re \u00ab\u00a0J&rsquo;expose au salon\u00a0\u00bb 728 x 90 Banni\u00e8re \u00ab\u00a0On y sera ! Et vous ?\u00a0\u00bb 1200 x 630 \u00a0&hellip; <\/p>\n","protected":false},"author":1,"featured_media":0,"parent":2087,"menu_order":6,"comment_status":"closed","ping_status":"closed","template":"","meta":{"_monsterinsights_skip_tracking":false,"_monsterinsights_sitenote_active":false,"_monsterinsights_sitenote_note":"","_monsterinsights_sitenote_category":0,"footnotes":""},"class_list":["post-7062","page","type-page","status-publish","hentry"],"yoast_head":"<!-- This site is optimized with the Yoast SEO plugin v27.3 - https:\/\/yoast.com\/product\/yoast-seo-wordpress\/ -->\n<title>Outils de communication salon Bien-\u00catre M\u00e9decine Douce Paris 2025<\/title>\n<meta name=\"description\" content=\"T\u00e9l\u00e9chargez les visuels (banni\u00e8res, logo, affiche) du Salon Bien-\u00catre M\u00e9decine douce Paris 2025 pour communiquer sur votre pr\u00e9sence.\" \/>\n<meta name=\"robots\" content=\"index, follow, max-snippet:-1, max-image-preview:large, max-video-preview:-1\" \/>\n<link rel=\"canonical\" href=\"https:\/\/www.salon-medecinedouce.com\/paris\/exposants\/outils-de-communication\/\" \/>\n<meta property=\"og:locale\" content=\"fr_FR\" \/>\n<meta property=\"og:type\" content=\"article\" \/>\n<meta property=\"og:title\" content=\"Outils de communication salon Bien-\u00catre M\u00e9decine Douce Paris 2025\" \/>\n<meta property=\"og:description\" content=\"T\u00e9l\u00e9chargez les visuels (banni\u00e8res, logo, affiche) du Salon Bien-\u00catre M\u00e9decine douce Paris 2025 pour communiquer sur votre pr\u00e9sence.\" \/>\n<meta property=\"og:url\" content=\"https:\/\/www.salon-medecinedouce.com\/paris\/exposants\/outils-de-communication\/\" \/>\n<meta property=\"og:site_name\" content=\"Bien-\u00eatre Paris\" \/>\n<meta property=\"article:modified_time\" content=\"2025-05-19T15:30:41+00:00\" \/>\n<meta property=\"og:image\" content=\"https:\/\/www.salon-medecinedouce.com\/paris\/wp-content\/uploads\/sites\/14\/2019\/06\/AdobeStock_139446052-1.jpg\" \/>\n\t<meta property=\"og:image:width\" content=\"840\" \/>\n\t<meta property=\"og:image:height\" content=\"250\" \/>\n\t<meta property=\"og:image:type\" content=\"image\/jpeg\" \/>\n<meta name=\"twitter:card\" content=\"summary_large_image\" \/>\n<meta name=\"twitter:label1\" content=\"Dur\u00e9e de lecture estim\u00e9e\" \/>\n\t<meta name=\"twitter:data1\" content=\"3 minutes\" \/>\n<script type=\"application\/ld+json\" class=\"yoast-schema-graph\">{\"@context\":\"https:\\\/\\\/schema.org\",\"@graph\":[{\"@type\":\"WebPage\",\"@id\":\"https:\\\/\\\/www.salon-medecinedouce.com\\\/paris\\\/exposants\\\/outils-de-communication\\\/\",\"url\":\"https:\\\/\\\/www.salon-medecinedouce.com\\\/paris\\\/exposants\\\/outils-de-communication\\\/\",\"name\":\"Outils de communication salon Bien-\u00catre M\u00e9decine Douce Paris 2025\",\"isPartOf\":{\"@id\":\"https:\\\/\\\/www.salon-medecinedouce.com\\\/paris\\\/#website\"},\"primaryImageOfPage\":{\"@id\":\"https:\\\/\\\/www.salon-medecinedouce.com\\\/paris\\\/exposants\\\/outils-de-communication\\\/#primaryimage\"},\"image\":{\"@id\":\"https:\\\/\\\/www.salon-medecinedouce.com\\\/paris\\\/exposants\\\/outils-de-communication\\\/#primaryimage\"},\"thumbnailUrl\":\"https:\\\/\\\/www.salon-medecinedouce.com\\\/paris\\\/wp-content\\\/uploads\\\/sites\\\/14\\\/2019\\\/06\\\/AdobeStock_139446052-1.jpg\",\"datePublished\":\"2024-07-03T12:52:15+00:00\",\"dateModified\":\"2025-05-19T15:30:41+00:00\",\"description\":\"T\u00e9l\u00e9chargez les visuels (banni\u00e8res, logo, affiche) du Salon Bien-\u00catre M\u00e9decine douce Paris 2025 pour communiquer sur votre pr\u00e9sence.\",\"breadcrumb\":{\"@id\":\"https:\\\/\\\/www.salon-medecinedouce.com\\\/paris\\\/exposants\\\/outils-de-communication\\\/#breadcrumb\"},\"inLanguage\":\"fr-FR\",\"potentialAction\":[{\"@type\":\"ReadAction\",\"target\":[\"https:\\\/\\\/www.salon-medecinedouce.com\\\/paris\\\/exposants\\\/outils-de-communication\\\/\"]}]},{\"@type\":\"ImageObject\",\"inLanguage\":\"fr-FR\",\"@id\":\"https:\\\/\\\/www.salon-medecinedouce.com\\\/paris\\\/exposants\\\/outils-de-communication\\\/#primaryimage\",\"url\":\"https:\\\/\\\/www.salon-medecinedouce.com\\\/paris\\\/wp-content\\\/uploads\\\/sites\\\/14\\\/2019\\\/06\\\/AdobeStock_139446052-1.jpg\",\"contentUrl\":\"https:\\\/\\\/www.salon-medecinedouce.com\\\/paris\\\/wp-content\\\/uploads\\\/sites\\\/14\\\/2019\\\/06\\\/AdobeStock_139446052-1.jpg\",\"width\":840,\"height\":250},{\"@type\":\"BreadcrumbList\",\"@id\":\"https:\\\/\\\/www.salon-medecinedouce.com\\\/paris\\\/exposants\\\/outils-de-communication\\\/#breadcrumb\",\"itemListElement\":[{\"@type\":\"ListItem\",\"position\":1,\"name\":\"Accueil\",\"item\":\"https:\\\/\\\/www.salon-medecinedouce.com\\\/paris\\\/\"},{\"@type\":\"ListItem\",\"position\":2,\"name\":\"Exposer sur le salon\",\"item\":\"https:\\\/\\\/www.salon-medecinedouce.com\\\/paris\\\/exposants\\\/\"},{\"@type\":\"ListItem\",\"position\":3,\"name\":\"Outils de communication\"}]},{\"@type\":\"WebSite\",\"@id\":\"https:\\\/\\\/www.salon-medecinedouce.com\\\/paris\\\/#website\",\"url\":\"https:\\\/\\\/www.salon-medecinedouce.com\\\/paris\\\/\",\"name\":\"Bien-\u00eatre Paris\",\"description\":\"La sant\u00e9 au naturel : M\u00e9decines douces - Compl\u00e9ments alimentaires - Alimentation saine - Cosm\u00e9tiques naturelles - Art de vivre - Tourisme de sant\u00e9\",\"publisher\":{\"@id\":\"https:\\\/\\\/www.salon-medecinedouce.com\\\/paris\\\/#organization\"},\"potentialAction\":[{\"@type\":\"SearchAction\",\"target\":{\"@type\":\"EntryPoint\",\"urlTemplate\":\"https:\\\/\\\/www.salon-medecinedouce.com\\\/paris\\\/?s={search_term_string}\"},\"query-input\":{\"@type\":\"PropertyValueSpecification\",\"valueRequired\":true,\"valueName\":\"search_term_string\"}}],\"inLanguage\":\"fr-FR\"},{\"@type\":\"Organization\",\"@id\":\"https:\\\/\\\/www.salon-medecinedouce.com\\\/paris\\\/#organization\",\"name\":\"Bien-\u00eatre Paris\",\"url\":\"https:\\\/\\\/www.salon-medecinedouce.com\\\/paris\\\/\",\"logo\":{\"@type\":\"ImageObject\",\"inLanguage\":\"fr-FR\",\"@id\":\"https:\\\/\\\/www.salon-medecinedouce.com\\\/paris\\\/#\\\/schema\\\/logo\\\/image\\\/\",\"url\":\"https:\\\/\\\/www.salon-medecinedouce.com\\\/paris\\\/wp-content\\\/uploads\\\/sites\\\/14\\\/2024\\\/05\\\/cropped-logo-orange-bemd.png\",\"contentUrl\":\"https:\\\/\\\/www.salon-medecinedouce.com\\\/paris\\\/wp-content\\\/uploads\\\/sites\\\/14\\\/2024\\\/05\\\/cropped-logo-orange-bemd.png\",\"width\":591,\"height\":591,\"caption\":\"Bien-\u00eatre Paris\"},\"image\":{\"@id\":\"https:\\\/\\\/www.salon-medecinedouce.com\\\/paris\\\/#\\\/schema\\\/logo\\\/image\\\/\"}}]}<\/script>\n<!-- \/ Yoast SEO plugin. -->","yoast_head_json":{"title":"Outils de communication salon Bien-\u00catre M\u00e9decine Douce Paris 2025","description":"T\u00e9l\u00e9chargez les visuels (banni\u00e8res, logo, affiche) du Salon Bien-\u00catre M\u00e9decine douce Paris 2025 pour communiquer sur votre pr\u00e9sence.","robots":{"index":"index","follow":"follow","max-snippet":"max-snippet:-1","max-image-preview":"max-image-preview:large","max-video-preview":"max-video-preview:-1"},"canonical":"https:\/\/www.salon-medecinedouce.com\/paris\/exposants\/outils-de-communication\/","og_locale":"fr_FR","og_type":"article","og_title":"Outils de communication salon Bien-\u00catre M\u00e9decine Douce Paris 2025","og_description":"T\u00e9l\u00e9chargez les visuels (banni\u00e8res, logo, affiche) du Salon Bien-\u00catre M\u00e9decine douce Paris 2025 pour communiquer sur votre pr\u00e9sence.","og_url":"https:\/\/www.salon-medecinedouce.com\/paris\/exposants\/outils-de-communication\/","og_site_name":"Bien-\u00eatre Paris","article_modified_time":"2025-05-19T15:30:41+00:00","og_image":[{"width":840,"height":250,"url":"https:\/\/www.salon-medecinedouce.com\/paris\/wp-content\/uploads\/sites\/14\/2019\/06\/AdobeStock_139446052-1.jpg","type":"image\/jpeg"}],"twitter_card":"summary_large_image","twitter_misc":{"Dur\u00e9e de lecture estim\u00e9e":"3 minutes"},"schema":{"@context":"https:\/\/schema.org","@graph":[{"@type":"WebPage","@id":"https:\/\/www.salon-medecinedouce.com\/paris\/exposants\/outils-de-communication\/","url":"https:\/\/www.salon-medecinedouce.com\/paris\/exposants\/outils-de-communication\/","name":"Outils de communication salon Bien-\u00catre M\u00e9decine Douce Paris 2025","isPartOf":{"@id":"https:\/\/www.salon-medecinedouce.com\/paris\/#website"},"primaryImageOfPage":{"@id":"https:\/\/www.salon-medecinedouce.com\/paris\/exposants\/outils-de-communication\/#primaryimage"},"image":{"@id":"https:\/\/www.salon-medecinedouce.com\/paris\/exposants\/outils-de-communication\/#primaryimage"},"thumbnailUrl":"https:\/\/www.salon-medecinedouce.com\/paris\/wp-content\/uploads\/sites\/14\/2019\/06\/AdobeStock_139446052-1.jpg","datePublished":"2024-07-03T12:52:15+00:00","dateModified":"2025-05-19T15:30:41+00:00","description":"T\u00e9l\u00e9chargez les visuels (banni\u00e8res, logo, affiche) du Salon Bien-\u00catre M\u00e9decine douce Paris 2025 pour communiquer sur votre pr\u00e9sence.","breadcrumb":{"@id":"https:\/\/www.salon-medecinedouce.com\/paris\/exposants\/outils-de-communication\/#breadcrumb"},"inLanguage":"fr-FR","potentialAction":[{"@type":"ReadAction","target":["https:\/\/www.salon-medecinedouce.com\/paris\/exposants\/outils-de-communication\/"]}]},{"@type":"ImageObject","inLanguage":"fr-FR","@id":"https:\/\/www.salon-medecinedouce.com\/paris\/exposants\/outils-de-communication\/#primaryimage","url":"https:\/\/www.salon-medecinedouce.com\/paris\/wp-content\/uploads\/sites\/14\/2019\/06\/AdobeStock_139446052-1.jpg","contentUrl":"https:\/\/www.salon-medecinedouce.com\/paris\/wp-content\/uploads\/sites\/14\/2019\/06\/AdobeStock_139446052-1.jpg","width":840,"height":250},{"@type":"BreadcrumbList","@id":"https:\/\/www.salon-medecinedouce.com\/paris\/exposants\/outils-de-communication\/#breadcrumb","itemListElement":[{"@type":"ListItem","position":1,"name":"Accueil","item":"https:\/\/www.salon-medecinedouce.com\/paris\/"},{"@type":"ListItem","position":2,"name":"Exposer sur le salon","item":"https:\/\/www.salon-medecinedouce.com\/paris\/exposants\/"},{"@type":"ListItem","position":3,"name":"Outils de communication"}]},{"@type":"WebSite","@id":"https:\/\/www.salon-medecinedouce.com\/paris\/#website","url":"https:\/\/www.salon-medecinedouce.com\/paris\/","name":"Bien-\u00eatre Paris","description":"La sant\u00e9 au naturel : M\u00e9decines douces - Compl\u00e9ments alimentaires - Alimentation saine - Cosm\u00e9tiques naturelles - Art de vivre - Tourisme de sant\u00e9","publisher":{"@id":"https:\/\/www.salon-medecinedouce.com\/paris\/#organization"},"potentialAction":[{"@type":"SearchAction","target":{"@type":"EntryPoint","urlTemplate":"https:\/\/www.salon-medecinedouce.com\/paris\/?s={search_term_string}"},"query-input":{"@type":"PropertyValueSpecification","valueRequired":true,"valueName":"search_term_string"}}],"inLanguage":"fr-FR"},{"@type":"Organization","@id":"https:\/\/www.salon-medecinedouce.com\/paris\/#organization","name":"Bien-\u00eatre Paris","url":"https:\/\/www.salon-medecinedouce.com\/paris\/","logo":{"@type":"ImageObject","inLanguage":"fr-FR","@id":"https:\/\/www.salon-medecinedouce.com\/paris\/#\/schema\/logo\/image\/","url":"https:\/\/www.salon-medecinedouce.com\/paris\/wp-content\/uploads\/sites\/14\/2024\/05\/cropped-logo-orange-bemd.png","contentUrl":"https:\/\/www.salon-medecinedouce.com\/paris\/wp-content\/uploads\/sites\/14\/2024\/05\/cropped-logo-orange-bemd.png","width":591,"height":591,"caption":"Bien-\u00eatre Paris"},"image":{"@id":"https:\/\/www.salon-medecinedouce.com\/paris\/#\/schema\/logo\/image\/"}}]}},"rttpg_featured_image_url":null,"rttpg_author":{"display_name":"admin","author_link":"https:\/\/www.salon-medecinedouce.com\/paris\/blog\/author\/admin\/"},"rttpg_comment":0,"rttpg_category":false,"rttpg_excerpt":"T\u00e9l\u00e9chargez les supports de communication du salon dont vous avez besoin pour communiquer sur votre pr\u00e9sence : Affiche A4 Affiche A4 Lyon-Paris Logo\u00a0 Banni\u00e8re mobile 580 x 250 Banni\u00e8re 300 x 250 Banni\u00e8re 300 x 600 Banni\u00e8re \u00ab\u00a0J&rsquo;expose au salon\u00a0\u00bb 728 x 90 Banni\u00e8re \u00ab\u00a0On y sera ! Et vous ?\u00a0\u00bb 1200 x 630 \u00a0&hellip;","_links":{"self":[{"href":"https:\/\/www.salon-medecinedouce.com\/paris\/wp-json\/wp\/v2\/pages\/7062","targetHints":{"allow":["GET"]}}],"collection":[{"href":"https:\/\/www.salon-medecinedouce.com\/paris\/wp-json\/wp\/v2\/pages"}],"about":[{"href":"https:\/\/www.salon-medecinedouce.com\/paris\/wp-json\/wp\/v2\/types\/page"}],"author":[{"embeddable":true,"href":"https:\/\/www.salon-medecinedouce.com\/paris\/wp-json\/wp\/v2\/users\/1"}],"replies":[{"embeddable":true,"href":"https:\/\/www.salon-medecinedouce.com\/paris\/wp-json\/wp\/v2\/comments?post=7062"}],"version-history":[{"count":69,"href":"https:\/\/www.salon-medecinedouce.com\/paris\/wp-json\/wp\/v2\/pages\/7062\/revisions"}],"predecessor-version":[{"id":19728,"href":"https:\/\/www.salon-medecinedouce.com\/paris\/wp-json\/wp\/v2\/pages\/7062\/revisions\/19728"}],"up":[{"embeddable":true,"href":"https:\/\/www.salon-medecinedouce.com\/paris\/wp-json\/wp\/v2\/pages\/2087"}],"wp:attachment":[{"href":"https:\/\/www.salon-medecinedouce.com\/paris\/wp-json\/wp\/v2\/media?parent=7062"}],"curies":[{"name":"wp","href":"https:\/\/api.w.org\/{rel}","templated":true}]}}