{"id":3612,"date":"2025-11-14T10:11:06","date_gmt":"2025-11-14T09:11:06","guid":{"rendered":"http:\/\/localhost:8888\/bemd\/?page_id=3612"},"modified":"2026-03-06T14:40:55","modified_gmt":"2026-03-06T13:40:55","slug":"conferences","status":"publish","type":"page","link":"https:\/\/www.salon-medecinedouce.com\/paris\/programme\/conferences\/","title":{"rendered":"Conf\u00e9rences experts"},"content":{"rendered":"<p><img fetchpriority=\"high\" decoding=\"async\" class=\"alignnone size-full wp-image-8618\" src=\"https:\/\/www.salon-medecinedouce.com\/paris\/wp-content\/uploads\/sites\/14\/2019\/06\/107_BIEN-E\u0302TRE-2019_\u00a9Photo-Faust-Favart_.jpg\" alt=\"\" width=\"840\" height=\"250\" srcset=\"https:\/\/www.salon-medecinedouce.com\/paris\/wp-content\/uploads\/sites\/14\/2019\/06\/107_BIEN-E\u0302TRE-2019_\u00a9Photo-Faust-Favart_.jpg 840w, https:\/\/www.salon-medecinedouce.com\/paris\/wp-content\/uploads\/sites\/14\/2019\/06\/107_BIEN-E\u0302TRE-2019_\u00a9Photo-Faust-Favart_-300x89.jpg 300w, https:\/\/www.salon-medecinedouce.com\/paris\/wp-content\/uploads\/sites\/14\/2019\/06\/107_BIEN-E\u0302TRE-2019_\u00a9Photo-Faust-Favart_-768x229.jpg 768w, https:\/\/www.salon-medecinedouce.com\/paris\/wp-content\/uploads\/sites\/14\/2019\/06\/107_BIEN-E\u0302TRE-2019_\u00a9Photo-Faust-Favart_-150x45.jpg 150w, https:\/\/www.salon-medecinedouce.com\/paris\/wp-content\/uploads\/sites\/14\/2019\/06\/107_BIEN-E\u0302TRE-2019_\u00a9Photo-Faust-Favart_-500x149.jpg 500w\" sizes=\"(max-width: 840px) 100vw, 840px\" \/><\/p>\n<p>Au coeur du salon, les conf\u00e9rences experts font intervenir m\u00e9decins et praticiens sur des probl\u00e9matiques en \u00e9cho avec l\u2019actualit\u00e9. Cette ann\u00e9e la th\u00e9matique des conf\u00e9rences est ax\u00e9e sur la sant\u00e9 mentale : renouer avec l&rsquo;\u00e9quilibre corps-esprit.\u00a0<br \/>\n\u00a0<br \/>\nLa participation aux conf\u00e9rences est gratuite, nous vous conseillons de vous pr\u00e9senter devant la salle, 10 minutes avant le d\u00e9but de la conf\u00e9rence.<\/p>\n<h3><span style=\"color: #d65d00;\">Le <\/span><span style=\"color: #d65d00;\">programme des conf\u00e9rences Experts 2027 <\/span><span style=\"color: #d65d00;\">vous sera prochainement communiqu\u00e9.<\/span><\/h3>\n<h3><span style=\"color: #d65d00;\">En attendant, red\u00e9couvrez le programme des conf\u00e9rences Experts 2026<\/span><\/h3>\n<h1><span style=\"font-size: 14pt;\"><strong>Sant\u00e9 mentale : renouer avec l\u2019\u00e9quilibre corps-esprit<\/strong><\/span><\/h1>\n<p>&nbsp;<\/p>\n<h3><u>Jeudi 29 janvier<\/u><\/h3>\n<p>&nbsp;<\/p>\n<p><strong>Retrouver sa force int\u00e9rieure<\/strong><\/p>\n<p>&nbsp;<\/p>\n<p><a href=\"https:\/\/www.salon-medecinedouce.com\/paris\/?attachment_id=19874\"><img decoding=\"async\" class=\"wp-image-19874  alignleft\" src=\"https:\/\/www.salon-medecinedouce.com\/paris\/wp-content\/uploads\/sites\/14\/2025\/11\/Beige-Simple-Round-Photo-Valentines-Card-1-300x300.png\" alt=\"\" width=\"202\" height=\"202\" srcset=\"https:\/\/www.salon-medecinedouce.com\/paris\/wp-content\/uploads\/sites\/14\/2025\/11\/Beige-Simple-Round-Photo-Valentines-Card-1-300x300.png 300w, https:\/\/www.salon-medecinedouce.com\/paris\/wp-content\/uploads\/sites\/14\/2025\/11\/Beige-Simple-Round-Photo-Valentines-Card-1-1024x1024.png 1024w, https:\/\/www.salon-medecinedouce.com\/paris\/wp-content\/uploads\/sites\/14\/2025\/11\/Beige-Simple-Round-Photo-Valentines-Card-1-150x150.png 150w, https:\/\/www.salon-medecinedouce.com\/paris\/wp-content\/uploads\/sites\/14\/2025\/11\/Beige-Simple-Round-Photo-Valentines-Card-1-768x768.png 768w, https:\/\/www.salon-medecinedouce.com\/paris\/wp-content\/uploads\/sites\/14\/2025\/11\/Beige-Simple-Round-Photo-Valentines-Card-1-500x500.png 500w, https:\/\/www.salon-medecinedouce.com\/paris\/wp-content\/uploads\/sites\/14\/2025\/11\/Beige-Simple-Round-Photo-Valentines-Card-1-45x45.png 45w, https:\/\/www.salon-medecinedouce.com\/paris\/wp-content\/uploads\/sites\/14\/2025\/11\/Beige-Simple-Round-Photo-Valentines-Card-1.png 1500w\" sizes=\"(max-width: 202px) 100vw, 202px\" \/><\/a><\/p>\n<p>&nbsp;<\/p>\n<p>&nbsp;<\/p>\n<p>10h45 : Ce ne sera plus toi la victime ! <strong>Pierre Bordaberry @PsykoCouac<\/strong><\/p>\n<p><em>Comprendre les m\u00e9canismes de la violence pour ne plus \u00eatre victime.<\/em><\/p>\n<p>&nbsp;<\/p>\n<p><a href=\"https:\/\/www.salon-medecinedouce.com\/paris\/programme\/conferences\/beige-simple-round-photo-valentines-card\/\" rel=\"attachment wp-att-19875\"><img decoding=\"async\" class=\"alignright wp-image-19875\" src=\"https:\/\/www.salon-medecinedouce.com\/paris\/wp-content\/uploads\/sites\/14\/2025\/11\/Beige-Simple-Round-Photo-Valentines-Card-300x300.png\" alt=\"\" width=\"202\" height=\"202\" srcset=\"https:\/\/www.salon-medecinedouce.com\/paris\/wp-content\/uploads\/sites\/14\/2025\/11\/Beige-Simple-Round-Photo-Valentines-Card-300x300.png 300w, https:\/\/www.salon-medecinedouce.com\/paris\/wp-content\/uploads\/sites\/14\/2025\/11\/Beige-Simple-Round-Photo-Valentines-Card-1024x1024.png 1024w, https:\/\/www.salon-medecinedouce.com\/paris\/wp-content\/uploads\/sites\/14\/2025\/11\/Beige-Simple-Round-Photo-Valentines-Card-150x150.png 150w, https:\/\/www.salon-medecinedouce.com\/paris\/wp-content\/uploads\/sites\/14\/2025\/11\/Beige-Simple-Round-Photo-Valentines-Card-768x768.png 768w, https:\/\/www.salon-medecinedouce.com\/paris\/wp-content\/uploads\/sites\/14\/2025\/11\/Beige-Simple-Round-Photo-Valentines-Card-500x500.png 500w, https:\/\/www.salon-medecinedouce.com\/paris\/wp-content\/uploads\/sites\/14\/2025\/11\/Beige-Simple-Round-Photo-Valentines-Card-45x45.png 45w, https:\/\/www.salon-medecinedouce.com\/paris\/wp-content\/uploads\/sites\/14\/2025\/11\/Beige-Simple-Round-Photo-Valentines-Card.png 1500w\" sizes=\"(max-width: 202px) 100vw, 202px\" \/><\/a><\/p>\n<p>&nbsp;<\/p>\n<p>&nbsp;<\/p>\n<p style=\"text-align: right;\">12h15\u00a0: Plus forte : parler pour gu\u00e9rir. <strong>Kim Lewin<\/strong><\/p>\n<p style=\"text-align: right;\"><em>Tant que l&rsquo;on ne parle pas, on ne gu\u00e9rit pas.<\/em><\/p>\n<p>&nbsp;<\/p>\n<p><a href=\"https:\/\/www.salon-medecinedouce.com\/paris\/?attachment_id=19877\" rel=\"attachment wp-att-17549\"><img loading=\"lazy\" decoding=\"async\" class=\"wp-image-19877 alignleft\" src=\"https:\/\/www.salon-medecinedouce.com\/paris\/wp-content\/uploads\/sites\/14\/2025\/11\/Beige-Simple-Round-Photo-Valentines-Card-2-1-300x300.png\" alt=\"\" width=\"202\" height=\"202\" srcset=\"https:\/\/www.salon-medecinedouce.com\/paris\/wp-content\/uploads\/sites\/14\/2025\/11\/Beige-Simple-Round-Photo-Valentines-Card-2-1-300x300.png 300w, https:\/\/www.salon-medecinedouce.com\/paris\/wp-content\/uploads\/sites\/14\/2025\/11\/Beige-Simple-Round-Photo-Valentines-Card-2-1-1024x1024.png 1024w, https:\/\/www.salon-medecinedouce.com\/paris\/wp-content\/uploads\/sites\/14\/2025\/11\/Beige-Simple-Round-Photo-Valentines-Card-2-1-150x150.png 150w, https:\/\/www.salon-medecinedouce.com\/paris\/wp-content\/uploads\/sites\/14\/2025\/11\/Beige-Simple-Round-Photo-Valentines-Card-2-1-768x768.png 768w, https:\/\/www.salon-medecinedouce.com\/paris\/wp-content\/uploads\/sites\/14\/2025\/11\/Beige-Simple-Round-Photo-Valentines-Card-2-1-500x500.png 500w, https:\/\/www.salon-medecinedouce.com\/paris\/wp-content\/uploads\/sites\/14\/2025\/11\/Beige-Simple-Round-Photo-Valentines-Card-2-1-45x45.png 45w, https:\/\/www.salon-medecinedouce.com\/paris\/wp-content\/uploads\/sites\/14\/2025\/11\/Beige-Simple-Round-Photo-Valentines-Card-2-1.png 1500w\" sizes=\"(max-width: 202px) 100vw, 202px\" \/><\/a><\/p>\n<p>&nbsp;<\/p>\n<p>&nbsp;<\/p>\n<p style=\"text-align: left;\">13h45 : Tenir debout m\u00eame quand tout vacille. <strong>Isalou Regen<\/strong><\/p>\n<p><em>Rituels \u00e0 l\u2019usage de ceux qui veulent \u00eatre heureux.<\/em><\/p>\n<p>&nbsp;<\/p>\n<p><a href=\"https:\/\/www.salon-medecinedouce.com\/paris\/programme\/conferences\/beige-simple-round-photo-valentines-card-3\/\" rel=\"attachment wp-att-19878\"><img loading=\"lazy\" decoding=\"async\" class=\"wp-image-19878 alignright\" src=\"https:\/\/www.salon-medecinedouce.com\/paris\/wp-content\/uploads\/sites\/14\/2025\/11\/Beige-Simple-Round-Photo-Valentines-Card-3-300x300.png\" alt=\"\" width=\"202\" height=\"202\" srcset=\"https:\/\/www.salon-medecinedouce.com\/paris\/wp-content\/uploads\/sites\/14\/2025\/11\/Beige-Simple-Round-Photo-Valentines-Card-3-300x300.png 300w, https:\/\/www.salon-medecinedouce.com\/paris\/wp-content\/uploads\/sites\/14\/2025\/11\/Beige-Simple-Round-Photo-Valentines-Card-3-1024x1024.png 1024w, https:\/\/www.salon-medecinedouce.com\/paris\/wp-content\/uploads\/sites\/14\/2025\/11\/Beige-Simple-Round-Photo-Valentines-Card-3-150x150.png 150w, https:\/\/www.salon-medecinedouce.com\/paris\/wp-content\/uploads\/sites\/14\/2025\/11\/Beige-Simple-Round-Photo-Valentines-Card-3-768x768.png 768w, https:\/\/www.salon-medecinedouce.com\/paris\/wp-content\/uploads\/sites\/14\/2025\/11\/Beige-Simple-Round-Photo-Valentines-Card-3-500x500.png 500w, https:\/\/www.salon-medecinedouce.com\/paris\/wp-content\/uploads\/sites\/14\/2025\/11\/Beige-Simple-Round-Photo-Valentines-Card-3-45x45.png 45w, https:\/\/www.salon-medecinedouce.com\/paris\/wp-content\/uploads\/sites\/14\/2025\/11\/Beige-Simple-Round-Photo-Valentines-Card-3.png 1500w\" sizes=\"(max-width: 202px) 100vw, 202px\" \/><\/a><\/p>\n<p>&nbsp;<\/p>\n<p>&nbsp;<\/p>\n<p style=\"text-align: right;\">15h15\u00a0: Au bord de ma vie : cohabiter avec le trouble borderline. <strong>Abiga\u00efl Barrand<\/strong><\/p>\n<p style=\"text-align: left;\"><em>Un r\u00e9cit de r\u00e9tablissement et d\u2019espoir face aux blessures invisibles.\u00a0<\/em><\/p>\n<p>&nbsp;<\/p>\n<p><a href=\"https:\/\/www.salon-medecinedouce.com\/paris\/programme\/conferences\/beige-simple-round-photo-valentines-card-4\/\" rel=\"attachment wp-att-19879\"><img loading=\"lazy\" decoding=\"async\" class=\"wp-image-19879 alignleft\" src=\"https:\/\/www.salon-medecinedouce.com\/paris\/wp-content\/uploads\/sites\/14\/2025\/11\/Beige-Simple-Round-Photo-Valentines-Card-4-300x300.png\" alt=\"\" width=\"202\" height=\"202\" srcset=\"https:\/\/www.salon-medecinedouce.com\/paris\/wp-content\/uploads\/sites\/14\/2025\/11\/Beige-Simple-Round-Photo-Valentines-Card-4-300x300.png 300w, https:\/\/www.salon-medecinedouce.com\/paris\/wp-content\/uploads\/sites\/14\/2025\/11\/Beige-Simple-Round-Photo-Valentines-Card-4-1024x1024.png 1024w, https:\/\/www.salon-medecinedouce.com\/paris\/wp-content\/uploads\/sites\/14\/2025\/11\/Beige-Simple-Round-Photo-Valentines-Card-4-150x150.png 150w, https:\/\/www.salon-medecinedouce.com\/paris\/wp-content\/uploads\/sites\/14\/2025\/11\/Beige-Simple-Round-Photo-Valentines-Card-4-768x768.png 768w, https:\/\/www.salon-medecinedouce.com\/paris\/wp-content\/uploads\/sites\/14\/2025\/11\/Beige-Simple-Round-Photo-Valentines-Card-4-500x500.png 500w, https:\/\/www.salon-medecinedouce.com\/paris\/wp-content\/uploads\/sites\/14\/2025\/11\/Beige-Simple-Round-Photo-Valentines-Card-4-45x45.png 45w, https:\/\/www.salon-medecinedouce.com\/paris\/wp-content\/uploads\/sites\/14\/2025\/11\/Beige-Simple-Round-Photo-Valentines-Card-4.png 1500w\" sizes=\"(max-width: 202px) 100vw, 202px\" \/><\/a><\/p>\n<p>&nbsp;<\/p>\n<p>16h45 : Sexualit\u00e9, corps &amp; esprit : trois sant\u00e9s, un m\u00eame \u00e9lan. <strong>Gilbert Bou Jaoud\u00e9<\/strong><\/p>\n<p><em>Comment l\u2019intime influence notre sant\u00e9 mentale et globale, et inversement : comprendre et agir.<\/em><\/p>\n<p>&nbsp;<\/p>\n<p><img loading=\"lazy\" decoding=\"async\" class=\" wp-image-22392 alignright\" src=\"https:\/\/www.salon-medecinedouce.com\/paris\/wp-content\/uploads\/sites\/14\/2026\/01\/conferences-experts-visuels--300x300.png\" alt=\"\" width=\"191\" height=\"191\" srcset=\"https:\/\/www.salon-medecinedouce.com\/paris\/wp-content\/uploads\/sites\/14\/2026\/01\/conferences-experts-visuels--300x300.png 300w, https:\/\/www.salon-medecinedouce.com\/paris\/wp-content\/uploads\/sites\/14\/2026\/01\/conferences-experts-visuels--1024x1024.png 1024w, https:\/\/www.salon-medecinedouce.com\/paris\/wp-content\/uploads\/sites\/14\/2026\/01\/conferences-experts-visuels--150x150.png 150w, https:\/\/www.salon-medecinedouce.com\/paris\/wp-content\/uploads\/sites\/14\/2026\/01\/conferences-experts-visuels--768x768.png 768w, https:\/\/www.salon-medecinedouce.com\/paris\/wp-content\/uploads\/sites\/14\/2026\/01\/conferences-experts-visuels--500x500.png 500w, https:\/\/www.salon-medecinedouce.com\/paris\/wp-content\/uploads\/sites\/14\/2026\/01\/conferences-experts-visuels--45x45.png 45w, https:\/\/www.salon-medecinedouce.com\/paris\/wp-content\/uploads\/sites\/14\/2026\/01\/conferences-experts-visuels-.png 1500w\" sizes=\"(max-width: 191px) 100vw, 191px\" \/><\/p>\n<p>&nbsp;<\/p>\n<p style=\"text-align: right;\">18h00 : Pourquoi accompagner le Burn-Out en pluridisciplinaire ? <strong>J<\/strong><strong>ean Marc MARTY-CERCIAT, <\/strong>Coach praticien narratif,<strong> Annie FOUKSMANN, <\/strong>Sp\u00e9cialiste du Burnout<strong>, Dr Cl\u00e9ment<\/strong>, Centre du burnout et <strong>Edwige Kpodeoun<\/strong>, Coach sp\u00e9cialiste de l&rsquo;atypisme\u00a0<\/p>\n<h3><u>Vendredi 30 janvier <\/u><\/h3>\n<p>&nbsp;<\/p>\n<p><strong>L\u2019\u00e9quilibre au naturel<\/strong><\/p>\n<p><a href=\"https:\/\/www.salon-medecinedouce.com\/paris\/?attachment_id=19882\" rel=\"attachment wp-att-17552\"><img loading=\"lazy\" decoding=\"async\" class=\"wp-image-19882 alignleft\" src=\"https:\/\/www.salon-medecinedouce.com\/paris\/wp-content\/uploads\/sites\/14\/2025\/11\/Beige-Simple-Round-Photo-Valentines-Card-5-300x300.png\" alt=\"\" width=\"202\" height=\"202\" srcset=\"https:\/\/www.salon-medecinedouce.com\/paris\/wp-content\/uploads\/sites\/14\/2025\/11\/Beige-Simple-Round-Photo-Valentines-Card-5-300x300.png 300w, https:\/\/www.salon-medecinedouce.com\/paris\/wp-content\/uploads\/sites\/14\/2025\/11\/Beige-Simple-Round-Photo-Valentines-Card-5-1024x1024.png 1024w, https:\/\/www.salon-medecinedouce.com\/paris\/wp-content\/uploads\/sites\/14\/2025\/11\/Beige-Simple-Round-Photo-Valentines-Card-5-150x150.png 150w, https:\/\/www.salon-medecinedouce.com\/paris\/wp-content\/uploads\/sites\/14\/2025\/11\/Beige-Simple-Round-Photo-Valentines-Card-5-768x768.png 768w, https:\/\/www.salon-medecinedouce.com\/paris\/wp-content\/uploads\/sites\/14\/2025\/11\/Beige-Simple-Round-Photo-Valentines-Card-5-500x500.png 500w, https:\/\/www.salon-medecinedouce.com\/paris\/wp-content\/uploads\/sites\/14\/2025\/11\/Beige-Simple-Round-Photo-Valentines-Card-5-45x45.png 45w, https:\/\/www.salon-medecinedouce.com\/paris\/wp-content\/uploads\/sites\/14\/2025\/11\/Beige-Simple-Round-Photo-Valentines-Card-5.png 1500w\" sizes=\"(max-width: 202px) 100vw, 202px\" \/><\/a><\/p>\n<p>&nbsp;<\/p>\n<p>&nbsp;<\/p>\n<p>10h45\u00a0: Les compl\u00e9ments alimentaires, indispensables pour notre sant\u00e9 ?<strong> Pauline Budynski<\/strong><\/p>\n<p><em>Entre nutrition, science et marketing.<\/em><\/p>\n<p>&nbsp;<\/p>\n<p><a href=\"https:\/\/www.salon-medecinedouce.com\/paris\/?attachment_id=19883\" rel=\"attachment wp-att-17553\"><img loading=\"lazy\" decoding=\"async\" class=\"wp-image-19883 alignright\" src=\"https:\/\/www.salon-medecinedouce.com\/paris\/wp-content\/uploads\/sites\/14\/2025\/11\/Beige-Simple-Round-Photo-Valentines-Card-6-300x300.png\" alt=\"\" width=\"202\" height=\"202\" srcset=\"https:\/\/www.salon-medecinedouce.com\/paris\/wp-content\/uploads\/sites\/14\/2025\/11\/Beige-Simple-Round-Photo-Valentines-Card-6-300x300.png 300w, https:\/\/www.salon-medecinedouce.com\/paris\/wp-content\/uploads\/sites\/14\/2025\/11\/Beige-Simple-Round-Photo-Valentines-Card-6-1024x1024.png 1024w, https:\/\/www.salon-medecinedouce.com\/paris\/wp-content\/uploads\/sites\/14\/2025\/11\/Beige-Simple-Round-Photo-Valentines-Card-6-150x150.png 150w, https:\/\/www.salon-medecinedouce.com\/paris\/wp-content\/uploads\/sites\/14\/2025\/11\/Beige-Simple-Round-Photo-Valentines-Card-6-768x768.png 768w, https:\/\/www.salon-medecinedouce.com\/paris\/wp-content\/uploads\/sites\/14\/2025\/11\/Beige-Simple-Round-Photo-Valentines-Card-6-500x500.png 500w, https:\/\/www.salon-medecinedouce.com\/paris\/wp-content\/uploads\/sites\/14\/2025\/11\/Beige-Simple-Round-Photo-Valentines-Card-6-45x45.png 45w, https:\/\/www.salon-medecinedouce.com\/paris\/wp-content\/uploads\/sites\/14\/2025\/11\/Beige-Simple-Round-Photo-Valentines-Card-6.png 1500w\" sizes=\"(max-width: 202px) 100vw, 202px\" \/><\/a><\/p>\n<p>&nbsp;<\/p>\n<p>12h15\u00a0: La r\u00e9flexologie pour soulager les maux de la vie quotidienne. <strong>Emeric Persillet<\/strong><\/p>\n<p><em>Soulager soi-m\u00eame les maux courants comme le stress, anxi\u00e9t\u00e9, troubles du sommeil ou encore inconforts digestifs.<\/em><\/p>\n<p>&nbsp;<\/p>\n<p><a href=\"https:\/\/www.salon-medecinedouce.com\/paris\/?attachment_id=19884\" rel=\"attachment wp-att-17554\"><img loading=\"lazy\" decoding=\"async\" class=\"wp-image-19884 alignleft\" src=\"https:\/\/www.salon-medecinedouce.com\/paris\/wp-content\/uploads\/sites\/14\/2025\/11\/Beige-Simple-Round-Photo-Valentines-Card-7-300x300.png\" alt=\"\" width=\"202\" height=\"202\" srcset=\"https:\/\/www.salon-medecinedouce.com\/paris\/wp-content\/uploads\/sites\/14\/2025\/11\/Beige-Simple-Round-Photo-Valentines-Card-7-300x300.png 300w, https:\/\/www.salon-medecinedouce.com\/paris\/wp-content\/uploads\/sites\/14\/2025\/11\/Beige-Simple-Round-Photo-Valentines-Card-7-1024x1024.png 1024w, https:\/\/www.salon-medecinedouce.com\/paris\/wp-content\/uploads\/sites\/14\/2025\/11\/Beige-Simple-Round-Photo-Valentines-Card-7-150x150.png 150w, https:\/\/www.salon-medecinedouce.com\/paris\/wp-content\/uploads\/sites\/14\/2025\/11\/Beige-Simple-Round-Photo-Valentines-Card-7-768x768.png 768w, https:\/\/www.salon-medecinedouce.com\/paris\/wp-content\/uploads\/sites\/14\/2025\/11\/Beige-Simple-Round-Photo-Valentines-Card-7-500x500.png 500w, https:\/\/www.salon-medecinedouce.com\/paris\/wp-content\/uploads\/sites\/14\/2025\/11\/Beige-Simple-Round-Photo-Valentines-Card-7-45x45.png 45w, https:\/\/www.salon-medecinedouce.com\/paris\/wp-content\/uploads\/sites\/14\/2025\/11\/Beige-Simple-Round-Photo-Valentines-Card-7.png 1500w\" sizes=\"(max-width: 202px) 100vw, 202px\" \/><\/a><\/p>\n<p>&nbsp;<\/p>\n<p>&nbsp;<\/p>\n<p>13h45\u00a0: Chemin initiatique vers le soin de l\u2019\u00e2me et du corps. <strong>Dr Nadia Volf<\/strong><\/p>\n<p><em>L&rsquo;art invisible de la gu\u00e9rison.<\/em><\/p>\n<p>&nbsp;<\/p>\n<p><a href=\"https:\/\/www.salon-medecinedouce.com\/paris\/?attachment_id=19885\" rel=\"attachment wp-att-17555\"><img loading=\"lazy\" decoding=\"async\" class=\"wp-image-19885 alignright\" src=\"https:\/\/www.salon-medecinedouce.com\/paris\/wp-content\/uploads\/sites\/14\/2025\/11\/Beige-Simple-Round-Photo-Valentines-Card-9-300x300.png\" alt=\"\" width=\"202\" height=\"202\" srcset=\"https:\/\/www.salon-medecinedouce.com\/paris\/wp-content\/uploads\/sites\/14\/2025\/11\/Beige-Simple-Round-Photo-Valentines-Card-9-300x300.png 300w, https:\/\/www.salon-medecinedouce.com\/paris\/wp-content\/uploads\/sites\/14\/2025\/11\/Beige-Simple-Round-Photo-Valentines-Card-9-1024x1024.png 1024w, https:\/\/www.salon-medecinedouce.com\/paris\/wp-content\/uploads\/sites\/14\/2025\/11\/Beige-Simple-Round-Photo-Valentines-Card-9-150x150.png 150w, https:\/\/www.salon-medecinedouce.com\/paris\/wp-content\/uploads\/sites\/14\/2025\/11\/Beige-Simple-Round-Photo-Valentines-Card-9-768x768.png 768w, https:\/\/www.salon-medecinedouce.com\/paris\/wp-content\/uploads\/sites\/14\/2025\/11\/Beige-Simple-Round-Photo-Valentines-Card-9-500x500.png 500w, https:\/\/www.salon-medecinedouce.com\/paris\/wp-content\/uploads\/sites\/14\/2025\/11\/Beige-Simple-Round-Photo-Valentines-Card-9-45x45.png 45w, https:\/\/www.salon-medecinedouce.com\/paris\/wp-content\/uploads\/sites\/14\/2025\/11\/Beige-Simple-Round-Photo-Valentines-Card-9.png 1500w\" sizes=\"(max-width: 202px) 100vw, 202px\" \/><\/a><\/p>\n<p>&nbsp;<\/p>\n<p>&nbsp;<\/p>\n<p style=\"text-align: right;\">15h15\u00a0: \u00c0 l\u2019heure de l\u2019IA, parlons d\u2019IE (Intelligence \u00c9motionnelle) ! <strong>Christophe Haag<\/strong><\/p>\n<p style=\"text-align: right;\"><em>Comment rester pleinement humain \u00e0 l\u2019\u00e8re des intelligences artificielles.<\/em><\/p>\n<p>&nbsp;<\/p>\n<p><a href=\"https:\/\/www.salon-medecinedouce.com\/paris\/?attachment_id=19886\" rel=\"attachment wp-att-17556\"><img loading=\"lazy\" decoding=\"async\" class=\"wp-image-19886 alignleft\" src=\"https:\/\/www.salon-medecinedouce.com\/paris\/wp-content\/uploads\/sites\/14\/2025\/11\/Beige-Simple-Round-Photo-Valentines-Card-10-300x300.png\" alt=\"\" width=\"202\" height=\"202\" srcset=\"https:\/\/www.salon-medecinedouce.com\/paris\/wp-content\/uploads\/sites\/14\/2025\/11\/Beige-Simple-Round-Photo-Valentines-Card-10-300x300.png 300w, https:\/\/www.salon-medecinedouce.com\/paris\/wp-content\/uploads\/sites\/14\/2025\/11\/Beige-Simple-Round-Photo-Valentines-Card-10-1024x1024.png 1024w, https:\/\/www.salon-medecinedouce.com\/paris\/wp-content\/uploads\/sites\/14\/2025\/11\/Beige-Simple-Round-Photo-Valentines-Card-10-150x150.png 150w, https:\/\/www.salon-medecinedouce.com\/paris\/wp-content\/uploads\/sites\/14\/2025\/11\/Beige-Simple-Round-Photo-Valentines-Card-10-768x768.png 768w, https:\/\/www.salon-medecinedouce.com\/paris\/wp-content\/uploads\/sites\/14\/2025\/11\/Beige-Simple-Round-Photo-Valentines-Card-10-500x500.png 500w, https:\/\/www.salon-medecinedouce.com\/paris\/wp-content\/uploads\/sites\/14\/2025\/11\/Beige-Simple-Round-Photo-Valentines-Card-10-45x45.png 45w, https:\/\/www.salon-medecinedouce.com\/paris\/wp-content\/uploads\/sites\/14\/2025\/11\/Beige-Simple-Round-Photo-Valentines-Card-10.png 1500w\" sizes=\"(max-width: 202px) 100vw, 202px\" \/><\/a><\/p>\n<p>&nbsp;<\/p>\n<p>&nbsp;<\/p>\n<p>16h45 : Reprendre les commandes gr\u00e2ce \u00e0 la sagesse du corps. <strong>Camille Soustra<\/strong><\/p>\n<p><em>Sortir du mode survie avec les rituels du quotidien.<\/em><\/p>\n<h3>\u00a0<\/h3>\n<h3>\u00a0<\/h3>\n<h3><u>Samedi 31 janvier <strong>: journ\u00e9e ambassadeurs-experts<\/strong><\/u><\/h3>\n<p>&nbsp;<\/p>\n<p><strong>Bien vieillir, bien dormir, bien vivre<\/strong><\/p>\n<p><a href=\"https:\/\/www.salon-medecinedouce.com\/paris\/?attachment_id=19892\" rel=\"attachment wp-att-17557\"><img loading=\"lazy\" decoding=\"async\" class=\"wp-image-19892 alignleft\" src=\"https:\/\/www.salon-medecinedouce.com\/paris\/wp-content\/uploads\/sites\/14\/2025\/11\/Beige-Simple-Round-Photo-Valentines-Card-11-300x300.png\" alt=\"\" width=\"202\" height=\"202\" srcset=\"https:\/\/www.salon-medecinedouce.com\/paris\/wp-content\/uploads\/sites\/14\/2025\/11\/Beige-Simple-Round-Photo-Valentines-Card-11-300x300.png 300w, https:\/\/www.salon-medecinedouce.com\/paris\/wp-content\/uploads\/sites\/14\/2025\/11\/Beige-Simple-Round-Photo-Valentines-Card-11-1024x1024.png 1024w, https:\/\/www.salon-medecinedouce.com\/paris\/wp-content\/uploads\/sites\/14\/2025\/11\/Beige-Simple-Round-Photo-Valentines-Card-11-150x150.png 150w, https:\/\/www.salon-medecinedouce.com\/paris\/wp-content\/uploads\/sites\/14\/2025\/11\/Beige-Simple-Round-Photo-Valentines-Card-11-768x768.png 768w, https:\/\/www.salon-medecinedouce.com\/paris\/wp-content\/uploads\/sites\/14\/2025\/11\/Beige-Simple-Round-Photo-Valentines-Card-11-500x500.png 500w, https:\/\/www.salon-medecinedouce.com\/paris\/wp-content\/uploads\/sites\/14\/2025\/11\/Beige-Simple-Round-Photo-Valentines-Card-11-45x45.png 45w, https:\/\/www.salon-medecinedouce.com\/paris\/wp-content\/uploads\/sites\/14\/2025\/11\/Beige-Simple-Round-Photo-Valentines-Card-11.png 1500w\" sizes=\"(max-width: 202px) 100vw, 202px\" \/><\/a><\/p>\n<p>&nbsp;<\/p>\n<p>&nbsp;<\/p>\n<p>10h45 : \u00ab Est-ce normal pour son \u00e2ge de\u2026 ? <strong>Bruno Oquendo<\/strong><\/p>\n<p>&nbsp;<\/p>\n<p><a href=\"https:\/\/www.salon-medecinedouce.com\/paris\/?attachment_id=19893\" rel=\"attachment wp-att-17558\"><img loading=\"lazy\" decoding=\"async\" class=\"alignright wp-image-19893\" src=\"https:\/\/www.salon-medecinedouce.com\/paris\/wp-content\/uploads\/sites\/14\/2025\/11\/Beige-Simple-Round-Photo-Valentines-Card-12-300x300.png\" alt=\"\" width=\"202\" height=\"202\" srcset=\"https:\/\/www.salon-medecinedouce.com\/paris\/wp-content\/uploads\/sites\/14\/2025\/11\/Beige-Simple-Round-Photo-Valentines-Card-12-300x300.png 300w, https:\/\/www.salon-medecinedouce.com\/paris\/wp-content\/uploads\/sites\/14\/2025\/11\/Beige-Simple-Round-Photo-Valentines-Card-12-1024x1024.png 1024w, https:\/\/www.salon-medecinedouce.com\/paris\/wp-content\/uploads\/sites\/14\/2025\/11\/Beige-Simple-Round-Photo-Valentines-Card-12-150x150.png 150w, https:\/\/www.salon-medecinedouce.com\/paris\/wp-content\/uploads\/sites\/14\/2025\/11\/Beige-Simple-Round-Photo-Valentines-Card-12-768x768.png 768w, https:\/\/www.salon-medecinedouce.com\/paris\/wp-content\/uploads\/sites\/14\/2025\/11\/Beige-Simple-Round-Photo-Valentines-Card-12-500x500.png 500w, https:\/\/www.salon-medecinedouce.com\/paris\/wp-content\/uploads\/sites\/14\/2025\/11\/Beige-Simple-Round-Photo-Valentines-Card-12-45x45.png 45w, https:\/\/www.salon-medecinedouce.com\/paris\/wp-content\/uploads\/sites\/14\/2025\/11\/Beige-Simple-Round-Photo-Valentines-Card-12.png 1500w\" sizes=\"(max-width: 202px) 100vw, 202px\" \/><\/a><\/p>\n<p>&nbsp;<\/p>\n<p>&nbsp;<\/p>\n<p style=\"text-align: right;\">12h15 : Sommeil &#8211; la cl\u00e9 naturelle de notre sant\u00e9 &#8211; Comprendre, pr\u00e9venir, soigner. <strong>J\u00e9r\u00e9mie Kneubuh<\/strong><\/p>\n<p>&nbsp;<\/p>\n<p><a href=\"https:\/\/www.salon-medecinedouce.com\/paris\/?attachment_id=19894\" rel=\"attachment wp-att-17559\"><img loading=\"lazy\" decoding=\"async\" class=\"wp-image-19894 alignleft\" src=\"https:\/\/www.salon-medecinedouce.com\/paris\/wp-content\/uploads\/sites\/14\/2025\/11\/Beige-Simple-Round-Photo-Valentines-Card-13-300x300.png\" alt=\"\" width=\"202\" height=\"202\" srcset=\"https:\/\/www.salon-medecinedouce.com\/paris\/wp-content\/uploads\/sites\/14\/2025\/11\/Beige-Simple-Round-Photo-Valentines-Card-13-300x300.png 300w, https:\/\/www.salon-medecinedouce.com\/paris\/wp-content\/uploads\/sites\/14\/2025\/11\/Beige-Simple-Round-Photo-Valentines-Card-13-1024x1024.png 1024w, https:\/\/www.salon-medecinedouce.com\/paris\/wp-content\/uploads\/sites\/14\/2025\/11\/Beige-Simple-Round-Photo-Valentines-Card-13-150x150.png 150w, https:\/\/www.salon-medecinedouce.com\/paris\/wp-content\/uploads\/sites\/14\/2025\/11\/Beige-Simple-Round-Photo-Valentines-Card-13-768x768.png 768w, https:\/\/www.salon-medecinedouce.com\/paris\/wp-content\/uploads\/sites\/14\/2025\/11\/Beige-Simple-Round-Photo-Valentines-Card-13-500x500.png 500w, https:\/\/www.salon-medecinedouce.com\/paris\/wp-content\/uploads\/sites\/14\/2025\/11\/Beige-Simple-Round-Photo-Valentines-Card-13-45x45.png 45w, https:\/\/www.salon-medecinedouce.com\/paris\/wp-content\/uploads\/sites\/14\/2025\/11\/Beige-Simple-Round-Photo-Valentines-Card-13.png 1500w\" sizes=\"(max-width: 202px) 100vw, 202px\" \/> <\/a><\/p>\n<p>&nbsp;<\/p>\n<p>&nbsp;<\/p>\n<p>13h45\u00a0: Sant\u00e9 mentale : comment en prendre soin ? <strong>Delphine Py<\/strong><\/p>\n<p><em>Il existe des moyens pour aller mieux !<\/em><\/p>\n<p>&nbsp;<\/p>\n<p><a href=\"https:\/\/www.salon-medecinedouce.com\/paris\/?attachment_id=19895\" rel=\"attachment wp-att-17560\"><img loading=\"lazy\" decoding=\"async\" class=\"wp-image-19895 alignright\" src=\"https:\/\/www.salon-medecinedouce.com\/paris\/wp-content\/uploads\/sites\/14\/2025\/11\/Beige-Simple-Round-Photo-Valentines-Card-14-300x300.png\" alt=\"\" width=\"202\" height=\"202\" srcset=\"https:\/\/www.salon-medecinedouce.com\/paris\/wp-content\/uploads\/sites\/14\/2025\/11\/Beige-Simple-Round-Photo-Valentines-Card-14-300x300.png 300w, https:\/\/www.salon-medecinedouce.com\/paris\/wp-content\/uploads\/sites\/14\/2025\/11\/Beige-Simple-Round-Photo-Valentines-Card-14-1024x1024.png 1024w, https:\/\/www.salon-medecinedouce.com\/paris\/wp-content\/uploads\/sites\/14\/2025\/11\/Beige-Simple-Round-Photo-Valentines-Card-14-150x150.png 150w, https:\/\/www.salon-medecinedouce.com\/paris\/wp-content\/uploads\/sites\/14\/2025\/11\/Beige-Simple-Round-Photo-Valentines-Card-14-768x768.png 768w, https:\/\/www.salon-medecinedouce.com\/paris\/wp-content\/uploads\/sites\/14\/2025\/11\/Beige-Simple-Round-Photo-Valentines-Card-14-500x500.png 500w, https:\/\/www.salon-medecinedouce.com\/paris\/wp-content\/uploads\/sites\/14\/2025\/11\/Beige-Simple-Round-Photo-Valentines-Card-14-45x45.png 45w, https:\/\/www.salon-medecinedouce.com\/paris\/wp-content\/uploads\/sites\/14\/2025\/11\/Beige-Simple-Round-Photo-Valentines-Card-14.png 1500w\" sizes=\"(max-width: 202px) 100vw, 202px\" \/><\/a><\/p>\n<p>&nbsp;<\/p>\n<p>&nbsp;<\/p>\n<p style=\"text-align: right;\">15h15\u00a0: Pr\u00e9paration psycho\/nutri et sportive des patients avant et apr\u00e8s chirurgie canc\u00e9rologique. <strong>Alexandre Mensier<\/strong><\/p>\n<p><i>\u00a0<\/i><\/p>\n<p><strong>Animation nocturne<\/strong><\/p>\n<p><a href=\"https:\/\/www.salon-medecinedouce.com\/paris\/programme\/conferences\/beige-simple-round-photo-valentines-card-43\/\" rel=\"attachment wp-att-20123\"><img loading=\"lazy\" decoding=\"async\" class=\"wp-image-20123 alignleft\" src=\"https:\/\/www.salon-medecinedouce.com\/paris\/wp-content\/uploads\/sites\/14\/2025\/11\/Beige-Simple-Round-Photo-Valentines-Card-43-150x150.png\" alt=\"\" width=\"202\" height=\"202\" srcset=\"https:\/\/www.salon-medecinedouce.com\/paris\/wp-content\/uploads\/sites\/14\/2025\/11\/Beige-Simple-Round-Photo-Valentines-Card-43-150x150.png 150w, https:\/\/www.salon-medecinedouce.com\/paris\/wp-content\/uploads\/sites\/14\/2025\/11\/Beige-Simple-Round-Photo-Valentines-Card-43-300x300.png 300w, https:\/\/www.salon-medecinedouce.com\/paris\/wp-content\/uploads\/sites\/14\/2025\/11\/Beige-Simple-Round-Photo-Valentines-Card-43-1024x1024.png 1024w, https:\/\/www.salon-medecinedouce.com\/paris\/wp-content\/uploads\/sites\/14\/2025\/11\/Beige-Simple-Round-Photo-Valentines-Card-43-768x768.png 768w, https:\/\/www.salon-medecinedouce.com\/paris\/wp-content\/uploads\/sites\/14\/2025\/11\/Beige-Simple-Round-Photo-Valentines-Card-43-500x500.png 500w, https:\/\/www.salon-medecinedouce.com\/paris\/wp-content\/uploads\/sites\/14\/2025\/11\/Beige-Simple-Round-Photo-Valentines-Card-43-45x45.png 45w, https:\/\/www.salon-medecinedouce.com\/paris\/wp-content\/uploads\/sites\/14\/2025\/11\/Beige-Simple-Round-Photo-Valentines-Card-43.png 1500w\" sizes=\"(max-width: 202px) 100vw, 202px\" \/><\/a><\/p>\n<p>&nbsp;<\/p>\n<p>&nbsp;<\/p>\n<p>17h30 : Le pouvoir du son et des fr\u00e9quences sonores, un puissant outil de lib\u00e9ration et r\u00e9harmonisation ! <strong>Venez vivre en direct une exp\u00e9rience de bain sonore vibratoire.<\/strong> <strong>Annabelle de Villedieu<\/strong><\/p>\n<p><strong>\u00a0<\/strong><\/p>\n<p><strong>\u00a0<\/strong><\/p>\n<h3><u>Dimanche 1er f\u00e9vrier\u00a0 <\/u><\/h3>\n<p>&nbsp;<\/p>\n<p><strong>L\u2019alimentation du corps et de l\u2019esprit<\/strong><\/p>\n<p>&nbsp;<\/p>\n<p><a href=\"https:\/\/www.salon-medecinedouce.com\/paris\/?attachment_id=19898\" rel=\"attachment wp-att-17545\"><img loading=\"lazy\" decoding=\"async\" class=\"wp-image-19898 alignleft\" src=\"https:\/\/www.salon-medecinedouce.com\/paris\/wp-content\/uploads\/sites\/14\/2025\/11\/Beige-Simple-Round-Photo-Valentines-Card-15-300x300.png\" alt=\"\" width=\"202\" height=\"202\" srcset=\"https:\/\/www.salon-medecinedouce.com\/paris\/wp-content\/uploads\/sites\/14\/2025\/11\/Beige-Simple-Round-Photo-Valentines-Card-15-300x300.png 300w, https:\/\/www.salon-medecinedouce.com\/paris\/wp-content\/uploads\/sites\/14\/2025\/11\/Beige-Simple-Round-Photo-Valentines-Card-15-1024x1024.png 1024w, https:\/\/www.salon-medecinedouce.com\/paris\/wp-content\/uploads\/sites\/14\/2025\/11\/Beige-Simple-Round-Photo-Valentines-Card-15-150x150.png 150w, https:\/\/www.salon-medecinedouce.com\/paris\/wp-content\/uploads\/sites\/14\/2025\/11\/Beige-Simple-Round-Photo-Valentines-Card-15-768x768.png 768w, https:\/\/www.salon-medecinedouce.com\/paris\/wp-content\/uploads\/sites\/14\/2025\/11\/Beige-Simple-Round-Photo-Valentines-Card-15-500x500.png 500w, https:\/\/www.salon-medecinedouce.com\/paris\/wp-content\/uploads\/sites\/14\/2025\/11\/Beige-Simple-Round-Photo-Valentines-Card-15-45x45.png 45w, https:\/\/www.salon-medecinedouce.com\/paris\/wp-content\/uploads\/sites\/14\/2025\/11\/Beige-Simple-Round-Photo-Valentines-Card-15.png 1500w\" sizes=\"(max-width: 202px) 100vw, 202px\" \/><\/a><\/p>\n<p style=\"text-align: left;\">\u00a0<\/p>\n<p>&nbsp;<\/p>\n<p style=\"text-align: left;\">10h45\u00a0: Cerveau sous influence. <strong>Chlo\u00e9 Shaw Jackson<\/strong><\/p>\n<p style=\"text-align: left;\"><em>Comment le sucre sabote notre sant\u00e9 mentale.<\/em><\/p>\n<p>&nbsp;<\/p>\n<p><a href=\"https:\/\/www.salon-medecinedouce.com\/paris\/?attachment_id=19899\" rel=\"attachment wp-att-17544\"><img loading=\"lazy\" decoding=\"async\" class=\"wp-image-19899 alignright\" src=\"https:\/\/www.salon-medecinedouce.com\/paris\/wp-content\/uploads\/sites\/14\/2025\/11\/Beige-Simple-Round-Photo-Valentines-Card-16-300x300.png\" alt=\"\" width=\"202\" height=\"202\" srcset=\"https:\/\/www.salon-medecinedouce.com\/paris\/wp-content\/uploads\/sites\/14\/2025\/11\/Beige-Simple-Round-Photo-Valentines-Card-16-300x300.png 300w, https:\/\/www.salon-medecinedouce.com\/paris\/wp-content\/uploads\/sites\/14\/2025\/11\/Beige-Simple-Round-Photo-Valentines-Card-16-1024x1024.png 1024w, https:\/\/www.salon-medecinedouce.com\/paris\/wp-content\/uploads\/sites\/14\/2025\/11\/Beige-Simple-Round-Photo-Valentines-Card-16-150x150.png 150w, https:\/\/www.salon-medecinedouce.com\/paris\/wp-content\/uploads\/sites\/14\/2025\/11\/Beige-Simple-Round-Photo-Valentines-Card-16-768x768.png 768w, https:\/\/www.salon-medecinedouce.com\/paris\/wp-content\/uploads\/sites\/14\/2025\/11\/Beige-Simple-Round-Photo-Valentines-Card-16-500x500.png 500w, https:\/\/www.salon-medecinedouce.com\/paris\/wp-content\/uploads\/sites\/14\/2025\/11\/Beige-Simple-Round-Photo-Valentines-Card-16-45x45.png 45w, https:\/\/www.salon-medecinedouce.com\/paris\/wp-content\/uploads\/sites\/14\/2025\/11\/Beige-Simple-Round-Photo-Valentines-Card-16.png 1500w\" sizes=\"(max-width: 202px) 100vw, 202px\" \/><\/a><\/p>\n<p>&nbsp;<\/p>\n<p>&nbsp;<\/p>\n<p style=\"text-align: justify;\">12h15\u00a0: Notre visage est le reflet de l\u2019encombrement de nos organes. <strong>France Guillain<\/strong><\/p>\n<p style=\"text-align: justify;\"><em>Comment, sur notre visage, d\u00e9tecter ceux de nos organes qui s\u2019enrobent de gras, et retrouver, par le bain d\u00e9rivatif la sym\u00e9trie qui nous rajeunit.\u00a0<\/em><\/p>\n<p>&nbsp;<\/p>\n<p><a href=\"https:\/\/www.salon-medecinedouce.com\/paris\/?attachment_id=19900\" rel=\"attachment wp-att-17562\"><img loading=\"lazy\" decoding=\"async\" class=\"wp-image-19900 alignleft\" src=\"https:\/\/www.salon-medecinedouce.com\/paris\/wp-content\/uploads\/sites\/14\/2025\/11\/Beige-Simple-Round-Photo-Valentines-Card-18-300x300.png\" alt=\"\" width=\"202\" height=\"202\" srcset=\"https:\/\/www.salon-medecinedouce.com\/paris\/wp-content\/uploads\/sites\/14\/2025\/11\/Beige-Simple-Round-Photo-Valentines-Card-18-300x300.png 300w, https:\/\/www.salon-medecinedouce.com\/paris\/wp-content\/uploads\/sites\/14\/2025\/11\/Beige-Simple-Round-Photo-Valentines-Card-18-1024x1024.png 1024w, https:\/\/www.salon-medecinedouce.com\/paris\/wp-content\/uploads\/sites\/14\/2025\/11\/Beige-Simple-Round-Photo-Valentines-Card-18-150x150.png 150w, https:\/\/www.salon-medecinedouce.com\/paris\/wp-content\/uploads\/sites\/14\/2025\/11\/Beige-Simple-Round-Photo-Valentines-Card-18-768x768.png 768w, https:\/\/www.salon-medecinedouce.com\/paris\/wp-content\/uploads\/sites\/14\/2025\/11\/Beige-Simple-Round-Photo-Valentines-Card-18-500x500.png 500w, https:\/\/www.salon-medecinedouce.com\/paris\/wp-content\/uploads\/sites\/14\/2025\/11\/Beige-Simple-Round-Photo-Valentines-Card-18-45x45.png 45w, https:\/\/www.salon-medecinedouce.com\/paris\/wp-content\/uploads\/sites\/14\/2025\/11\/Beige-Simple-Round-Photo-Valentines-Card-18.png 1500w\" sizes=\"(max-width: 202px) 100vw, 202px\" \/><\/a><\/p>\n<p>&nbsp;<\/p>\n<p>&nbsp;<\/p>\n<p>13h45\u00a0: R\u00e9v\u00e9lez le potentiel cach\u00e9 de vos Microbiotes. <strong>Kahina Oussedik<\/strong><\/p>\n<p><em>Une approche scientifique et accessible pour reprendre le contr\u00f4le de sa sant\u00e9.<\/em><\/p>\n<p>&nbsp;<\/p>\n<p><a href=\"https:\/\/www.salon-medecinedouce.com\/paris\/?attachment_id=19901\" rel=\"attachment wp-att-17563\"><img loading=\"lazy\" decoding=\"async\" class=\"wp-image-19901 alignright\" src=\"https:\/\/www.salon-medecinedouce.com\/paris\/wp-content\/uploads\/sites\/14\/2025\/11\/Beige-Simple-Round-Photo-Valentines-Card-19-300x300.png\" alt=\"\" width=\"202\" height=\"202\" srcset=\"https:\/\/www.salon-medecinedouce.com\/paris\/wp-content\/uploads\/sites\/14\/2025\/11\/Beige-Simple-Round-Photo-Valentines-Card-19-300x300.png 300w, https:\/\/www.salon-medecinedouce.com\/paris\/wp-content\/uploads\/sites\/14\/2025\/11\/Beige-Simple-Round-Photo-Valentines-Card-19-1024x1024.png 1024w, https:\/\/www.salon-medecinedouce.com\/paris\/wp-content\/uploads\/sites\/14\/2025\/11\/Beige-Simple-Round-Photo-Valentines-Card-19-150x150.png 150w, https:\/\/www.salon-medecinedouce.com\/paris\/wp-content\/uploads\/sites\/14\/2025\/11\/Beige-Simple-Round-Photo-Valentines-Card-19-768x768.png 768w, https:\/\/www.salon-medecinedouce.com\/paris\/wp-content\/uploads\/sites\/14\/2025\/11\/Beige-Simple-Round-Photo-Valentines-Card-19-500x500.png 500w, https:\/\/www.salon-medecinedouce.com\/paris\/wp-content\/uploads\/sites\/14\/2025\/11\/Beige-Simple-Round-Photo-Valentines-Card-19-45x45.png 45w, https:\/\/www.salon-medecinedouce.com\/paris\/wp-content\/uploads\/sites\/14\/2025\/11\/Beige-Simple-Round-Photo-Valentines-Card-19.png 1500w\" sizes=\"(max-width: 202px) 100vw, 202px\" \/><\/a><\/p>\n<p>&nbsp;<\/p>\n<p>&nbsp;<\/p>\n<p style=\"text-align: right;\">15h15\u00a0: La r\u00e9volution de ta sant\u00e9. <strong>M\u00e9lanie Padovani<\/strong><\/p>\n<p style=\"text-align: right;\"><em>Tout part du cerveau, chef d\u2019orchestre du corps.<\/em><\/p>\n<p>&nbsp;<\/p>\n<p><img loading=\"lazy\" decoding=\"async\" class=\"wp-image-19902 alignleft\" src=\"https:\/\/www.salon-medecinedouce.com\/paris\/wp-content\/uploads\/sites\/14\/2025\/11\/Beige-Simple-Round-Photo-Valentines-Card-20-300x300.png\" alt=\"\" width=\"202\" height=\"202\" srcset=\"https:\/\/www.salon-medecinedouce.com\/paris\/wp-content\/uploads\/sites\/14\/2025\/11\/Beige-Simple-Round-Photo-Valentines-Card-20-300x300.png 300w, https:\/\/www.salon-medecinedouce.com\/paris\/wp-content\/uploads\/sites\/14\/2025\/11\/Beige-Simple-Round-Photo-Valentines-Card-20-1024x1024.png 1024w, https:\/\/www.salon-medecinedouce.com\/paris\/wp-content\/uploads\/sites\/14\/2025\/11\/Beige-Simple-Round-Photo-Valentines-Card-20-150x150.png 150w, https:\/\/www.salon-medecinedouce.com\/paris\/wp-content\/uploads\/sites\/14\/2025\/11\/Beige-Simple-Round-Photo-Valentines-Card-20-768x768.png 768w, https:\/\/www.salon-medecinedouce.com\/paris\/wp-content\/uploads\/sites\/14\/2025\/11\/Beige-Simple-Round-Photo-Valentines-Card-20-500x500.png 500w, https:\/\/www.salon-medecinedouce.com\/paris\/wp-content\/uploads\/sites\/14\/2025\/11\/Beige-Simple-Round-Photo-Valentines-Card-20-45x45.png 45w, https:\/\/www.salon-medecinedouce.com\/paris\/wp-content\/uploads\/sites\/14\/2025\/11\/Beige-Simple-Round-Photo-Valentines-Card-20.png 1500w\" sizes=\"(max-width: 202px) 100vw, 202px\" \/><\/p>\n<p>&nbsp;<\/p>\n<p>&nbsp;<\/p>\n<p>16h45\u00a0: Comprendre et limiter les effets de la chimio et radioth\u00e9rapie. <strong>Jean-Pierre Willem<\/strong><\/p>\n<p><em>L\u2019apport des nouvelles mol\u00e9cules dans la prise en charge des cancers.<\/em><\/p>\n<p>&nbsp;<\/p>\n<h3>\u00a0<\/h3>\n<h3><u>\u00a0Lundi 2 f\u00e9vrier<\/u><\/h3>\n<p>&nbsp;<\/p>\n<p><strong>Le corps messager<\/strong><\/p>\n<p><a href=\"https:\/\/www.salon-medecinedouce.com\/paris\/?attachment_id=19906\" rel=\"attachment wp-att-17568\"><img loading=\"lazy\" decoding=\"async\" class=\"wp-image-19906 alignleft\" src=\"https:\/\/www.salon-medecinedouce.com\/paris\/wp-content\/uploads\/sites\/14\/2025\/11\/Beige-Simple-Round-Photo-Valentines-Card-21-300x300.png\" alt=\"\" width=\"202\" height=\"202\" srcset=\"https:\/\/www.salon-medecinedouce.com\/paris\/wp-content\/uploads\/sites\/14\/2025\/11\/Beige-Simple-Round-Photo-Valentines-Card-21-300x300.png 300w, https:\/\/www.salon-medecinedouce.com\/paris\/wp-content\/uploads\/sites\/14\/2025\/11\/Beige-Simple-Round-Photo-Valentines-Card-21-1024x1024.png 1024w, https:\/\/www.salon-medecinedouce.com\/paris\/wp-content\/uploads\/sites\/14\/2025\/11\/Beige-Simple-Round-Photo-Valentines-Card-21-150x150.png 150w, https:\/\/www.salon-medecinedouce.com\/paris\/wp-content\/uploads\/sites\/14\/2025\/11\/Beige-Simple-Round-Photo-Valentines-Card-21-768x768.png 768w, https:\/\/www.salon-medecinedouce.com\/paris\/wp-content\/uploads\/sites\/14\/2025\/11\/Beige-Simple-Round-Photo-Valentines-Card-21-500x500.png 500w, https:\/\/www.salon-medecinedouce.com\/paris\/wp-content\/uploads\/sites\/14\/2025\/11\/Beige-Simple-Round-Photo-Valentines-Card-21-45x45.png 45w, https:\/\/www.salon-medecinedouce.com\/paris\/wp-content\/uploads\/sites\/14\/2025\/11\/Beige-Simple-Round-Photo-Valentines-Card-21.png 1500w\" sizes=\"(max-width: 202px) 100vw, 202px\" \/><\/a><\/p>\n<p>&nbsp;<\/p>\n<p>&nbsp;<\/p>\n<p>10h45\u00a0: Les fascias : les conna\u00eetre pour mieux les soigner. <strong>Dr Dani\u00e8le Ranoux,<\/strong><\/p>\n<p><em>Douleurs, c\u00e9phal\u00e9es, acouph\u00e8nes, vertiges : et si c\u2019\u00e9taient vos fascias ?<\/em><\/p>\n<p>&nbsp;<\/p>\n<p><a href=\"https:\/\/www.salon-medecinedouce.com\/paris\/?attachment_id=19907\" rel=\"attachment wp-att-17564\"><img loading=\"lazy\" decoding=\"async\" class=\"wp-image-19907 alignright\" src=\"https:\/\/www.salon-medecinedouce.com\/paris\/wp-content\/uploads\/sites\/14\/2025\/11\/Beige-Simple-Round-Photo-Valentines-Card-22-300x300.png\" alt=\"\" width=\"202\" height=\"202\" srcset=\"https:\/\/www.salon-medecinedouce.com\/paris\/wp-content\/uploads\/sites\/14\/2025\/11\/Beige-Simple-Round-Photo-Valentines-Card-22-300x300.png 300w, https:\/\/www.salon-medecinedouce.com\/paris\/wp-content\/uploads\/sites\/14\/2025\/11\/Beige-Simple-Round-Photo-Valentines-Card-22-1024x1024.png 1024w, https:\/\/www.salon-medecinedouce.com\/paris\/wp-content\/uploads\/sites\/14\/2025\/11\/Beige-Simple-Round-Photo-Valentines-Card-22-150x150.png 150w, https:\/\/www.salon-medecinedouce.com\/paris\/wp-content\/uploads\/sites\/14\/2025\/11\/Beige-Simple-Round-Photo-Valentines-Card-22-768x768.png 768w, https:\/\/www.salon-medecinedouce.com\/paris\/wp-content\/uploads\/sites\/14\/2025\/11\/Beige-Simple-Round-Photo-Valentines-Card-22-500x500.png 500w, https:\/\/www.salon-medecinedouce.com\/paris\/wp-content\/uploads\/sites\/14\/2025\/11\/Beige-Simple-Round-Photo-Valentines-Card-22-45x45.png 45w, https:\/\/www.salon-medecinedouce.com\/paris\/wp-content\/uploads\/sites\/14\/2025\/11\/Beige-Simple-Round-Photo-Valentines-Card-22.png 1500w\" sizes=\"(max-width: 202px) 100vw, 202px\" \/><\/a><\/p>\n<p>&nbsp;<\/p>\n<p>&nbsp;<\/p>\n<p style=\"text-align: justify;\">12h15\u00a0: Lombalgie, c\u00e9phal\u00e9e, contracture&#8230; ce que me dit votre corps. <strong>Dr Mohamed Bouchoucha<\/strong><\/p>\n<p style=\"text-align: justify;\"><em>Les m\u00e9thodes du kin\u00e9-ost\u00e9o des personnalit\u00e9s pour soulager toutes vos douleurs.<\/em><\/p>\n<p>&nbsp;<\/p>\n<p><a href=\"https:\/\/www.salon-medecinedouce.com\/paris\/?attachment_id=19908\" rel=\"attachment wp-att-17541\"><img loading=\"lazy\" decoding=\"async\" class=\"wp-image-19908 alignleft\" src=\"https:\/\/www.salon-medecinedouce.com\/paris\/wp-content\/uploads\/sites\/14\/2025\/11\/Beige-Simple-Round-Photo-Valentines-Card-23-300x300.png\" alt=\"\" width=\"202\" height=\"202\" srcset=\"https:\/\/www.salon-medecinedouce.com\/paris\/wp-content\/uploads\/sites\/14\/2025\/11\/Beige-Simple-Round-Photo-Valentines-Card-23-300x300.png 300w, https:\/\/www.salon-medecinedouce.com\/paris\/wp-content\/uploads\/sites\/14\/2025\/11\/Beige-Simple-Round-Photo-Valentines-Card-23-1024x1024.png 1024w, https:\/\/www.salon-medecinedouce.com\/paris\/wp-content\/uploads\/sites\/14\/2025\/11\/Beige-Simple-Round-Photo-Valentines-Card-23-150x150.png 150w, https:\/\/www.salon-medecinedouce.com\/paris\/wp-content\/uploads\/sites\/14\/2025\/11\/Beige-Simple-Round-Photo-Valentines-Card-23-768x768.png 768w, https:\/\/www.salon-medecinedouce.com\/paris\/wp-content\/uploads\/sites\/14\/2025\/11\/Beige-Simple-Round-Photo-Valentines-Card-23-500x500.png 500w, https:\/\/www.salon-medecinedouce.com\/paris\/wp-content\/uploads\/sites\/14\/2025\/11\/Beige-Simple-Round-Photo-Valentines-Card-23-45x45.png 45w, https:\/\/www.salon-medecinedouce.com\/paris\/wp-content\/uploads\/sites\/14\/2025\/11\/Beige-Simple-Round-Photo-Valentines-Card-23.png 1500w\" sizes=\"(max-width: 202px) 100vw, 202px\" \/><\/a><\/p>\n<p>&nbsp;<\/p>\n<p>&nbsp;<\/p>\n<p>13h45\u00a0: Votre sant\u00e9 au bout de la fourchette et les analyses biologiques. <strong>Dr Nicolas Zamaria<\/strong><\/p>\n<p><em>Impact sur la sant\u00e9 physique et \u00e9motionnelle, guide et conseils.<\/em><\/p>\n<p>&nbsp;<\/p>\n<p><img loading=\"lazy\" decoding=\"async\" class=\"wp-image-19909 alignright\" src=\"https:\/\/www.salon-medecinedouce.com\/paris\/wp-content\/uploads\/sites\/14\/2025\/11\/Beige-Simple-Round-Photo-Valentines-Card-24-300x300.png\" alt=\"\" width=\"202\" height=\"202\" srcset=\"https:\/\/www.salon-medecinedouce.com\/paris\/wp-content\/uploads\/sites\/14\/2025\/11\/Beige-Simple-Round-Photo-Valentines-Card-24-300x300.png 300w, https:\/\/www.salon-medecinedouce.com\/paris\/wp-content\/uploads\/sites\/14\/2025\/11\/Beige-Simple-Round-Photo-Valentines-Card-24-1024x1024.png 1024w, https:\/\/www.salon-medecinedouce.com\/paris\/wp-content\/uploads\/sites\/14\/2025\/11\/Beige-Simple-Round-Photo-Valentines-Card-24-150x150.png 150w, https:\/\/www.salon-medecinedouce.com\/paris\/wp-content\/uploads\/sites\/14\/2025\/11\/Beige-Simple-Round-Photo-Valentines-Card-24-768x768.png 768w, https:\/\/www.salon-medecinedouce.com\/paris\/wp-content\/uploads\/sites\/14\/2025\/11\/Beige-Simple-Round-Photo-Valentines-Card-24-500x500.png 500w, https:\/\/www.salon-medecinedouce.com\/paris\/wp-content\/uploads\/sites\/14\/2025\/11\/Beige-Simple-Round-Photo-Valentines-Card-24-45x45.png 45w, https:\/\/www.salon-medecinedouce.com\/paris\/wp-content\/uploads\/sites\/14\/2025\/11\/Beige-Simple-Round-Photo-Valentines-Card-24.png 1500w\" sizes=\"(max-width: 202px) 100vw, 202px\" \/><\/p>\n<p>&nbsp;<\/p>\n<p>&nbsp;<\/p>\n<p style=\"text-align: right;\">15h15 : F\u00eal\u00e9, bipolaire et tellement plus ! <strong>Fran\u00e7ois Mallet<\/strong><\/p>\n<p style=\"text-align: right;\"><em>Nos f\u00ealures laissent passer la lumi\u00e8re.\u00a0<\/em><\/p>\n<p style=\"text-align: right;\">\u00a0<\/p>\n<h3><a href=\"https:\/\/www.salon-medecinedouce.com\/paris\/?page_id=19919&amp;preview=true\" target=\"_blank\" rel=\"noopener\"><span style=\"font-size: 12pt;\">Programme des conf\u00e9rences d\u00e9taill\u00e9 2026<\/span><\/a><\/h3>\n<p>Retrouvez le programme des \u00e9ditions pr\u00e9c\u00e9dentes :<\/p>\n<ul>\n<li><a href=\"https:\/\/www.salon-medecinedouce.com\/paris\/17521-2\/\" target=\"_blank\" rel=\"noopener\">programme des conf\u00e9rences 2024<\/a><\/li>\n<li><a href=\"https:\/\/www.salon-medecinedouce.com\/paris\/programme-des-conferences-2022\/\" target=\"_blank\" rel=\"noopener\">programme des conf\u00e9rences 2022<\/a><\/li>\n<li><a href=\"https:\/\/www.salon-medecinedouce.com\/paris\/programme\/conferences\/programme-des-conferences-2020\/\">programme des conf\u00e9rences 2020<\/a>.<\/li>\n<\/ul>\n<div class=\"salon-pubs-hp-bas-de-page salon-entity-placement\" id=\"salon-343158108\"><div id=\"salon-2042809488\"><a data-no-instant=\"1\" href=\"https:\/\/www.adntv.fr\/home?request_origin=tv_app\" rel=\"noopener\" class=\"a2t-link\" target=\"_blank\"><p><a href=\"https:\/\/www.salondesseniors.com\/\"><img loading=\"lazy\" decoding=\"async\" class=\"wp-image-22417 aligncenter\" src=\"https:\/\/www.salon-medecinedouce.com\/paris\/wp-content\/uploads\/sites\/14\/2026\/02\/Banniere-728x90-1-300x37.png\" alt=\"\" width=\"754\" height=\"93\" srcset=\"https:\/\/www.salon-medecinedouce.com\/paris\/wp-content\/uploads\/sites\/14\/2026\/02\/Banniere-728x90-1-300x37.png 300w, https:\/\/www.salon-medecinedouce.com\/paris\/wp-content\/uploads\/sites\/14\/2026\/02\/Banniere-728x90-1-1024x127.png 1024w, https:\/\/www.salon-medecinedouce.com\/paris\/wp-content\/uploads\/sites\/14\/2026\/02\/Banniere-728x90-1-768x95.png 768w, https:\/\/www.salon-medecinedouce.com\/paris\/wp-content\/uploads\/sites\/14\/2026\/02\/Banniere-728x90-1-1536x190.png 1536w, https:\/\/www.salon-medecinedouce.com\/paris\/wp-content\/uploads\/sites\/14\/2026\/02\/Banniere-728x90-1-2048x253.png 2048w, https:\/\/www.salon-medecinedouce.com\/paris\/wp-content\/uploads\/sites\/14\/2026\/02\/Banniere-728x90-1-150x19.png 150w, https:\/\/www.salon-medecinedouce.com\/paris\/wp-content\/uploads\/sites\/14\/2026\/02\/Banniere-728x90-1-500x62.png 500w\" sizes=\"(max-width: 754px) 100vw, 754px\" \/><\/a><\/p>\n<\/a><\/div><\/div>","protected":false},"excerpt":{"rendered":"<p>Au coeur du salon, les conf\u00e9rences experts font intervenir m\u00e9decins et praticiens sur des probl\u00e9matiques en \u00e9cho avec l\u2019actualit\u00e9. Cette ann\u00e9e la th\u00e9matique des conf\u00e9rences est ax\u00e9e sur la sant\u00e9 mentale : renouer avec l&rsquo;\u00e9quilibre corps-esprit.\u00a0 \u00a0 La participation aux conf\u00e9rences est gratuite, nous vous conseillons de vous pr\u00e9senter devant la salle, 10 minutes avant&hellip; <\/p>\n","protected":false},"author":1,"featured_media":19604,"parent":2085,"menu_order":2,"comment_status":"closed","ping_status":"closed","template":"","meta":{"_monsterinsights_skip_tracking":false,"_monsterinsights_sitenote_active":false,"_monsterinsights_sitenote_note":"","_monsterinsights_sitenote_category":0,"footnotes":""},"class_list":["post-3612","page","type-page","status-publish","has-post-thumbnail","hentry"],"yoast_head":"<!-- This site is optimized with the Yoast SEO plugin v27.3 - https:\/\/yoast.com\/product\/yoast-seo-wordpress\/ -->\n<title>Conf\u00e9rences Bien-\u00catre M\u00e9decine Douce Paris<\/title>\n<meta name=\"description\" content=\"Salon Bien-\u00catre M\u00e9decine Douce Paris : 18 conf\u00e9rences sur le th\u00e8me de la m\u00e9decine douce men\u00e9es par des experts de la sant\u00e9 au naturel.\" \/>\n<meta name=\"robots\" content=\"index, follow, max-snippet:-1, max-image-preview:large, max-video-preview:-1\" \/>\n<link rel=\"canonical\" href=\"https:\/\/www.salon-medecinedouce.com\/paris\/programme\/conferences\/\" \/>\n<meta property=\"og:locale\" content=\"fr_FR\" \/>\n<meta property=\"og:type\" content=\"article\" \/>\n<meta property=\"og:title\" content=\"Conf\u00e9rences Bien-\u00catre M\u00e9decine Douce Paris\" \/>\n<meta property=\"og:description\" content=\"Salon Bien-\u00catre M\u00e9decine Douce Paris : 18 conf\u00e9rences sur le th\u00e8me de la m\u00e9decine douce men\u00e9es par des experts de la sant\u00e9 au naturel.\" \/>\n<meta property=\"og:url\" content=\"https:\/\/www.salon-medecinedouce.com\/paris\/programme\/conferences\/\" \/>\n<meta property=\"og:site_name\" content=\"Bien-\u00eatre Paris\" \/>\n<meta property=\"article:modified_time\" content=\"2026-03-06T13:40:55+00:00\" \/>\n<meta property=\"og:image\" content=\"https:\/\/www.salon-medecinedouce.com\/paris\/wp-content\/uploads\/sites\/14\/2025\/05\/AdobeStock_1201458649-scaled.jpeg\" \/>\n\t<meta property=\"og:image:width\" content=\"2560\" \/>\n\t<meta property=\"og:image:height\" content=\"1688\" \/>\n\t<meta property=\"og:image:type\" content=\"image\/jpeg\" \/>\n<meta name=\"twitter:card\" content=\"summary_large_image\" \/>\n<meta name=\"twitter:label1\" content=\"Dur\u00e9e de lecture estim\u00e9e\" \/>\n\t<meta name=\"twitter:data1\" content=\"9 minutes\" \/>\n<script type=\"application\/ld+json\" class=\"yoast-schema-graph\">{\"@context\":\"https:\\\/\\\/schema.org\",\"@graph\":[{\"@type\":\"WebPage\",\"@id\":\"https:\\\/\\\/www.salon-medecinedouce.com\\\/paris\\\/programme\\\/conferences\\\/\",\"url\":\"https:\\\/\\\/www.salon-medecinedouce.com\\\/paris\\\/programme\\\/conferences\\\/\",\"name\":\"Conf\u00e9rences Bien-\u00catre M\u00e9decine Douce Paris\",\"isPartOf\":{\"@id\":\"https:\\\/\\\/www.salon-medecinedouce.com\\\/paris\\\/#website\"},\"primaryImageOfPage\":{\"@id\":\"https:\\\/\\\/www.salon-medecinedouce.com\\\/paris\\\/programme\\\/conferences\\\/#primaryimage\"},\"image\":{\"@id\":\"https:\\\/\\\/www.salon-medecinedouce.com\\\/paris\\\/programme\\\/conferences\\\/#primaryimage\"},\"thumbnailUrl\":\"https:\\\/\\\/www.salon-medecinedouce.com\\\/paris\\\/wp-content\\\/uploads\\\/sites\\\/14\\\/2025\\\/05\\\/AdobeStock_1201458649-scaled.jpeg\",\"datePublished\":\"2025-11-14T09:11:06+00:00\",\"dateModified\":\"2026-03-06T13:40:55+00:00\",\"description\":\"Salon Bien-\u00catre M\u00e9decine Douce Paris : 18 conf\u00e9rences sur le th\u00e8me de la m\u00e9decine douce men\u00e9es par des experts de la sant\u00e9 au naturel.\",\"breadcrumb\":{\"@id\":\"https:\\\/\\\/www.salon-medecinedouce.com\\\/paris\\\/programme\\\/conferences\\\/#breadcrumb\"},\"inLanguage\":\"fr-FR\",\"potentialAction\":[{\"@type\":\"ReadAction\",\"target\":[\"https:\\\/\\\/www.salon-medecinedouce.com\\\/paris\\\/programme\\\/conferences\\\/\"]}]},{\"@type\":\"ImageObject\",\"inLanguage\":\"fr-FR\",\"@id\":\"https:\\\/\\\/www.salon-medecinedouce.com\\\/paris\\\/programme\\\/conferences\\\/#primaryimage\",\"url\":\"https:\\\/\\\/www.salon-medecinedouce.com\\\/paris\\\/wp-content\\\/uploads\\\/sites\\\/14\\\/2025\\\/05\\\/AdobeStock_1201458649-scaled.jpeg\",\"contentUrl\":\"https:\\\/\\\/www.salon-medecinedouce.com\\\/paris\\\/wp-content\\\/uploads\\\/sites\\\/14\\\/2025\\\/05\\\/AdobeStock_1201458649-scaled.jpeg\",\"width\":2560,\"height\":1688,\"caption\":\"Young woman lying on couch, having chiropractic back adjustment. Doctor or physiotherapist examining and treating injured back, doing relaxing back massage therapy, rehabilitation therapy in clinic.\"},{\"@type\":\"BreadcrumbList\",\"@id\":\"https:\\\/\\\/www.salon-medecinedouce.com\\\/paris\\\/programme\\\/conferences\\\/#breadcrumb\",\"itemListElement\":[{\"@type\":\"ListItem\",\"position\":1,\"name\":\"Accueil\",\"item\":\"https:\\\/\\\/www.salon-medecinedouce.com\\\/paris\\\/\"},{\"@type\":\"ListItem\",\"position\":2,\"name\":\"Programme du salon\",\"item\":\"https:\\\/\\\/www.salon-medecinedouce.com\\\/paris\\\/programme\\\/\"},{\"@type\":\"ListItem\",\"position\":3,\"name\":\"Conf\u00e9rences experts\"}]},{\"@type\":\"WebSite\",\"@id\":\"https:\\\/\\\/www.salon-medecinedouce.com\\\/paris\\\/#website\",\"url\":\"https:\\\/\\\/www.salon-medecinedouce.com\\\/paris\\\/\",\"name\":\"Bien-\u00eatre Paris\",\"description\":\"La sant\u00e9 au naturel : M\u00e9decines douces - Compl\u00e9ments alimentaires - Alimentation saine - Cosm\u00e9tiques naturelles - Art de vivre - Tourisme de sant\u00e9\",\"publisher\":{\"@id\":\"https:\\\/\\\/www.salon-medecinedouce.com\\\/paris\\\/#organization\"},\"potentialAction\":[{\"@type\":\"SearchAction\",\"target\":{\"@type\":\"EntryPoint\",\"urlTemplate\":\"https:\\\/\\\/www.salon-medecinedouce.com\\\/paris\\\/?s={search_term_string}\"},\"query-input\":{\"@type\":\"PropertyValueSpecification\",\"valueRequired\":true,\"valueName\":\"search_term_string\"}}],\"inLanguage\":\"fr-FR\"},{\"@type\":\"Organization\",\"@id\":\"https:\\\/\\\/www.salon-medecinedouce.com\\\/paris\\\/#organization\",\"name\":\"Bien-\u00eatre Paris\",\"url\":\"https:\\\/\\\/www.salon-medecinedouce.com\\\/paris\\\/\",\"logo\":{\"@type\":\"ImageObject\",\"inLanguage\":\"fr-FR\",\"@id\":\"https:\\\/\\\/www.salon-medecinedouce.com\\\/paris\\\/#\\\/schema\\\/logo\\\/image\\\/\",\"url\":\"https:\\\/\\\/www.salon-medecinedouce.com\\\/paris\\\/wp-content\\\/uploads\\\/sites\\\/14\\\/2024\\\/05\\\/cropped-logo-orange-bemd.png\",\"contentUrl\":\"https:\\\/\\\/www.salon-medecinedouce.com\\\/paris\\\/wp-content\\\/uploads\\\/sites\\\/14\\\/2024\\\/05\\\/cropped-logo-orange-bemd.png\",\"width\":591,\"height\":591,\"caption\":\"Bien-\u00eatre Paris\"},\"image\":{\"@id\":\"https:\\\/\\\/www.salon-medecinedouce.com\\\/paris\\\/#\\\/schema\\\/logo\\\/image\\\/\"}}]}<\/script>\n<!-- \/ Yoast SEO plugin. -->","yoast_head_json":{"title":"Conf\u00e9rences Bien-\u00catre M\u00e9decine Douce Paris","description":"Salon Bien-\u00catre M\u00e9decine Douce Paris : 18 conf\u00e9rences sur le th\u00e8me de la m\u00e9decine douce men\u00e9es par des experts de la sant\u00e9 au naturel.","robots":{"index":"index","follow":"follow","max-snippet":"max-snippet:-1","max-image-preview":"max-image-preview:large","max-video-preview":"max-video-preview:-1"},"canonical":"https:\/\/www.salon-medecinedouce.com\/paris\/programme\/conferences\/","og_locale":"fr_FR","og_type":"article","og_title":"Conf\u00e9rences Bien-\u00catre M\u00e9decine Douce Paris","og_description":"Salon Bien-\u00catre M\u00e9decine Douce Paris : 18 conf\u00e9rences sur le th\u00e8me de la m\u00e9decine douce men\u00e9es par des experts de la sant\u00e9 au naturel.","og_url":"https:\/\/www.salon-medecinedouce.com\/paris\/programme\/conferences\/","og_site_name":"Bien-\u00eatre Paris","article_modified_time":"2026-03-06T13:40:55+00:00","og_image":[{"width":2560,"height":1688,"url":"https:\/\/www.salon-medecinedouce.com\/paris\/wp-content\/uploads\/sites\/14\/2025\/05\/AdobeStock_1201458649-scaled.jpeg","type":"image\/jpeg"}],"twitter_card":"summary_large_image","twitter_misc":{"Dur\u00e9e de lecture estim\u00e9e":"9 minutes"},"schema":{"@context":"https:\/\/schema.org","@graph":[{"@type":"WebPage","@id":"https:\/\/www.salon-medecinedouce.com\/paris\/programme\/conferences\/","url":"https:\/\/www.salon-medecinedouce.com\/paris\/programme\/conferences\/","name":"Conf\u00e9rences Bien-\u00catre M\u00e9decine Douce Paris","isPartOf":{"@id":"https:\/\/www.salon-medecinedouce.com\/paris\/#website"},"primaryImageOfPage":{"@id":"https:\/\/www.salon-medecinedouce.com\/paris\/programme\/conferences\/#primaryimage"},"image":{"@id":"https:\/\/www.salon-medecinedouce.com\/paris\/programme\/conferences\/#primaryimage"},"thumbnailUrl":"https:\/\/www.salon-medecinedouce.com\/paris\/wp-content\/uploads\/sites\/14\/2025\/05\/AdobeStock_1201458649-scaled.jpeg","datePublished":"2025-11-14T09:11:06+00:00","dateModified":"2026-03-06T13:40:55+00:00","description":"Salon Bien-\u00catre M\u00e9decine Douce Paris : 18 conf\u00e9rences sur le th\u00e8me de la m\u00e9decine douce men\u00e9es par des experts de la sant\u00e9 au naturel.","breadcrumb":{"@id":"https:\/\/www.salon-medecinedouce.com\/paris\/programme\/conferences\/#breadcrumb"},"inLanguage":"fr-FR","potentialAction":[{"@type":"ReadAction","target":["https:\/\/www.salon-medecinedouce.com\/paris\/programme\/conferences\/"]}]},{"@type":"ImageObject","inLanguage":"fr-FR","@id":"https:\/\/www.salon-medecinedouce.com\/paris\/programme\/conferences\/#primaryimage","url":"https:\/\/www.salon-medecinedouce.com\/paris\/wp-content\/uploads\/sites\/14\/2025\/05\/AdobeStock_1201458649-scaled.jpeg","contentUrl":"https:\/\/www.salon-medecinedouce.com\/paris\/wp-content\/uploads\/sites\/14\/2025\/05\/AdobeStock_1201458649-scaled.jpeg","width":2560,"height":1688,"caption":"Young woman lying on couch, having chiropractic back adjustment. Doctor or physiotherapist examining and treating injured back, doing relaxing back massage therapy, rehabilitation therapy in clinic."},{"@type":"BreadcrumbList","@id":"https:\/\/www.salon-medecinedouce.com\/paris\/programme\/conferences\/#breadcrumb","itemListElement":[{"@type":"ListItem","position":1,"name":"Accueil","item":"https:\/\/www.salon-medecinedouce.com\/paris\/"},{"@type":"ListItem","position":2,"name":"Programme du salon","item":"https:\/\/www.salon-medecinedouce.com\/paris\/programme\/"},{"@type":"ListItem","position":3,"name":"Conf\u00e9rences experts"}]},{"@type":"WebSite","@id":"https:\/\/www.salon-medecinedouce.com\/paris\/#website","url":"https:\/\/www.salon-medecinedouce.com\/paris\/","name":"Bien-\u00eatre Paris","description":"La sant\u00e9 au naturel : M\u00e9decines douces - Compl\u00e9ments alimentaires - Alimentation saine - Cosm\u00e9tiques naturelles - Art de vivre - Tourisme de sant\u00e9","publisher":{"@id":"https:\/\/www.salon-medecinedouce.com\/paris\/#organization"},"potentialAction":[{"@type":"SearchAction","target":{"@type":"EntryPoint","urlTemplate":"https:\/\/www.salon-medecinedouce.com\/paris\/?s={search_term_string}"},"query-input":{"@type":"PropertyValueSpecification","valueRequired":true,"valueName":"search_term_string"}}],"inLanguage":"fr-FR"},{"@type":"Organization","@id":"https:\/\/www.salon-medecinedouce.com\/paris\/#organization","name":"Bien-\u00eatre Paris","url":"https:\/\/www.salon-medecinedouce.com\/paris\/","logo":{"@type":"ImageObject","inLanguage":"fr-FR","@id":"https:\/\/www.salon-medecinedouce.com\/paris\/#\/schema\/logo\/image\/","url":"https:\/\/www.salon-medecinedouce.com\/paris\/wp-content\/uploads\/sites\/14\/2024\/05\/cropped-logo-orange-bemd.png","contentUrl":"https:\/\/www.salon-medecinedouce.com\/paris\/wp-content\/uploads\/sites\/14\/2024\/05\/cropped-logo-orange-bemd.png","width":591,"height":591,"caption":"Bien-\u00eatre Paris"},"image":{"@id":"https:\/\/www.salon-medecinedouce.com\/paris\/#\/schema\/logo\/image\/"}}]}},"rttpg_featured_image_url":{"full":["https:\/\/www.salon-medecinedouce.com\/paris\/wp-content\/uploads\/sites\/14\/2025\/05\/AdobeStock_1201458649-scaled.jpeg",2560,1688,false],"landscape":["https:\/\/www.salon-medecinedouce.com\/paris\/wp-content\/uploads\/sites\/14\/2025\/05\/AdobeStock_1201458649-scaled.jpeg",2560,1688,false],"portraits":["https:\/\/www.salon-medecinedouce.com\/paris\/wp-content\/uploads\/sites\/14\/2025\/05\/AdobeStock_1201458649-scaled.jpeg",2560,1688,false],"thumbnail":["https:\/\/www.salon-medecinedouce.com\/paris\/wp-content\/uploads\/sites\/14\/2025\/05\/AdobeStock_1201458649-150x150.jpeg",150,150,true],"medium":["https:\/\/www.salon-medecinedouce.com\/paris\/wp-content\/uploads\/sites\/14\/2025\/05\/AdobeStock_1201458649-300x198.jpeg",300,198,true],"large":["https:\/\/www.salon-medecinedouce.com\/paris\/wp-content\/uploads\/sites\/14\/2025\/05\/AdobeStock_1201458649-1024x675.jpeg",790,521,true],"1536x1536":["https:\/\/www.salon-medecinedouce.com\/paris\/wp-content\/uploads\/sites\/14\/2025\/05\/AdobeStock_1201458649-1536x1013.jpeg",1536,1013,true],"2048x2048":["https:\/\/www.salon-medecinedouce.com\/paris\/wp-content\/uploads\/sites\/14\/2025\/05\/AdobeStock_1201458649-2048x1350.jpeg",2048,1350,true],"gg_gallery_thumbnail":["https:\/\/www.salon-medecinedouce.com\/paris\/wp-content\/uploads\/sites\/14\/2025\/05\/AdobeStock_1201458649-450x250.jpeg",450,250,true],"rpwe-thumbnail":["https:\/\/www.salon-medecinedouce.com\/paris\/wp-content\/uploads\/sites\/14\/2025\/05\/AdobeStock_1201458649-45x45.jpeg",45,45,true]},"rttpg_author":{"display_name":"admin","author_link":"https:\/\/www.salon-medecinedouce.com\/paris\/blog\/author\/admin\/"},"rttpg_comment":0,"rttpg_category":false,"rttpg_excerpt":"Au coeur du salon, les conf\u00e9rences experts font intervenir m\u00e9decins et praticiens sur des probl\u00e9matiques en \u00e9cho avec l\u2019actualit\u00e9. Cette ann\u00e9e la th\u00e9matique des conf\u00e9rences est ax\u00e9e sur la sant\u00e9 mentale : renouer avec l&rsquo;\u00e9quilibre corps-esprit.\u00a0 \u00a0 La participation aux conf\u00e9rences est gratuite, nous vous conseillons de vous pr\u00e9senter devant la salle, 10 minutes avant&hellip;","_links":{"self":[{"href":"https:\/\/www.salon-medecinedouce.com\/paris\/wp-json\/wp\/v2\/pages\/3612","targetHints":{"allow":["GET"]}}],"collection":[{"href":"https:\/\/www.salon-medecinedouce.com\/paris\/wp-json\/wp\/v2\/pages"}],"about":[{"href":"https:\/\/www.salon-medecinedouce.com\/paris\/wp-json\/wp\/v2\/types\/page"}],"author":[{"embeddable":true,"href":"https:\/\/www.salon-medecinedouce.com\/paris\/wp-json\/wp\/v2\/users\/1"}],"replies":[{"embeddable":true,"href":"https:\/\/www.salon-medecinedouce.com\/paris\/wp-json\/wp\/v2\/comments?post=3612"}],"version-history":[{"count":133,"href":"https:\/\/www.salon-medecinedouce.com\/paris\/wp-json\/wp\/v2\/pages\/3612\/revisions"}],"predecessor-version":[{"id":22430,"href":"https:\/\/www.salon-medecinedouce.com\/paris\/wp-json\/wp\/v2\/pages\/3612\/revisions\/22430"}],"up":[{"embeddable":true,"href":"https:\/\/www.salon-medecinedouce.com\/paris\/wp-json\/wp\/v2\/pages\/2085"}],"wp:featuredmedia":[{"embeddable":true,"href":"https:\/\/www.salon-medecinedouce.com\/paris\/wp-json\/wp\/v2\/media\/19604"}],"wp:attachment":[{"href":"https:\/\/www.salon-medecinedouce.com\/paris\/wp-json\/wp\/v2\/media?parent=3612"}],"curies":[{"name":"wp","href":"https:\/\/api.w.org\/{rel}","templated":true}]}}