{"id":2460,"date":"2017-01-24T14:19:59","date_gmt":"2017-01-24T13:19:59","guid":{"rendered":"http:\/\/localhost:8888\/zen\/?page_id=2460"},"modified":"2024-07-03T10:11:52","modified_gmt":"2024-07-03T08:11:52","slug":"acceder-au-salon","status":"publish","type":"page","link":"https:\/\/www.salon-medecinedouce.com\/paris\/infos\/acceder-au-salon\/","title":{"rendered":"Comment venir"},"content":{"rendered":"<h2><span style=\"color: #165e6c;\">Salon Bien-\u00eatre M\u00e9decine Douce &#8211; infos pratiques<\/span><\/h2>\n<h3><span style=\"color: #165e6c;\">Acc\u00e8s au salon<\/span><\/h3>\n<h3><img fetchpriority=\"high\" decoding=\"async\" class=\"alignnone  wp-image-11995\" src=\"https:\/\/www.salon-medecinedouce.com\/paris\/wp-content\/uploads\/sites\/14\/2021\/12\/1.jpg\" alt=\"Pla d'acc\u00e8s\" width=\"574\" height=\"574\" srcset=\"https:\/\/www.salon-medecinedouce.com\/paris\/wp-content\/uploads\/sites\/14\/2021\/12\/1.jpg 1080w, https:\/\/www.salon-medecinedouce.com\/paris\/wp-content\/uploads\/sites\/14\/2021\/12\/1-300x300.jpg 300w, https:\/\/www.salon-medecinedouce.com\/paris\/wp-content\/uploads\/sites\/14\/2021\/12\/1-1024x1024.jpg 1024w, https:\/\/www.salon-medecinedouce.com\/paris\/wp-content\/uploads\/sites\/14\/2021\/12\/1-150x150.jpg 150w, https:\/\/www.salon-medecinedouce.com\/paris\/wp-content\/uploads\/sites\/14\/2021\/12\/1-768x768.jpg 768w, https:\/\/www.salon-medecinedouce.com\/paris\/wp-content\/uploads\/sites\/14\/2021\/12\/1-200x200.jpg 200w, https:\/\/www.salon-medecinedouce.com\/paris\/wp-content\/uploads\/sites\/14\/2021\/12\/1-100x100.jpg 100w, https:\/\/www.salon-medecinedouce.com\/paris\/wp-content\/uploads\/sites\/14\/2021\/12\/1-500x500.jpg 500w, https:\/\/www.salon-medecinedouce.com\/paris\/wp-content\/uploads\/sites\/14\/2021\/12\/1-45x45.jpg 45w\" sizes=\"(max-width: 574px) 100vw, 574px\" \/><\/h3>\n<h3><span style=\"color: #165e6c;\">Paris Porte de Versailles &#8211; Paris 15\u00e8me\u00a0<\/span><br \/>\n<span style=\"color: #165e6c;\">Hall 5.1<\/span><\/h3>\n<ul>\n<li><strong>M\u00e9tro<\/strong>\u00a0: ligne 12, station Porte de Versailles<br \/>\nLigne 8, station Balard<br \/>\n\u00a0\u00a0<\/li>\n<li><strong>Bus<\/strong>\u00a0: 39 &#8211; 80\u00a0<br \/>\n\u00a0<\/li>\n<li><strong>Tram<\/strong> : Ligne T2 et Ligne T3, station porte de Versailles<\/li>\n<\/ul>\n<p><a href=\"https:\/\/www.ratp.fr\/itineraires\" target=\"_blank\" rel=\"noopener noreferrer\">Pr\u00e9parez votre itin\u00e9raire : r\u00e9seau RATP &#8211; Ile-de-France<\/a><br \/>\n<a href=\"https:\/\/www.ratp.fr\/plans-lignes\" target=\"_blank\" rel=\"noopener noreferrer\">Consultez le plan\u00a0des lignes de m\u00e9tro, bus, RER et tramway<\/a><\/p>\n<ul>\n<li><strong>En voiture<\/strong>\u00a0: Par le p\u00e9riph\u00e9rique int\u00e9rieur, sortie Porte de la Plaine ou Porte de Versailles<br \/>\nPar le p\u00e9riph\u00e9rique ext\u00e9rieur, sortie Porte de S\u00e8vres ou Porte de Versailles.<br \/>\nParking C, situ\u00e9e porte C, parking payant.<br \/>\nPensez \u00e0 privil\u00e9gier le covoiturage (<a href=\"https:\/\/www.blablacar.fr\/\" target=\"_blank\" rel=\"noopener noreferrer\">www.blablacar.fr<\/a>)<br \/>\n<em>Indication GPS : 1 place de la Porte de Versailles 75015 PARIS<\/em><\/li>\n<\/ul>\n<p>&nbsp;<\/p>\n<p>&nbsp;<\/p>\n<div class=\"salon-pubs-hp-bas-de-page salon-entity-placement\" id=\"salon-3160067053\"><div id=\"salon-2991729974\"><a data-no-instant=\"1\" href=\"https:\/\/www.adntv.fr\/home?request_origin=tv_app\" rel=\"noopener\" class=\"a2t-link\" target=\"_blank\"><p><a href=\"https:\/\/www.salondesseniors.com\/\"><img decoding=\"async\" class=\"wp-image-22417 aligncenter\" src=\"https:\/\/www.salon-medecinedouce.com\/paris\/wp-content\/uploads\/sites\/14\/2026\/02\/Banniere-728x90-1-300x37.png\" alt=\"\" width=\"754\" height=\"93\" srcset=\"https:\/\/www.salon-medecinedouce.com\/paris\/wp-content\/uploads\/sites\/14\/2026\/02\/Banniere-728x90-1-300x37.png 300w, https:\/\/www.salon-medecinedouce.com\/paris\/wp-content\/uploads\/sites\/14\/2026\/02\/Banniere-728x90-1-1024x127.png 1024w, https:\/\/www.salon-medecinedouce.com\/paris\/wp-content\/uploads\/sites\/14\/2026\/02\/Banniere-728x90-1-768x95.png 768w, https:\/\/www.salon-medecinedouce.com\/paris\/wp-content\/uploads\/sites\/14\/2026\/02\/Banniere-728x90-1-1536x190.png 1536w, https:\/\/www.salon-medecinedouce.com\/paris\/wp-content\/uploads\/sites\/14\/2026\/02\/Banniere-728x90-1-2048x253.png 2048w, https:\/\/www.salon-medecinedouce.com\/paris\/wp-content\/uploads\/sites\/14\/2026\/02\/Banniere-728x90-1-150x19.png 150w, https:\/\/www.salon-medecinedouce.com\/paris\/wp-content\/uploads\/sites\/14\/2026\/02\/Banniere-728x90-1-500x62.png 500w\" sizes=\"(max-width: 754px) 100vw, 754px\" \/><\/a><\/p>\n<\/a><\/div><\/div>","protected":false},"excerpt":{"rendered":"<p>Salon Bien-\u00eatre M\u00e9decine Douce &#8211; infos pratiques Acc\u00e8s au salon Paris Porte de Versailles &#8211; Paris 15\u00e8me\u00a0 Hall 5.1 M\u00e9tro\u00a0: ligne 12, station Porte de Versailles Ligne 8, station Balard \u00a0\u00a0 Bus\u00a0: 39 &#8211; 80\u00a0 \u00a0 Tram : Ligne T2 et Ligne T3, station porte de Versailles Pr\u00e9parez votre itin\u00e9raire : r\u00e9seau RATP &#8211; Ile-de-France&hellip; <\/p>\n","protected":false},"author":1,"featured_media":13516,"parent":2094,"menu_order":0,"comment_status":"closed","ping_status":"closed","template":"","meta":{"_monsterinsights_skip_tracking":false,"_monsterinsights_sitenote_active":false,"_monsterinsights_sitenote_note":"","_monsterinsights_sitenote_category":0,"footnotes":""},"class_list":["post-2460","page","type-page","status-publish","has-post-thumbnail","hentry"],"yoast_head":"<!-- This site is optimized with the Yoast SEO plugin v27.3 - https:\/\/yoast.com\/product\/yoast-seo-wordpress\/ -->\n<title>Comment venir - Bien-\u00eatre Paris<\/title>\n<meta name=\"robots\" content=\"index, follow, max-snippet:-1, max-image-preview:large, max-video-preview:-1\" \/>\n<link rel=\"canonical\" href=\"https:\/\/www.salon-medecinedouce.com\/paris\/infos\/acceder-au-salon\/\" \/>\n<meta property=\"og:locale\" content=\"fr_FR\" \/>\n<meta property=\"og:type\" content=\"article\" \/>\n<meta property=\"og:title\" content=\"Comment venir - Bien-\u00eatre Paris\" \/>\n<meta property=\"og:description\" content=\"Salon Bien-\u00eatre M\u00e9decine Douce &#8211; infos pratiques Acc\u00e8s au salon Paris Porte de Versailles &#8211; Paris 15\u00e8me\u00a0 Hall 5.1 M\u00e9tro\u00a0: ligne 12, station Porte de Versailles Ligne 8, station Balard \u00a0\u00a0 Bus\u00a0: 39 &#8211; 80\u00a0 \u00a0 Tram : Ligne T2 et Ligne T3, station porte de Versailles Pr\u00e9parez votre itin\u00e9raire : r\u00e9seau RATP &#8211; Ile-de-France&hellip;\" \/>\n<meta property=\"og:url\" content=\"https:\/\/www.salon-medecinedouce.com\/paris\/infos\/acceder-au-salon\/\" \/>\n<meta property=\"og:site_name\" content=\"Bien-\u00eatre Paris\" \/>\n<meta property=\"article:modified_time\" content=\"2024-07-03T08:11:52+00:00\" \/>\n<meta property=\"og:image\" content=\"https:\/\/www.salon-medecinedouce.com\/paris\/wp-content\/uploads\/sites\/14\/2022\/07\/fond-bemd-2022.jpg\" \/>\n\t<meta property=\"og:image:width\" content=\"2048\" \/>\n\t<meta property=\"og:image:height\" content=\"1154\" \/>\n\t<meta property=\"og:image:type\" content=\"image\/jpeg\" \/>\n<meta name=\"twitter:card\" content=\"summary_large_image\" \/>\n<meta name=\"twitter:label1\" content=\"Dur\u00e9e de lecture estim\u00e9e\" \/>\n\t<meta name=\"twitter:data1\" content=\"1 minute\" \/>\n<script type=\"application\/ld+json\" class=\"yoast-schema-graph\">{\"@context\":\"https:\\\/\\\/schema.org\",\"@graph\":[{\"@type\":\"WebPage\",\"@id\":\"https:\\\/\\\/www.salon-medecinedouce.com\\\/paris\\\/infos\\\/acceder-au-salon\\\/\",\"url\":\"https:\\\/\\\/www.salon-medecinedouce.com\\\/paris\\\/infos\\\/acceder-au-salon\\\/\",\"name\":\"Comment venir - Bien-\u00eatre Paris\",\"isPartOf\":{\"@id\":\"https:\\\/\\\/www.salon-medecinedouce.com\\\/paris\\\/#website\"},\"primaryImageOfPage\":{\"@id\":\"https:\\\/\\\/www.salon-medecinedouce.com\\\/paris\\\/infos\\\/acceder-au-salon\\\/#primaryimage\"},\"image\":{\"@id\":\"https:\\\/\\\/www.salon-medecinedouce.com\\\/paris\\\/infos\\\/acceder-au-salon\\\/#primaryimage\"},\"thumbnailUrl\":\"https:\\\/\\\/www.salon-medecinedouce.com\\\/paris\\\/wp-content\\\/uploads\\\/sites\\\/14\\\/2022\\\/07\\\/fond-bemd-2022.jpg\",\"datePublished\":\"2017-01-24T13:19:59+00:00\",\"dateModified\":\"2024-07-03T08:11:52+00:00\",\"breadcrumb\":{\"@id\":\"https:\\\/\\\/www.salon-medecinedouce.com\\\/paris\\\/infos\\\/acceder-au-salon\\\/#breadcrumb\"},\"inLanguage\":\"fr-FR\",\"potentialAction\":[{\"@type\":\"ReadAction\",\"target\":[\"https:\\\/\\\/www.salon-medecinedouce.com\\\/paris\\\/infos\\\/acceder-au-salon\\\/\"]}]},{\"@type\":\"ImageObject\",\"inLanguage\":\"fr-FR\",\"@id\":\"https:\\\/\\\/www.salon-medecinedouce.com\\\/paris\\\/infos\\\/acceder-au-salon\\\/#primaryimage\",\"url\":\"https:\\\/\\\/www.salon-medecinedouce.com\\\/paris\\\/wp-content\\\/uploads\\\/sites\\\/14\\\/2022\\\/07\\\/fond-bemd-2022.jpg\",\"contentUrl\":\"https:\\\/\\\/www.salon-medecinedouce.com\\\/paris\\\/wp-content\\\/uploads\\\/sites\\\/14\\\/2022\\\/07\\\/fond-bemd-2022.jpg\",\"width\":2048,\"height\":1154},{\"@type\":\"BreadcrumbList\",\"@id\":\"https:\\\/\\\/www.salon-medecinedouce.com\\\/paris\\\/infos\\\/acceder-au-salon\\\/#breadcrumb\",\"itemListElement\":[{\"@type\":\"ListItem\",\"position\":1,\"name\":\"Accueil\",\"item\":\"https:\\\/\\\/www.salon-medecinedouce.com\\\/paris\\\/\"},{\"@type\":\"ListItem\",\"position\":2,\"name\":\"Infos pratiques\",\"item\":\"https:\\\/\\\/www.salon-medecinedouce.com\\\/paris\\\/infos\\\/\"},{\"@type\":\"ListItem\",\"position\":3,\"name\":\"Comment venir\"}]},{\"@type\":\"WebSite\",\"@id\":\"https:\\\/\\\/www.salon-medecinedouce.com\\\/paris\\\/#website\",\"url\":\"https:\\\/\\\/www.salon-medecinedouce.com\\\/paris\\\/\",\"name\":\"Bien-\u00eatre Paris\",\"description\":\"La sant\u00e9 au naturel : M\u00e9decines douces - Compl\u00e9ments alimentaires - Alimentation saine - Cosm\u00e9tiques naturelles - Art de vivre - Tourisme de sant\u00e9\",\"publisher\":{\"@id\":\"https:\\\/\\\/www.salon-medecinedouce.com\\\/paris\\\/#organization\"},\"potentialAction\":[{\"@type\":\"SearchAction\",\"target\":{\"@type\":\"EntryPoint\",\"urlTemplate\":\"https:\\\/\\\/www.salon-medecinedouce.com\\\/paris\\\/?s={search_term_string}\"},\"query-input\":{\"@type\":\"PropertyValueSpecification\",\"valueRequired\":true,\"valueName\":\"search_term_string\"}}],\"inLanguage\":\"fr-FR\"},{\"@type\":\"Organization\",\"@id\":\"https:\\\/\\\/www.salon-medecinedouce.com\\\/paris\\\/#organization\",\"name\":\"Bien-\u00eatre Paris\",\"url\":\"https:\\\/\\\/www.salon-medecinedouce.com\\\/paris\\\/\",\"logo\":{\"@type\":\"ImageObject\",\"inLanguage\":\"fr-FR\",\"@id\":\"https:\\\/\\\/www.salon-medecinedouce.com\\\/paris\\\/#\\\/schema\\\/logo\\\/image\\\/\",\"url\":\"https:\\\/\\\/www.salon-medecinedouce.com\\\/paris\\\/wp-content\\\/uploads\\\/sites\\\/14\\\/2024\\\/05\\\/cropped-logo-orange-bemd.png\",\"contentUrl\":\"https:\\\/\\\/www.salon-medecinedouce.com\\\/paris\\\/wp-content\\\/uploads\\\/sites\\\/14\\\/2024\\\/05\\\/cropped-logo-orange-bemd.png\",\"width\":591,\"height\":591,\"caption\":\"Bien-\u00eatre Paris\"},\"image\":{\"@id\":\"https:\\\/\\\/www.salon-medecinedouce.com\\\/paris\\\/#\\\/schema\\\/logo\\\/image\\\/\"}}]}<\/script>\n<!-- \/ Yoast SEO plugin. -->","yoast_head_json":{"title":"Comment venir - Bien-\u00eatre Paris","robots":{"index":"index","follow":"follow","max-snippet":"max-snippet:-1","max-image-preview":"max-image-preview:large","max-video-preview":"max-video-preview:-1"},"canonical":"https:\/\/www.salon-medecinedouce.com\/paris\/infos\/acceder-au-salon\/","og_locale":"fr_FR","og_type":"article","og_title":"Comment venir - Bien-\u00eatre Paris","og_description":"Salon Bien-\u00eatre M\u00e9decine Douce &#8211; infos pratiques Acc\u00e8s au salon Paris Porte de Versailles &#8211; Paris 15\u00e8me\u00a0 Hall 5.1 M\u00e9tro\u00a0: ligne 12, station Porte de Versailles Ligne 8, station Balard \u00a0\u00a0 Bus\u00a0: 39 &#8211; 80\u00a0 \u00a0 Tram : Ligne T2 et Ligne T3, station porte de Versailles Pr\u00e9parez votre itin\u00e9raire : r\u00e9seau RATP &#8211; Ile-de-France&hellip;","og_url":"https:\/\/www.salon-medecinedouce.com\/paris\/infos\/acceder-au-salon\/","og_site_name":"Bien-\u00eatre Paris","article_modified_time":"2024-07-03T08:11:52+00:00","og_image":[{"width":2048,"height":1154,"url":"https:\/\/www.salon-medecinedouce.com\/paris\/wp-content\/uploads\/sites\/14\/2022\/07\/fond-bemd-2022.jpg","type":"image\/jpeg"}],"twitter_card":"summary_large_image","twitter_misc":{"Dur\u00e9e de lecture estim\u00e9e":"1 minute"},"schema":{"@context":"https:\/\/schema.org","@graph":[{"@type":"WebPage","@id":"https:\/\/www.salon-medecinedouce.com\/paris\/infos\/acceder-au-salon\/","url":"https:\/\/www.salon-medecinedouce.com\/paris\/infos\/acceder-au-salon\/","name":"Comment venir - Bien-\u00eatre Paris","isPartOf":{"@id":"https:\/\/www.salon-medecinedouce.com\/paris\/#website"},"primaryImageOfPage":{"@id":"https:\/\/www.salon-medecinedouce.com\/paris\/infos\/acceder-au-salon\/#primaryimage"},"image":{"@id":"https:\/\/www.salon-medecinedouce.com\/paris\/infos\/acceder-au-salon\/#primaryimage"},"thumbnailUrl":"https:\/\/www.salon-medecinedouce.com\/paris\/wp-content\/uploads\/sites\/14\/2022\/07\/fond-bemd-2022.jpg","datePublished":"2017-01-24T13:19:59+00:00","dateModified":"2024-07-03T08:11:52+00:00","breadcrumb":{"@id":"https:\/\/www.salon-medecinedouce.com\/paris\/infos\/acceder-au-salon\/#breadcrumb"},"inLanguage":"fr-FR","potentialAction":[{"@type":"ReadAction","target":["https:\/\/www.salon-medecinedouce.com\/paris\/infos\/acceder-au-salon\/"]}]},{"@type":"ImageObject","inLanguage":"fr-FR","@id":"https:\/\/www.salon-medecinedouce.com\/paris\/infos\/acceder-au-salon\/#primaryimage","url":"https:\/\/www.salon-medecinedouce.com\/paris\/wp-content\/uploads\/sites\/14\/2022\/07\/fond-bemd-2022.jpg","contentUrl":"https:\/\/www.salon-medecinedouce.com\/paris\/wp-content\/uploads\/sites\/14\/2022\/07\/fond-bemd-2022.jpg","width":2048,"height":1154},{"@type":"BreadcrumbList","@id":"https:\/\/www.salon-medecinedouce.com\/paris\/infos\/acceder-au-salon\/#breadcrumb","itemListElement":[{"@type":"ListItem","position":1,"name":"Accueil","item":"https:\/\/www.salon-medecinedouce.com\/paris\/"},{"@type":"ListItem","position":2,"name":"Infos pratiques","item":"https:\/\/www.salon-medecinedouce.com\/paris\/infos\/"},{"@type":"ListItem","position":3,"name":"Comment venir"}]},{"@type":"WebSite","@id":"https:\/\/www.salon-medecinedouce.com\/paris\/#website","url":"https:\/\/www.salon-medecinedouce.com\/paris\/","name":"Bien-\u00eatre Paris","description":"La sant\u00e9 au naturel : M\u00e9decines douces - Compl\u00e9ments alimentaires - Alimentation saine - Cosm\u00e9tiques naturelles - Art de vivre - Tourisme de sant\u00e9","publisher":{"@id":"https:\/\/www.salon-medecinedouce.com\/paris\/#organization"},"potentialAction":[{"@type":"SearchAction","target":{"@type":"EntryPoint","urlTemplate":"https:\/\/www.salon-medecinedouce.com\/paris\/?s={search_term_string}"},"query-input":{"@type":"PropertyValueSpecification","valueRequired":true,"valueName":"search_term_string"}}],"inLanguage":"fr-FR"},{"@type":"Organization","@id":"https:\/\/www.salon-medecinedouce.com\/paris\/#organization","name":"Bien-\u00eatre Paris","url":"https:\/\/www.salon-medecinedouce.com\/paris\/","logo":{"@type":"ImageObject","inLanguage":"fr-FR","@id":"https:\/\/www.salon-medecinedouce.com\/paris\/#\/schema\/logo\/image\/","url":"https:\/\/www.salon-medecinedouce.com\/paris\/wp-content\/uploads\/sites\/14\/2024\/05\/cropped-logo-orange-bemd.png","contentUrl":"https:\/\/www.salon-medecinedouce.com\/paris\/wp-content\/uploads\/sites\/14\/2024\/05\/cropped-logo-orange-bemd.png","width":591,"height":591,"caption":"Bien-\u00eatre Paris"},"image":{"@id":"https:\/\/www.salon-medecinedouce.com\/paris\/#\/schema\/logo\/image\/"}}]}},"rttpg_featured_image_url":{"full":["https:\/\/www.salon-medecinedouce.com\/paris\/wp-content\/uploads\/sites\/14\/2022\/07\/fond-bemd-2022.jpg",2048,1154,false],"landscape":["https:\/\/www.salon-medecinedouce.com\/paris\/wp-content\/uploads\/sites\/14\/2022\/07\/fond-bemd-2022.jpg",2048,1154,false],"portraits":["https:\/\/www.salon-medecinedouce.com\/paris\/wp-content\/uploads\/sites\/14\/2022\/07\/fond-bemd-2022.jpg",2048,1154,false],"thumbnail":["https:\/\/www.salon-medecinedouce.com\/paris\/wp-content\/uploads\/sites\/14\/2022\/07\/fond-bemd-2022-150x150.jpg",150,150,true],"medium":["https:\/\/www.salon-medecinedouce.com\/paris\/wp-content\/uploads\/sites\/14\/2022\/07\/fond-bemd-2022-300x169.jpg",300,169,true],"large":["https:\/\/www.salon-medecinedouce.com\/paris\/wp-content\/uploads\/sites\/14\/2022\/07\/fond-bemd-2022-1024x577.jpg",790,445,true],"1536x1536":["https:\/\/www.salon-medecinedouce.com\/paris\/wp-content\/uploads\/sites\/14\/2022\/07\/fond-bemd-2022-1536x866.jpg",1536,866,true],"2048x2048":["https:\/\/www.salon-medecinedouce.com\/paris\/wp-content\/uploads\/sites\/14\/2022\/07\/fond-bemd-2022.jpg",2048,1154,false],"gg_gallery_thumbnail":["https:\/\/www.salon-medecinedouce.com\/paris\/wp-content\/uploads\/sites\/14\/2022\/07\/fond-bemd-2022-450x250.jpg",450,250,true],"rpwe-thumbnail":["https:\/\/www.salon-medecinedouce.com\/paris\/wp-content\/uploads\/sites\/14\/2022\/07\/fond-bemd-2022-45x45.jpg",45,45,true]},"rttpg_author":{"display_name":"admin","author_link":"https:\/\/www.salon-medecinedouce.com\/paris\/blog\/author\/admin\/"},"rttpg_comment":0,"rttpg_category":false,"rttpg_excerpt":"Salon Bien-\u00eatre M\u00e9decine Douce &#8211; infos pratiques Acc\u00e8s au salon Paris Porte de Versailles &#8211; Paris 15\u00e8me\u00a0 Hall 5.1 M\u00e9tro\u00a0: ligne 12, station Porte de Versailles Ligne 8, station Balard \u00a0\u00a0 Bus\u00a0: 39 &#8211; 80\u00a0 \u00a0 Tram : Ligne T2 et Ligne T3, station porte de Versailles Pr\u00e9parez votre itin\u00e9raire : r\u00e9seau RATP &#8211; Ile-de-France&hellip;","_links":{"self":[{"href":"https:\/\/www.salon-medecinedouce.com\/paris\/wp-json\/wp\/v2\/pages\/2460","targetHints":{"allow":["GET"]}}],"collection":[{"href":"https:\/\/www.salon-medecinedouce.com\/paris\/wp-json\/wp\/v2\/pages"}],"about":[{"href":"https:\/\/www.salon-medecinedouce.com\/paris\/wp-json\/wp\/v2\/types\/page"}],"author":[{"embeddable":true,"href":"https:\/\/www.salon-medecinedouce.com\/paris\/wp-json\/wp\/v2\/users\/1"}],"replies":[{"embeddable":true,"href":"https:\/\/www.salon-medecinedouce.com\/paris\/wp-json\/wp\/v2\/comments?post=2460"}],"version-history":[{"count":18,"href":"https:\/\/www.salon-medecinedouce.com\/paris\/wp-json\/wp\/v2\/pages\/2460\/revisions"}],"predecessor-version":[{"id":17433,"href":"https:\/\/www.salon-medecinedouce.com\/paris\/wp-json\/wp\/v2\/pages\/2460\/revisions\/17433"}],"up":[{"embeddable":true,"href":"https:\/\/www.salon-medecinedouce.com\/paris\/wp-json\/wp\/v2\/pages\/2094"}],"wp:featuredmedia":[{"embeddable":true,"href":"https:\/\/www.salon-medecinedouce.com\/paris\/wp-json\/wp\/v2\/media\/13516"}],"wp:attachment":[{"href":"https:\/\/www.salon-medecinedouce.com\/paris\/wp-json\/wp\/v2\/media?parent=2460"}],"curies":[{"name":"wp","href":"https:\/\/api.w.org\/{rel}","templated":true}]}}