{"id":2321,"date":"2024-06-26T09:00:29","date_gmt":"2024-06-26T07:00:29","guid":{"rendered":"http:\/\/localhost:8888\/zen\/?page_id=2321"},"modified":"2026-03-06T17:47:28","modified_gmt":"2026-03-06T16:47:28","slug":"visiteur_programme","status":"publish","type":"page","link":"https:\/\/www.salon-medecinedouce.com\/paris\/visiter\/visiteur_programme\/","title":{"rendered":"D\u00e9couvrez le salon"},"content":{"rendered":"<p><!--more--><\/p>\n<h2><img fetchpriority=\"high\" decoding=\"async\" class=\"alignnone size-full wp-image-11333\" src=\"https:\/\/www.salon-medecinedouce.com\/paris\/wp-content\/uploads\/sites\/14\/2020\/10\/AdobeStock_209022761.jpg\" alt=\"\" width=\"840\" height=\"240\" srcset=\"https:\/\/www.salon-medecinedouce.com\/paris\/wp-content\/uploads\/sites\/14\/2020\/10\/AdobeStock_209022761.jpg 840w, https:\/\/www.salon-medecinedouce.com\/paris\/wp-content\/uploads\/sites\/14\/2020\/10\/AdobeStock_209022761-300x86.jpg 300w, https:\/\/www.salon-medecinedouce.com\/paris\/wp-content\/uploads\/sites\/14\/2020\/10\/AdobeStock_209022761-768x219.jpg 768w, https:\/\/www.salon-medecinedouce.com\/paris\/wp-content\/uploads\/sites\/14\/2020\/10\/AdobeStock_209022761-150x43.jpg 150w, https:\/\/www.salon-medecinedouce.com\/paris\/wp-content\/uploads\/sites\/14\/2020\/10\/AdobeStock_209022761-500x143.jpg 500w\" sizes=\"(max-width: 840px) 100vw, 840px\" \/><\/h2>\n<h2>\n<span style=\"color: #165e6c;\">L&rsquo;unique rendez-vous du bien-\u00eatre et des m\u00e9decines douces en France vous donne rendez-vous du 28 janvier au 1er f\u00e9vrier 2027 \u00e0 Paris, Porte de Versailles &#8211; hall 5.1<\/span><\/h2>\n<p><span style=\"line-height: 1.6471;\"><span style=\"color: #165e6c;\"><a style=\"font-weight: bold; color: #165e6c;\" href=\"https:\/\/www.salon-medecinedouce.com\/paris\/visiteurs\/liste-des-exposants\/\">300 stands experts<\/a><b> <\/b><\/span>r\u00e9partis en 2 secteurs :<\/span><\/p>\n<p><span style=\"font-size: 14pt;\"><strong>Le secteur Sant\u00e9 au naturel &amp; M\u00e9decine douce<\/strong><\/span> : Formations &amp; informations <span style=\"line-height: 1.6471;\">\u2022 Professions lib\u00e9rales \u2022 Soins et massages \u2022 Sant\u00e9 mentale \u2022 Compl\u00e9ments alimentaires<\/span><\/p>\n<p><span style=\"line-height: 1.6471;\"><br \/>\n<\/span><span style=\"line-height: 1.6471;\"><span style=\"font-size: 14pt;\"><strong>Le secteur Bien-\u00catre &amp; Spirit<\/strong><\/span> : Nutrition \u2022 Sommeil \u2022 Sport \u2022 Beaut\u00e9 \u2022 Spirit<\/p>\n<p><\/span><\/p>\n<p><span style=\"color: #165e6c;\"><a style=\"color: #165e6c;\" href=\"https:\/\/www.salon-medecinedouce.com\/paris\/programme\/conferences\/\"><strong>Des conf\u00e9rences<\/strong><\/a> <\/span>en \u00e9cho avec l&rsquo;actualit\u00e9 avec des t\u00eates d&rsquo;affiche.<\/p>\n<p><span style=\"line-height: 1.6471;\"><span style=\"color: #165e6c;\"><a style=\"color: #165e6c;\" href=\"https:\/\/www.salon-medecinedouce.com\/paris\/programme\/ateliers-conferences\/\"><strong>Des ateliers<\/strong><\/a> <\/span>propos\u00e9s par les exposants pour mieux comprendre les m\u00e9thodes des soins et les produits<\/span><\/p>\n<p>&nbsp;<\/p>\n<h2><span style=\"color: #165e6c;\">5 bonnes raisons de visiter le salon : Optez pour des m\u00e9thodes douces et naturelles pour votre sant\u00e9<\/span><\/h2>\n<h3><span style=\"color: #165e6c;\">Optez pour des m\u00e9thodes douces et naturelles pour votre sant\u00e9<\/span><\/h3>\n<p>Rencontrez et \u00e9changez avec des professionnels pour tout savoir sur l\u2019hom\u00e9opathie, ost\u00e9opathie, naturopathie, m\u00e9decine qu\u2019elle soit traditionnelle chinoise, quantique, int\u00e9grative, ayurv\u00e9dique ou connect\u00e9e \u00e9tiopathie, fasciath\u00e9rapie, kin\u00e9siologie, shiatsu, massage, r\u00e9flexologie, relaxation, sophrologie, hypnose, coaching\u2026<\/p>\n<h3><span style=\"color: #165e6c;\">Trouvez une formation professionnelle ou continue<\/span><\/h3>\n<p>Naturopathie, hypnose, massage, kin\u00e9siologie, coaching\u2026<\/p>\n<h3><span style=\"color: #165e6c;\">Apprenez \u00e0 l\u00e2cher-prise<\/span><\/h3>\n<p>Lib\u00e9rez-vous du stress quotidien, \u00e9liminer les tensions avec la relaxation, la sophrologie, l\u2019hypnose, le coaching.<\/p>\n<h3><span style=\"color: #165e6c;\">Faites le plein de produits bien-\u00eatre &amp; sant\u00e9<\/span><\/h3>\n<p>Cosm\u00e9tiques bio et naturels, alimentation saine et plaisir, huiles essentielles, compl\u00e9ments alimentaires, mat\u00e9riel de confort, bien-\u00eatre dans votre habitat.<\/p>\n<h3><span style=\"color: #165e6c;\">Assistez \u00e0 des conf\u00e9rences et vivez des exp\u00e9riences in\u00e9dites<\/span><\/h3>\n<p>Conf\u00e9rences sur la pr\u00e9vention sant\u00e9, exercices pratiques pour se r\u00e9veiller en douceur, exp\u00e9riences immersives.<\/p>\n<h3 style=\"text-align: center;\"><span style=\"color: #b29b92;\"><strong><span style=\"color: #000000;\">Adeptes des m\u00e9decines douces aujourd&rsquo;hui plus que jamais ?<\/span><br \/>\n<span style=\"color: #d65d00;\"><strong style=\"font-size: 18pt; text-align: center;\"><a style=\"color: #d65d00;\" href=\"https:\/\/www.salon-medecinedouce.com\/paris\/visiteur_invitation\/\">&gt;&gt; T\u00e9l\u00e9chargez votre entr\u00e9e gratuite<\/a><br \/>\n<\/strong><span style=\"font-size: 18pt;\"><a style=\"color: #d65d00;\" href=\"https:\/\/www.salon-medecinedouce.com\/paris\/visiteur_invitation\/\">pour le salon Bien-\u00catre M\u00e9decine Douce Paris\u00a0<\/a><\/span> <\/span><\/strong><\/span><\/h3>\n<p>&nbsp;<\/p>\n<h3><span style=\"color: #165e6c;\"><strong>Avertissement<\/strong><\/span><\/h3>\n<p>Les pratiques de soins ou de bien-\u00eatre non r\u00e9glement\u00e9es ou non valid\u00e9es scientifiquement peuvent conduire \u00e0 des d\u00e9rives, voire \u00e0 la commission d&rsquo;infractions p\u00e9nales.<\/p>\n<p class=\"p1\">Il faut se pr\u00e9munir des pr\u00e9dateurs qui se cachent derri\u00e8re de nobles causes. Ils cherchent \u00e0 abuser financi\u00e8rement et psychologiquement de la vuln\u00e9rabilit\u00e9 des personnes souffrant d\u2019une pathologie lourde, qui traversent un \u00e9pisode douloureux de leur vie, ou simplement qui cherchent \u00e0 mieux vivre.<\/p>\n<p>Soyez vigilants si l&rsquo;on vous conseille de rompre avec votre famille, votre m\u00e9decin, votre entourage ou votre traitement m\u00e9dical habituel pour favoriser votre gu\u00e9rison ou am\u00e9liorer votre bien-\u00eatre.<\/p>\n<p class=\"p1\">La validation scientifique et la r\u00e9glementation des professions de sant\u00e9 prot\u00e8gent les malades.<br \/>\nCeux qui usurpent des titres et des dipl\u00f4mes, ceux qui pratiquent des actes qui n\u00e9cessitent un contr\u00f4le m\u00e9dical ou une formation scientifique sp\u00e9cifique encourent des poursuites p\u00e9nales.<\/p>\n<p>\nEn cas de doute, vous pouvez consulter<br \/>\n\u2013 le site du Minist\u00e8re de la sant\u00e9 : <span style=\"color: #165e6c;\"><a style=\"color: #165e6c;\" href=\"http:\/\/social-sante.gouv.fr\" target=\"_blank\" rel=\"noopener\">http:\/\/social-sante.gouv.fr<\/a>\u00a0<\/span> voir la <span style=\"color: #165e6c;\"><a style=\"color: #165e6c;\" href=\"https:\/\/solidarites-sante.gouv.fr\/soins-et-maladies\/qualite-des-soins-et-pratiques\/securite\/article\/les-pratiques-de-soins-non-conventionnelles\" target=\"_blank\" rel=\"noopener\">rubrique soins-et-maladies\/qualite-des-soins-et-pratiques\/article\/pratiques-de-soins-non-conventionnelles<\/a><\/span><br \/>\n\u2013 le site internet de la MIVILUDES<span class=\"s1\">\u00a0<\/span>\u2013\u00a0<span style=\"color: #165e6c;\"><a style=\"color: #165e6c;\" href=\"https:\/\/www.derives-sectes.gouv.fr\/\" target=\"_blank\" rel=\"noopener\"><span class=\"s1\">www.derives-sectes.gouv.fr<\/span><\/a> <\/span>rubrique SANT\u00c9.<br \/>\n\u2013 l&rsquo;<span style=\"color: #165e6c;\"><a style=\"color: #165e6c;\" href=\"https:\/\/www.salon-medecinedouce.com\/paris\/wp-content\/uploads\/sites\/14\/2022\/02\/Affichette-MIVILUDES-Mise-en-garde-de\u0301rive-the\u0301rapeutique-sur-les-salons.version-2022.pdf\" target=\"_blank\" rel=\"noopener\">affiche de la MIVILUDES<\/a>\u00a0<\/span><\/p>\n<p>&nbsp;<\/p>\n<p>&nbsp;<\/p>\n<div class=\"salon-pubs-hp-bas-de-page salon-entity-placement\" id=\"salon-3045728894\"><div id=\"salon-548392290\"><a data-no-instant=\"1\" href=\"https:\/\/www.adntv.fr\/home?request_origin=tv_app\" rel=\"noopener\" class=\"a2t-link\" target=\"_blank\"><p><a href=\"https:\/\/www.salondesseniors.com\/\"><img decoding=\"async\" class=\"wp-image-22417 aligncenter\" src=\"https:\/\/www.salon-medecinedouce.com\/paris\/wp-content\/uploads\/sites\/14\/2026\/02\/Banniere-728x90-1-300x37.png\" alt=\"\" width=\"754\" height=\"93\" srcset=\"https:\/\/www.salon-medecinedouce.com\/paris\/wp-content\/uploads\/sites\/14\/2026\/02\/Banniere-728x90-1-300x37.png 300w, https:\/\/www.salon-medecinedouce.com\/paris\/wp-content\/uploads\/sites\/14\/2026\/02\/Banniere-728x90-1-1024x127.png 1024w, https:\/\/www.salon-medecinedouce.com\/paris\/wp-content\/uploads\/sites\/14\/2026\/02\/Banniere-728x90-1-768x95.png 768w, https:\/\/www.salon-medecinedouce.com\/paris\/wp-content\/uploads\/sites\/14\/2026\/02\/Banniere-728x90-1-1536x190.png 1536w, https:\/\/www.salon-medecinedouce.com\/paris\/wp-content\/uploads\/sites\/14\/2026\/02\/Banniere-728x90-1-2048x253.png 2048w, https:\/\/www.salon-medecinedouce.com\/paris\/wp-content\/uploads\/sites\/14\/2026\/02\/Banniere-728x90-1-150x19.png 150w, https:\/\/www.salon-medecinedouce.com\/paris\/wp-content\/uploads\/sites\/14\/2026\/02\/Banniere-728x90-1-500x62.png 500w\" sizes=\"(max-width: 754px) 100vw, 754px\" \/><\/a><\/p>\n<\/a><\/div><\/div>","protected":false},"excerpt":{"rendered":"","protected":false},"author":1,"featured_media":11039,"parent":2081,"menu_order":1,"comment_status":"closed","ping_status":"closed","template":"","meta":{"_monsterinsights_skip_tracking":false,"_monsterinsights_sitenote_active":false,"_monsterinsights_sitenote_note":"","_monsterinsights_sitenote_category":0,"footnotes":""},"class_list":["post-2321","page","type-page","status-publish","has-post-thumbnail","hentry"],"yoast_head":"<!-- This site is optimized with the Yoast SEO plugin v27.3 - https:\/\/yoast.com\/product\/yoast-seo-wordpress\/ -->\n<title>D\u00e9couvrez le salon - Bien-\u00eatre Paris<\/title>\n<meta name=\"description\" content=\"L&#039;unique rendez-vous du bien-\u00eatre et des m\u00e9decines douces en France vous donne rendez-vous en 2025 - Paris Porte de Versailles - hall 7.1\" \/>\n<meta name=\"robots\" content=\"index, follow, max-snippet:-1, max-image-preview:large, max-video-preview:-1\" \/>\n<link rel=\"canonical\" href=\"https:\/\/www.salon-medecinedouce.com\/paris\/visiter\/visiteur_programme\/\" \/>\n<meta property=\"og:locale\" content=\"fr_FR\" \/>\n<meta property=\"og:type\" content=\"article\" \/>\n<meta property=\"og:title\" content=\"D\u00e9couvrez le salon - Bien-\u00eatre Paris\" \/>\n<meta property=\"og:description\" content=\"L&#039;unique rendez-vous du bien-\u00eatre et des m\u00e9decines douces en France vous donne rendez-vous en 2025 - Paris Porte de Versailles - hall 7.1\" \/>\n<meta property=\"og:url\" content=\"https:\/\/www.salon-medecinedouce.com\/paris\/visiter\/visiteur_programme\/\" \/>\n<meta property=\"og:site_name\" content=\"Bien-\u00eatre Paris\" \/>\n<meta property=\"article:modified_time\" content=\"2026-03-06T16:47:28+00:00\" \/>\n<meta property=\"og:image\" content=\"https:\/\/www.salon-medecinedouce.com\/paris\/wp-content\/uploads\/sites\/14\/2020\/07\/fond-salon-bemd-2021.jpg\" \/>\n\t<meta property=\"og:image:width\" content=\"2048\" \/>\n\t<meta property=\"og:image:height\" content=\"571\" \/>\n\t<meta property=\"og:image:type\" content=\"image\/jpeg\" \/>\n<meta name=\"twitter:card\" content=\"summary_large_image\" \/>\n<meta name=\"twitter:label1\" content=\"Dur\u00e9e de lecture estim\u00e9e\" \/>\n\t<meta name=\"twitter:data1\" content=\"3 minutes\" \/>\n<script type=\"application\/ld+json\" class=\"yoast-schema-graph\">{\"@context\":\"https:\\\/\\\/schema.org\",\"@graph\":[{\"@type\":\"WebPage\",\"@id\":\"https:\\\/\\\/www.salon-medecinedouce.com\\\/paris\\\/visiter\\\/visiteur_programme\\\/\",\"url\":\"https:\\\/\\\/www.salon-medecinedouce.com\\\/paris\\\/visiter\\\/visiteur_programme\\\/\",\"name\":\"D\u00e9couvrez le salon - Bien-\u00eatre Paris\",\"isPartOf\":{\"@id\":\"https:\\\/\\\/www.salon-medecinedouce.com\\\/paris\\\/#website\"},\"primaryImageOfPage\":{\"@id\":\"https:\\\/\\\/www.salon-medecinedouce.com\\\/paris\\\/visiter\\\/visiteur_programme\\\/#primaryimage\"},\"image\":{\"@id\":\"https:\\\/\\\/www.salon-medecinedouce.com\\\/paris\\\/visiter\\\/visiteur_programme\\\/#primaryimage\"},\"thumbnailUrl\":\"https:\\\/\\\/www.salon-medecinedouce.com\\\/paris\\\/wp-content\\\/uploads\\\/sites\\\/14\\\/2020\\\/07\\\/fond-salon-bemd-2021.jpg\",\"datePublished\":\"2024-06-26T07:00:29+00:00\",\"dateModified\":\"2026-03-06T16:47:28+00:00\",\"description\":\"L'unique rendez-vous du bien-\u00eatre et des m\u00e9decines douces en France vous donne rendez-vous en 2025 - Paris Porte de Versailles - hall 7.1\",\"breadcrumb\":{\"@id\":\"https:\\\/\\\/www.salon-medecinedouce.com\\\/paris\\\/visiter\\\/visiteur_programme\\\/#breadcrumb\"},\"inLanguage\":\"fr-FR\",\"potentialAction\":[{\"@type\":\"ReadAction\",\"target\":[\"https:\\\/\\\/www.salon-medecinedouce.com\\\/paris\\\/visiter\\\/visiteur_programme\\\/\"]}]},{\"@type\":\"ImageObject\",\"inLanguage\":\"fr-FR\",\"@id\":\"https:\\\/\\\/www.salon-medecinedouce.com\\\/paris\\\/visiter\\\/visiteur_programme\\\/#primaryimage\",\"url\":\"https:\\\/\\\/www.salon-medecinedouce.com\\\/paris\\\/wp-content\\\/uploads\\\/sites\\\/14\\\/2020\\\/07\\\/fond-salon-bemd-2021.jpg\",\"contentUrl\":\"https:\\\/\\\/www.salon-medecinedouce.com\\\/paris\\\/wp-content\\\/uploads\\\/sites\\\/14\\\/2020\\\/07\\\/fond-salon-bemd-2021.jpg\",\"width\":2048,\"height\":571},{\"@type\":\"BreadcrumbList\",\"@id\":\"https:\\\/\\\/www.salon-medecinedouce.com\\\/paris\\\/visiter\\\/visiteur_programme\\\/#breadcrumb\",\"itemListElement\":[{\"@type\":\"ListItem\",\"position\":1,\"name\":\"Accueil\",\"item\":\"https:\\\/\\\/www.salon-medecinedouce.com\\\/paris\\\/\"},{\"@type\":\"ListItem\",\"position\":2,\"name\":\"Visiter le salon\",\"item\":\"https:\\\/\\\/www.salon-medecinedouce.com\\\/paris\\\/visiter\\\/\"},{\"@type\":\"ListItem\",\"position\":3,\"name\":\"D\u00e9couvrez le salon\"}]},{\"@type\":\"WebSite\",\"@id\":\"https:\\\/\\\/www.salon-medecinedouce.com\\\/paris\\\/#website\",\"url\":\"https:\\\/\\\/www.salon-medecinedouce.com\\\/paris\\\/\",\"name\":\"Bien-\u00eatre Paris\",\"description\":\"La sant\u00e9 au naturel : M\u00e9decines douces - Compl\u00e9ments alimentaires - Alimentation saine - Cosm\u00e9tiques naturelles - Art de vivre - Tourisme de sant\u00e9\",\"publisher\":{\"@id\":\"https:\\\/\\\/www.salon-medecinedouce.com\\\/paris\\\/#organization\"},\"potentialAction\":[{\"@type\":\"SearchAction\",\"target\":{\"@type\":\"EntryPoint\",\"urlTemplate\":\"https:\\\/\\\/www.salon-medecinedouce.com\\\/paris\\\/?s={search_term_string}\"},\"query-input\":{\"@type\":\"PropertyValueSpecification\",\"valueRequired\":true,\"valueName\":\"search_term_string\"}}],\"inLanguage\":\"fr-FR\"},{\"@type\":\"Organization\",\"@id\":\"https:\\\/\\\/www.salon-medecinedouce.com\\\/paris\\\/#organization\",\"name\":\"Bien-\u00eatre Paris\",\"url\":\"https:\\\/\\\/www.salon-medecinedouce.com\\\/paris\\\/\",\"logo\":{\"@type\":\"ImageObject\",\"inLanguage\":\"fr-FR\",\"@id\":\"https:\\\/\\\/www.salon-medecinedouce.com\\\/paris\\\/#\\\/schema\\\/logo\\\/image\\\/\",\"url\":\"https:\\\/\\\/www.salon-medecinedouce.com\\\/paris\\\/wp-content\\\/uploads\\\/sites\\\/14\\\/2024\\\/05\\\/cropped-logo-orange-bemd.png\",\"contentUrl\":\"https:\\\/\\\/www.salon-medecinedouce.com\\\/paris\\\/wp-content\\\/uploads\\\/sites\\\/14\\\/2024\\\/05\\\/cropped-logo-orange-bemd.png\",\"width\":591,\"height\":591,\"caption\":\"Bien-\u00eatre Paris\"},\"image\":{\"@id\":\"https:\\\/\\\/www.salon-medecinedouce.com\\\/paris\\\/#\\\/schema\\\/logo\\\/image\\\/\"}}]}<\/script>\n<!-- \/ Yoast SEO plugin. -->","yoast_head_json":{"title":"D\u00e9couvrez le salon - Bien-\u00eatre Paris","description":"L'unique rendez-vous du bien-\u00eatre et des m\u00e9decines douces en France vous donne rendez-vous en 2025 - Paris Porte de Versailles - hall 7.1","robots":{"index":"index","follow":"follow","max-snippet":"max-snippet:-1","max-image-preview":"max-image-preview:large","max-video-preview":"max-video-preview:-1"},"canonical":"https:\/\/www.salon-medecinedouce.com\/paris\/visiter\/visiteur_programme\/","og_locale":"fr_FR","og_type":"article","og_title":"D\u00e9couvrez le salon - Bien-\u00eatre Paris","og_description":"L'unique rendez-vous du bien-\u00eatre et des m\u00e9decines douces en France vous donne rendez-vous en 2025 - Paris Porte de Versailles - hall 7.1","og_url":"https:\/\/www.salon-medecinedouce.com\/paris\/visiter\/visiteur_programme\/","og_site_name":"Bien-\u00eatre Paris","article_modified_time":"2026-03-06T16:47:28+00:00","og_image":[{"width":2048,"height":571,"url":"https:\/\/www.salon-medecinedouce.com\/paris\/wp-content\/uploads\/sites\/14\/2020\/07\/fond-salon-bemd-2021.jpg","type":"image\/jpeg"}],"twitter_card":"summary_large_image","twitter_misc":{"Dur\u00e9e de lecture estim\u00e9e":"3 minutes"},"schema":{"@context":"https:\/\/schema.org","@graph":[{"@type":"WebPage","@id":"https:\/\/www.salon-medecinedouce.com\/paris\/visiter\/visiteur_programme\/","url":"https:\/\/www.salon-medecinedouce.com\/paris\/visiter\/visiteur_programme\/","name":"D\u00e9couvrez le salon - Bien-\u00eatre Paris","isPartOf":{"@id":"https:\/\/www.salon-medecinedouce.com\/paris\/#website"},"primaryImageOfPage":{"@id":"https:\/\/www.salon-medecinedouce.com\/paris\/visiter\/visiteur_programme\/#primaryimage"},"image":{"@id":"https:\/\/www.salon-medecinedouce.com\/paris\/visiter\/visiteur_programme\/#primaryimage"},"thumbnailUrl":"https:\/\/www.salon-medecinedouce.com\/paris\/wp-content\/uploads\/sites\/14\/2020\/07\/fond-salon-bemd-2021.jpg","datePublished":"2024-06-26T07:00:29+00:00","dateModified":"2026-03-06T16:47:28+00:00","description":"L'unique rendez-vous du bien-\u00eatre et des m\u00e9decines douces en France vous donne rendez-vous en 2025 - Paris Porte de Versailles - hall 7.1","breadcrumb":{"@id":"https:\/\/www.salon-medecinedouce.com\/paris\/visiter\/visiteur_programme\/#breadcrumb"},"inLanguage":"fr-FR","potentialAction":[{"@type":"ReadAction","target":["https:\/\/www.salon-medecinedouce.com\/paris\/visiter\/visiteur_programme\/"]}]},{"@type":"ImageObject","inLanguage":"fr-FR","@id":"https:\/\/www.salon-medecinedouce.com\/paris\/visiter\/visiteur_programme\/#primaryimage","url":"https:\/\/www.salon-medecinedouce.com\/paris\/wp-content\/uploads\/sites\/14\/2020\/07\/fond-salon-bemd-2021.jpg","contentUrl":"https:\/\/www.salon-medecinedouce.com\/paris\/wp-content\/uploads\/sites\/14\/2020\/07\/fond-salon-bemd-2021.jpg","width":2048,"height":571},{"@type":"BreadcrumbList","@id":"https:\/\/www.salon-medecinedouce.com\/paris\/visiter\/visiteur_programme\/#breadcrumb","itemListElement":[{"@type":"ListItem","position":1,"name":"Accueil","item":"https:\/\/www.salon-medecinedouce.com\/paris\/"},{"@type":"ListItem","position":2,"name":"Visiter le salon","item":"https:\/\/www.salon-medecinedouce.com\/paris\/visiter\/"},{"@type":"ListItem","position":3,"name":"D\u00e9couvrez le salon"}]},{"@type":"WebSite","@id":"https:\/\/www.salon-medecinedouce.com\/paris\/#website","url":"https:\/\/www.salon-medecinedouce.com\/paris\/","name":"Bien-\u00eatre Paris","description":"La sant\u00e9 au naturel : M\u00e9decines douces - Compl\u00e9ments alimentaires - Alimentation saine - Cosm\u00e9tiques naturelles - Art de vivre - Tourisme de sant\u00e9","publisher":{"@id":"https:\/\/www.salon-medecinedouce.com\/paris\/#organization"},"potentialAction":[{"@type":"SearchAction","target":{"@type":"EntryPoint","urlTemplate":"https:\/\/www.salon-medecinedouce.com\/paris\/?s={search_term_string}"},"query-input":{"@type":"PropertyValueSpecification","valueRequired":true,"valueName":"search_term_string"}}],"inLanguage":"fr-FR"},{"@type":"Organization","@id":"https:\/\/www.salon-medecinedouce.com\/paris\/#organization","name":"Bien-\u00eatre Paris","url":"https:\/\/www.salon-medecinedouce.com\/paris\/","logo":{"@type":"ImageObject","inLanguage":"fr-FR","@id":"https:\/\/www.salon-medecinedouce.com\/paris\/#\/schema\/logo\/image\/","url":"https:\/\/www.salon-medecinedouce.com\/paris\/wp-content\/uploads\/sites\/14\/2024\/05\/cropped-logo-orange-bemd.png","contentUrl":"https:\/\/www.salon-medecinedouce.com\/paris\/wp-content\/uploads\/sites\/14\/2024\/05\/cropped-logo-orange-bemd.png","width":591,"height":591,"caption":"Bien-\u00eatre Paris"},"image":{"@id":"https:\/\/www.salon-medecinedouce.com\/paris\/#\/schema\/logo\/image\/"}}]}},"rttpg_featured_image_url":{"full":["https:\/\/www.salon-medecinedouce.com\/paris\/wp-content\/uploads\/sites\/14\/2020\/07\/fond-salon-bemd-2021.jpg",2048,571,false],"landscape":["https:\/\/www.salon-medecinedouce.com\/paris\/wp-content\/uploads\/sites\/14\/2020\/07\/fond-salon-bemd-2021.jpg",2048,571,false],"portraits":["https:\/\/www.salon-medecinedouce.com\/paris\/wp-content\/uploads\/sites\/14\/2020\/07\/fond-salon-bemd-2021.jpg",2048,571,false],"thumbnail":["https:\/\/www.salon-medecinedouce.com\/paris\/wp-content\/uploads\/sites\/14\/2020\/07\/fond-salon-bemd-2021-150x150.jpg",150,150,true],"medium":["https:\/\/www.salon-medecinedouce.com\/paris\/wp-content\/uploads\/sites\/14\/2020\/07\/fond-salon-bemd-2021-300x84.jpg",300,84,true],"large":["https:\/\/www.salon-medecinedouce.com\/paris\/wp-content\/uploads\/sites\/14\/2020\/07\/fond-salon-bemd-2021-1024x285.jpg",790,220,true],"1536x1536":["https:\/\/www.salon-medecinedouce.com\/paris\/wp-content\/uploads\/sites\/14\/2020\/07\/fond-salon-bemd-2021.jpg",1536,428,false],"2048x2048":["https:\/\/www.salon-medecinedouce.com\/paris\/wp-content\/uploads\/sites\/14\/2020\/07\/fond-salon-bemd-2021.jpg",2048,571,false],"gg_gallery_thumbnail":["https:\/\/www.salon-medecinedouce.com\/paris\/wp-content\/uploads\/sites\/14\/2020\/07\/fond-salon-bemd-2021-450x250.jpg",450,250,true],"rpwe-thumbnail":["https:\/\/www.salon-medecinedouce.com\/paris\/wp-content\/uploads\/sites\/14\/2020\/07\/fond-salon-bemd-2021-45x45.jpg",45,45,true]},"rttpg_author":{"display_name":"admin","author_link":"https:\/\/www.salon-medecinedouce.com\/paris\/blog\/author\/admin\/"},"rttpg_comment":0,"rttpg_category":false,"rttpg_excerpt":null,"_links":{"self":[{"href":"https:\/\/www.salon-medecinedouce.com\/paris\/wp-json\/wp\/v2\/pages\/2321","targetHints":{"allow":["GET"]}}],"collection":[{"href":"https:\/\/www.salon-medecinedouce.com\/paris\/wp-json\/wp\/v2\/pages"}],"about":[{"href":"https:\/\/www.salon-medecinedouce.com\/paris\/wp-json\/wp\/v2\/types\/page"}],"author":[{"embeddable":true,"href":"https:\/\/www.salon-medecinedouce.com\/paris\/wp-json\/wp\/v2\/users\/1"}],"replies":[{"embeddable":true,"href":"https:\/\/www.salon-medecinedouce.com\/paris\/wp-json\/wp\/v2\/comments?post=2321"}],"version-history":[{"count":85,"href":"https:\/\/www.salon-medecinedouce.com\/paris\/wp-json\/wp\/v2\/pages\/2321\/revisions"}],"predecessor-version":[{"id":22443,"href":"https:\/\/www.salon-medecinedouce.com\/paris\/wp-json\/wp\/v2\/pages\/2321\/revisions\/22443"}],"up":[{"embeddable":true,"href":"https:\/\/www.salon-medecinedouce.com\/paris\/wp-json\/wp\/v2\/pages\/2081"}],"wp:featuredmedia":[{"embeddable":true,"href":"https:\/\/www.salon-medecinedouce.com\/paris\/wp-json\/wp\/v2\/media\/11039"}],"wp:attachment":[{"href":"https:\/\/www.salon-medecinedouce.com\/paris\/wp-json\/wp\/v2\/media?parent=2321"}],"curies":[{"name":"wp","href":"https:\/\/api.w.org\/{rel}","templated":true}]}}