{"id":2081,"date":"2024-06-26T09:00:02","date_gmt":"2024-06-26T07:00:02","guid":{"rendered":"http:\/\/localhost:8888\/natexpo\/?page_id=2081"},"modified":"2026-03-09T09:39:34","modified_gmt":"2026-03-09T08:39:34","slug":"visiter","status":"publish","type":"page","link":"https:\/\/www.salon-medecinedouce.com\/paris\/visiter\/","title":{"rendered":"Visiter le salon"},"content":{"rendered":"<p><img fetchpriority=\"high\" decoding=\"async\" class=\"alignnone size-full wp-image-8595\" src=\"https:\/\/www.salon-medecinedouce.com\/paris\/wp-content\/uploads\/sites\/14\/2019\/06\/AdobeStock_49579328-1.jpg\" alt=\"\" width=\"840\" height=\"250\" srcset=\"https:\/\/www.salon-medecinedouce.com\/paris\/wp-content\/uploads\/sites\/14\/2019\/06\/AdobeStock_49579328-1.jpg 840w, https:\/\/www.salon-medecinedouce.com\/paris\/wp-content\/uploads\/sites\/14\/2019\/06\/AdobeStock_49579328-1-300x89.jpg 300w, https:\/\/www.salon-medecinedouce.com\/paris\/wp-content\/uploads\/sites\/14\/2019\/06\/AdobeStock_49579328-1-768x229.jpg 768w, https:\/\/www.salon-medecinedouce.com\/paris\/wp-content\/uploads\/sites\/14\/2019\/06\/AdobeStock_49579328-1-150x45.jpg 150w, https:\/\/www.salon-medecinedouce.com\/paris\/wp-content\/uploads\/sites\/14\/2019\/06\/AdobeStock_49579328-1-500x149.jpg 500w\" sizes=\"(max-width: 840px) 100vw, 840px\" \/><\/p>\n<p>Le <strong>Salon Bien-\u00eatre M\u00e9decine Douce<\/strong> <strong>Paris<\/strong> est l&rsquo;\u00e9v\u00e9nement incontournable en mati\u00e8re de bien-\u00eatre, de sant\u00e9 au naturel et leader des m\u00e9decines douces en France. Sur 5 jours, d\u00e9couvrez l&rsquo;expertise de nos <strong>exposants<\/strong> en mati\u00e8re de m\u00e9thodes alternatives de pr\u00e9vention sant\u00e9 et leurs innovants produits de bien-\u00eatre.<\/p>\n<p>\nVotre rendez-vous de la sant\u00e9 au naturel et du bien-\u00eatre revient\u00a0<b>pour son 42\u00e8me anniversaire<\/b>\u00a0<b>du 28 janvier au 1er f\u00e9vrier 2026<\/b>\u00a0<b>\u00e0 la\u00a0<a title=\"https:\/\/www.paris-expo-portedeversailles.com\/fr\/site\/paris-expo-porte-de-versailles\/acces\" href=\"https:\/\/www.paris-expo-portedeversailles.com\/fr\/site\/paris-expo-porte-de-versailles\/acces\">Porte de Versailles<\/a>\u00a0\u2013 Hall 5.1<\/b><\/p>\n<h4><strong>Bien-\u00eatre M\u00e9decine Douce Paris est l&rsquo;\u00e9v\u00e9nement qui met \u00e0 l&rsquo;honneur les m\u00e9decines douces avec 2 secteurs d&rsquo;exposition embl\u00e9matiques :<\/strong><\/h4>\n<p>&#8211; Sant\u00e9 au naturel &amp; M\u00e9decine douce: avec les th\u00e9rapeutes, \u00e9coles de formations, compl\u00e9ments alimentaires, massages, huiles essentielles&#8230;<br \/>\n&#8211; Bien-\u00eatre &amp; Spirit : avec les cosm\u00e9tiques naturels, les produits de remise en forme, l\u2019alimentation saine et le bien-\u00eatre chez soi&#8230;<\/p>\n<p>Un programme en \u00e9cho avec l&rsquo;actualit\u00e9 et compos\u00e9 de <span style=\"color: #165e6c;\"><a style=\"color: #165e6c;\" href=\"https:\/\/www.salon-medecinedouce.com\/paris\/programme\/conferences\/\">20 conf\u00e9rences experts<\/a>, <a style=\"color: #165e6c;\" href=\"https:\/\/www.salon-medecinedouce.com\/paris\/programme\/ateliers-conferences\/\">d&rsquo;ateliers conseils, d&rsquo;ateliers d\u00e9couvertes et d&rsquo;ateliers pratiques<\/a>.<\/span>\u00a0<\/p>\n<p class=\"p1\">Venez d\u00e9couvrir de nouvelles techniques pour pr\u00e9server votre sant\u00e9, nourrir votre corps sainement et retrouver votre \u00e9nergie.<\/p>\n<p class=\"p1\">Venez vous informer sur les approches traditionnelles et les derni\u00e8res tendances des m\u00e9decines alternatives. Assistez \u00e0 des prises de parole de sp\u00e9cialistes, d\u00e9couvrez les ateliers anim\u00e9s par nos exposants et participez \u00e0 des ateliers pratiques.<\/p>\n<p class=\"p1\">Toutes les cl\u00e9s pour retrouver \u00e9quilibre et harmonie dans votre vie !<\/p>\n<p style=\"text-align: center;\"><span style=\"color: #000000;\"><strong>Adeptes des m\u00e9decines douces aujourd&rsquo;hui plus que jamais ?<\/strong><\/span><br \/>\n<span style=\"color: #d65d00;\"><strong style=\"font-size: 18pt; text-align: center;\"><a style=\"color: #d65d00;\" href=\"https:\/\/www.salon-medecinedouce.com\/paris\/visiteur_invitation\/\">&gt;&gt; T\u00e9l\u00e9chargez votre entr\u00e9e gratuite<\/a><br \/>\n<\/strong><span style=\"font-size: 18pt;\"><strong><a style=\"color: #d65d00;\" href=\"https:\/\/www.salon-medecinedouce.com\/paris\/visiteur_invitation\/\">pour le salon Bien-\u00catre M\u00e9decine Douce Paris\u00a0<\/a><\/strong><\/span><\/span><\/p>\n<p>&nbsp;<\/p>\n<p>&nbsp;<\/p>\n<div class=\"salon-pubs-hp-bas-de-page salon-entity-placement\" id=\"salon-1418587684\"><div id=\"salon-2314760189\"><a data-no-instant=\"1\" href=\"https:\/\/www.adntv.fr\/home?request_origin=tv_app\" rel=\"noopener\" class=\"a2t-link\" target=\"_blank\"><p><a href=\"https:\/\/www.salondesseniors.com\/\"><img decoding=\"async\" class=\"wp-image-22417 aligncenter\" src=\"https:\/\/www.salon-medecinedouce.com\/paris\/wp-content\/uploads\/sites\/14\/2026\/02\/Banniere-728x90-1-300x37.png\" alt=\"\" width=\"754\" height=\"93\" srcset=\"https:\/\/www.salon-medecinedouce.com\/paris\/wp-content\/uploads\/sites\/14\/2026\/02\/Banniere-728x90-1-300x37.png 300w, https:\/\/www.salon-medecinedouce.com\/paris\/wp-content\/uploads\/sites\/14\/2026\/02\/Banniere-728x90-1-1024x127.png 1024w, https:\/\/www.salon-medecinedouce.com\/paris\/wp-content\/uploads\/sites\/14\/2026\/02\/Banniere-728x90-1-768x95.png 768w, https:\/\/www.salon-medecinedouce.com\/paris\/wp-content\/uploads\/sites\/14\/2026\/02\/Banniere-728x90-1-1536x190.png 1536w, https:\/\/www.salon-medecinedouce.com\/paris\/wp-content\/uploads\/sites\/14\/2026\/02\/Banniere-728x90-1-2048x253.png 2048w, https:\/\/www.salon-medecinedouce.com\/paris\/wp-content\/uploads\/sites\/14\/2026\/02\/Banniere-728x90-1-150x19.png 150w, https:\/\/www.salon-medecinedouce.com\/paris\/wp-content\/uploads\/sites\/14\/2026\/02\/Banniere-728x90-1-500x62.png 500w\" sizes=\"(max-width: 754px) 100vw, 754px\" \/><\/a><\/p>\n<\/a><\/div><\/div>","protected":false},"excerpt":{"rendered":"<p>Le Salon Bien-\u00eatre M\u00e9decine Douce Paris est l&rsquo;\u00e9v\u00e9nement incontournable en mati\u00e8re de bien-\u00eatre, de sant\u00e9 au naturel et leader des m\u00e9decines douces en France. Sur 5 jours, d\u00e9couvrez l&rsquo;expertise de nos exposants en mati\u00e8re de m\u00e9thodes alternatives de pr\u00e9vention sant\u00e9 et leurs innovants produits de bien-\u00eatre. Votre rendez-vous de la sant\u00e9 au naturel et du&hellip; <\/p>\n","protected":false},"author":1,"featured_media":4093,"parent":0,"menu_order":1,"comment_status":"closed","ping_status":"closed","template":"","meta":{"_monsterinsights_skip_tracking":false,"_monsterinsights_sitenote_active":false,"_monsterinsights_sitenote_note":"","_monsterinsights_sitenote_category":0,"footnotes":""},"class_list":["post-2081","page","type-page","status-publish","has-post-thumbnail","hentry"],"yoast_head":"<!-- This site is optimized with the Yoast SEO plugin v27.3 - https:\/\/yoast.com\/product\/yoast-seo-wordpress\/ -->\n<title>Salon Bien-\u00catre M\u00e9decine Douce Paris, rendez-vous de la sant\u00e9 au naturel<\/title>\n<meta name=\"description\" content=\"Salon Bien-\u00catre M\u00e9decine Douce Paris 2022 : 220 professionnels de la sant\u00e9 au naturel vous attendent \u00e0 Paris Porte de Versailles\" \/>\n<meta name=\"robots\" content=\"index, follow, max-snippet:-1, max-image-preview:large, max-video-preview:-1\" \/>\n<link rel=\"canonical\" href=\"https:\/\/www.salon-medecinedouce.com\/paris\/visiter\/\" \/>\n<meta property=\"og:locale\" content=\"fr_FR\" \/>\n<meta property=\"og:type\" content=\"article\" \/>\n<meta property=\"og:title\" content=\"Salon Bien-\u00catre M\u00e9decine Douce Paris, rendez-vous de la sant\u00e9 au naturel\" \/>\n<meta property=\"og:description\" content=\"Salon Bien-\u00catre M\u00e9decine Douce Paris 2022 : 220 professionnels de la sant\u00e9 au naturel vous attendent \u00e0 Paris Porte de Versailles\" \/>\n<meta property=\"og:url\" content=\"https:\/\/www.salon-medecinedouce.com\/paris\/visiter\/\" \/>\n<meta property=\"og:site_name\" content=\"Bien-\u00eatre Paris\" \/>\n<meta property=\"article:modified_time\" content=\"2026-03-09T08:39:34+00:00\" \/>\n<meta property=\"og:image\" content=\"https:\/\/www.salon-medecinedouce.com\/paris\/wp-content\/uploads\/sites\/14\/2017\/06\/Fotolia_133544127_BD.jpg\" \/>\n\t<meta property=\"og:image:width\" content=\"3418\" \/>\n\t<meta property=\"og:image:height\" content=\"2282\" \/>\n\t<meta property=\"og:image:type\" content=\"image\/jpeg\" \/>\n<meta name=\"twitter:card\" content=\"summary_large_image\" \/>\n<meta name=\"twitter:label1\" content=\"Dur\u00e9e de lecture estim\u00e9e\" \/>\n\t<meta name=\"twitter:data1\" content=\"2 minutes\" \/>\n<script type=\"application\/ld+json\" class=\"yoast-schema-graph\">{\"@context\":\"https:\\\/\\\/schema.org\",\"@graph\":[{\"@type\":\"WebPage\",\"@id\":\"https:\\\/\\\/www.salon-medecinedouce.com\\\/paris\\\/visiter\\\/\",\"url\":\"https:\\\/\\\/www.salon-medecinedouce.com\\\/paris\\\/visiter\\\/\",\"name\":\"Salon Bien-\u00catre M\u00e9decine Douce Paris, rendez-vous de la sant\u00e9 au naturel\",\"isPartOf\":{\"@id\":\"https:\\\/\\\/www.salon-medecinedouce.com\\\/paris\\\/#website\"},\"primaryImageOfPage\":{\"@id\":\"https:\\\/\\\/www.salon-medecinedouce.com\\\/paris\\\/visiter\\\/#primaryimage\"},\"image\":{\"@id\":\"https:\\\/\\\/www.salon-medecinedouce.com\\\/paris\\\/visiter\\\/#primaryimage\"},\"thumbnailUrl\":\"https:\\\/\\\/www.salon-medecinedouce.com\\\/paris\\\/wp-content\\\/uploads\\\/sites\\\/14\\\/2017\\\/06\\\/Fotolia_133544127_BD.jpg\",\"datePublished\":\"2024-06-26T07:00:02+00:00\",\"dateModified\":\"2026-03-09T08:39:34+00:00\",\"description\":\"Salon Bien-\u00catre M\u00e9decine Douce Paris 2022 : 220 professionnels de la sant\u00e9 au naturel vous attendent \u00e0 Paris Porte de Versailles\",\"breadcrumb\":{\"@id\":\"https:\\\/\\\/www.salon-medecinedouce.com\\\/paris\\\/visiter\\\/#breadcrumb\"},\"inLanguage\":\"fr-FR\",\"potentialAction\":[{\"@type\":\"ReadAction\",\"target\":[\"https:\\\/\\\/www.salon-medecinedouce.com\\\/paris\\\/visiter\\\/\"]}]},{\"@type\":\"ImageObject\",\"inLanguage\":\"fr-FR\",\"@id\":\"https:\\\/\\\/www.salon-medecinedouce.com\\\/paris\\\/visiter\\\/#primaryimage\",\"url\":\"https:\\\/\\\/www.salon-medecinedouce.com\\\/paris\\\/wp-content\\\/uploads\\\/sites\\\/14\\\/2017\\\/06\\\/Fotolia_133544127_BD.jpg\",\"contentUrl\":\"https:\\\/\\\/www.salon-medecinedouce.com\\\/paris\\\/wp-content\\\/uploads\\\/sites\\\/14\\\/2017\\\/06\\\/Fotolia_133544127_BD.jpg\",\"width\":3418,\"height\":2282,\"caption\":\"Woman training yoga on the beach at sunset\"},{\"@type\":\"BreadcrumbList\",\"@id\":\"https:\\\/\\\/www.salon-medecinedouce.com\\\/paris\\\/visiter\\\/#breadcrumb\",\"itemListElement\":[{\"@type\":\"ListItem\",\"position\":1,\"name\":\"Accueil\",\"item\":\"https:\\\/\\\/www.salon-medecinedouce.com\\\/paris\\\/\"},{\"@type\":\"ListItem\",\"position\":2,\"name\":\"Visiter le salon\"}]},{\"@type\":\"WebSite\",\"@id\":\"https:\\\/\\\/www.salon-medecinedouce.com\\\/paris\\\/#website\",\"url\":\"https:\\\/\\\/www.salon-medecinedouce.com\\\/paris\\\/\",\"name\":\"Bien-\u00eatre Paris\",\"description\":\"La sant\u00e9 au naturel : M\u00e9decines douces - Compl\u00e9ments alimentaires - Alimentation saine - Cosm\u00e9tiques naturelles - Art de vivre - Tourisme de sant\u00e9\",\"publisher\":{\"@id\":\"https:\\\/\\\/www.salon-medecinedouce.com\\\/paris\\\/#organization\"},\"potentialAction\":[{\"@type\":\"SearchAction\",\"target\":{\"@type\":\"EntryPoint\",\"urlTemplate\":\"https:\\\/\\\/www.salon-medecinedouce.com\\\/paris\\\/?s={search_term_string}\"},\"query-input\":{\"@type\":\"PropertyValueSpecification\",\"valueRequired\":true,\"valueName\":\"search_term_string\"}}],\"inLanguage\":\"fr-FR\"},{\"@type\":\"Organization\",\"@id\":\"https:\\\/\\\/www.salon-medecinedouce.com\\\/paris\\\/#organization\",\"name\":\"Bien-\u00eatre Paris\",\"url\":\"https:\\\/\\\/www.salon-medecinedouce.com\\\/paris\\\/\",\"logo\":{\"@type\":\"ImageObject\",\"inLanguage\":\"fr-FR\",\"@id\":\"https:\\\/\\\/www.salon-medecinedouce.com\\\/paris\\\/#\\\/schema\\\/logo\\\/image\\\/\",\"url\":\"https:\\\/\\\/www.salon-medecinedouce.com\\\/paris\\\/wp-content\\\/uploads\\\/sites\\\/14\\\/2024\\\/05\\\/cropped-logo-orange-bemd.png\",\"contentUrl\":\"https:\\\/\\\/www.salon-medecinedouce.com\\\/paris\\\/wp-content\\\/uploads\\\/sites\\\/14\\\/2024\\\/05\\\/cropped-logo-orange-bemd.png\",\"width\":591,\"height\":591,\"caption\":\"Bien-\u00eatre Paris\"},\"image\":{\"@id\":\"https:\\\/\\\/www.salon-medecinedouce.com\\\/paris\\\/#\\\/schema\\\/logo\\\/image\\\/\"}}]}<\/script>\n<!-- \/ Yoast SEO plugin. -->","yoast_head_json":{"title":"Salon Bien-\u00catre M\u00e9decine Douce Paris, rendez-vous de la sant\u00e9 au naturel","description":"Salon Bien-\u00catre M\u00e9decine Douce Paris 2022 : 220 professionnels de la sant\u00e9 au naturel vous attendent \u00e0 Paris Porte de Versailles","robots":{"index":"index","follow":"follow","max-snippet":"max-snippet:-1","max-image-preview":"max-image-preview:large","max-video-preview":"max-video-preview:-1"},"canonical":"https:\/\/www.salon-medecinedouce.com\/paris\/visiter\/","og_locale":"fr_FR","og_type":"article","og_title":"Salon Bien-\u00catre M\u00e9decine Douce Paris, rendez-vous de la sant\u00e9 au naturel","og_description":"Salon Bien-\u00catre M\u00e9decine Douce Paris 2022 : 220 professionnels de la sant\u00e9 au naturel vous attendent \u00e0 Paris Porte de Versailles","og_url":"https:\/\/www.salon-medecinedouce.com\/paris\/visiter\/","og_site_name":"Bien-\u00eatre Paris","article_modified_time":"2026-03-09T08:39:34+00:00","og_image":[{"width":3418,"height":2282,"url":"https:\/\/www.salon-medecinedouce.com\/paris\/wp-content\/uploads\/sites\/14\/2017\/06\/Fotolia_133544127_BD.jpg","type":"image\/jpeg"}],"twitter_card":"summary_large_image","twitter_misc":{"Dur\u00e9e de lecture estim\u00e9e":"2 minutes"},"schema":{"@context":"https:\/\/schema.org","@graph":[{"@type":"WebPage","@id":"https:\/\/www.salon-medecinedouce.com\/paris\/visiter\/","url":"https:\/\/www.salon-medecinedouce.com\/paris\/visiter\/","name":"Salon Bien-\u00catre M\u00e9decine Douce Paris, rendez-vous de la sant\u00e9 au naturel","isPartOf":{"@id":"https:\/\/www.salon-medecinedouce.com\/paris\/#website"},"primaryImageOfPage":{"@id":"https:\/\/www.salon-medecinedouce.com\/paris\/visiter\/#primaryimage"},"image":{"@id":"https:\/\/www.salon-medecinedouce.com\/paris\/visiter\/#primaryimage"},"thumbnailUrl":"https:\/\/www.salon-medecinedouce.com\/paris\/wp-content\/uploads\/sites\/14\/2017\/06\/Fotolia_133544127_BD.jpg","datePublished":"2024-06-26T07:00:02+00:00","dateModified":"2026-03-09T08:39:34+00:00","description":"Salon Bien-\u00catre M\u00e9decine Douce Paris 2022 : 220 professionnels de la sant\u00e9 au naturel vous attendent \u00e0 Paris Porte de Versailles","breadcrumb":{"@id":"https:\/\/www.salon-medecinedouce.com\/paris\/visiter\/#breadcrumb"},"inLanguage":"fr-FR","potentialAction":[{"@type":"ReadAction","target":["https:\/\/www.salon-medecinedouce.com\/paris\/visiter\/"]}]},{"@type":"ImageObject","inLanguage":"fr-FR","@id":"https:\/\/www.salon-medecinedouce.com\/paris\/visiter\/#primaryimage","url":"https:\/\/www.salon-medecinedouce.com\/paris\/wp-content\/uploads\/sites\/14\/2017\/06\/Fotolia_133544127_BD.jpg","contentUrl":"https:\/\/www.salon-medecinedouce.com\/paris\/wp-content\/uploads\/sites\/14\/2017\/06\/Fotolia_133544127_BD.jpg","width":3418,"height":2282,"caption":"Woman training yoga on the beach at sunset"},{"@type":"BreadcrumbList","@id":"https:\/\/www.salon-medecinedouce.com\/paris\/visiter\/#breadcrumb","itemListElement":[{"@type":"ListItem","position":1,"name":"Accueil","item":"https:\/\/www.salon-medecinedouce.com\/paris\/"},{"@type":"ListItem","position":2,"name":"Visiter le salon"}]},{"@type":"WebSite","@id":"https:\/\/www.salon-medecinedouce.com\/paris\/#website","url":"https:\/\/www.salon-medecinedouce.com\/paris\/","name":"Bien-\u00eatre Paris","description":"La sant\u00e9 au naturel : M\u00e9decines douces - Compl\u00e9ments alimentaires - Alimentation saine - Cosm\u00e9tiques naturelles - Art de vivre - Tourisme de sant\u00e9","publisher":{"@id":"https:\/\/www.salon-medecinedouce.com\/paris\/#organization"},"potentialAction":[{"@type":"SearchAction","target":{"@type":"EntryPoint","urlTemplate":"https:\/\/www.salon-medecinedouce.com\/paris\/?s={search_term_string}"},"query-input":{"@type":"PropertyValueSpecification","valueRequired":true,"valueName":"search_term_string"}}],"inLanguage":"fr-FR"},{"@type":"Organization","@id":"https:\/\/www.salon-medecinedouce.com\/paris\/#organization","name":"Bien-\u00eatre Paris","url":"https:\/\/www.salon-medecinedouce.com\/paris\/","logo":{"@type":"ImageObject","inLanguage":"fr-FR","@id":"https:\/\/www.salon-medecinedouce.com\/paris\/#\/schema\/logo\/image\/","url":"https:\/\/www.salon-medecinedouce.com\/paris\/wp-content\/uploads\/sites\/14\/2024\/05\/cropped-logo-orange-bemd.png","contentUrl":"https:\/\/www.salon-medecinedouce.com\/paris\/wp-content\/uploads\/sites\/14\/2024\/05\/cropped-logo-orange-bemd.png","width":591,"height":591,"caption":"Bien-\u00eatre Paris"},"image":{"@id":"https:\/\/www.salon-medecinedouce.com\/paris\/#\/schema\/logo\/image\/"}}]}},"rttpg_featured_image_url":{"full":["https:\/\/www.salon-medecinedouce.com\/paris\/wp-content\/uploads\/sites\/14\/2017\/06\/Fotolia_133544127_BD.jpg",3418,2282,false],"landscape":["https:\/\/www.salon-medecinedouce.com\/paris\/wp-content\/uploads\/sites\/14\/2017\/06\/Fotolia_133544127_BD.jpg",3418,2282,false],"portraits":["https:\/\/www.salon-medecinedouce.com\/paris\/wp-content\/uploads\/sites\/14\/2017\/06\/Fotolia_133544127_BD.jpg",3418,2282,false],"thumbnail":["https:\/\/www.salon-medecinedouce.com\/paris\/wp-content\/uploads\/sites\/14\/2017\/06\/Fotolia_133544127_BD-150x150.jpg",150,150,true],"medium":["https:\/\/www.salon-medecinedouce.com\/paris\/wp-content\/uploads\/sites\/14\/2017\/06\/Fotolia_133544127_BD-300x200.jpg",300,200,true],"large":["https:\/\/www.salon-medecinedouce.com\/paris\/wp-content\/uploads\/sites\/14\/2017\/06\/Fotolia_133544127_BD-1024x684.jpg",790,528,true],"1536x1536":["https:\/\/www.salon-medecinedouce.com\/paris\/wp-content\/uploads\/sites\/14\/2017\/06\/Fotolia_133544127_BD.jpg",1536,1025,false],"2048x2048":["https:\/\/www.salon-medecinedouce.com\/paris\/wp-content\/uploads\/sites\/14\/2017\/06\/Fotolia_133544127_BD.jpg",2048,1367,false],"gg_gallery_thumbnail":["https:\/\/www.salon-medecinedouce.com\/paris\/wp-content\/uploads\/sites\/14\/2017\/06\/Fotolia_133544127_BD-450x250.jpg",450,250,true],"rpwe-thumbnail":["https:\/\/www.salon-medecinedouce.com\/paris\/wp-content\/uploads\/sites\/14\/2017\/06\/Fotolia_133544127_BD-45x45.jpg",45,45,true]},"rttpg_author":{"display_name":"admin","author_link":"https:\/\/www.salon-medecinedouce.com\/paris\/blog\/author\/admin\/"},"rttpg_comment":0,"rttpg_category":false,"rttpg_excerpt":"Le Salon Bien-\u00eatre M\u00e9decine Douce Paris est l&rsquo;\u00e9v\u00e9nement incontournable en mati\u00e8re de bien-\u00eatre, de sant\u00e9 au naturel et leader des m\u00e9decines douces en France. Sur 5 jours, d\u00e9couvrez l&rsquo;expertise de nos exposants en mati\u00e8re de m\u00e9thodes alternatives de pr\u00e9vention sant\u00e9 et leurs innovants produits de bien-\u00eatre. Votre rendez-vous de la sant\u00e9 au naturel et du&hellip;","_links":{"self":[{"href":"https:\/\/www.salon-medecinedouce.com\/paris\/wp-json\/wp\/v2\/pages\/2081","targetHints":{"allow":["GET"]}}],"collection":[{"href":"https:\/\/www.salon-medecinedouce.com\/paris\/wp-json\/wp\/v2\/pages"}],"about":[{"href":"https:\/\/www.salon-medecinedouce.com\/paris\/wp-json\/wp\/v2\/types\/page"}],"author":[{"embeddable":true,"href":"https:\/\/www.salon-medecinedouce.com\/paris\/wp-json\/wp\/v2\/users\/1"}],"replies":[{"embeddable":true,"href":"https:\/\/www.salon-medecinedouce.com\/paris\/wp-json\/wp\/v2\/comments?post=2081"}],"version-history":[{"count":67,"href":"https:\/\/www.salon-medecinedouce.com\/paris\/wp-json\/wp\/v2\/pages\/2081\/revisions"}],"predecessor-version":[{"id":22447,"href":"https:\/\/www.salon-medecinedouce.com\/paris\/wp-json\/wp\/v2\/pages\/2081\/revisions\/22447"}],"wp:featuredmedia":[{"embeddable":true,"href":"https:\/\/www.salon-medecinedouce.com\/paris\/wp-json\/wp\/v2\/media\/4093"}],"wp:attachment":[{"href":"https:\/\/www.salon-medecinedouce.com\/paris\/wp-json\/wp\/v2\/media?parent=2081"}],"curies":[{"name":"wp","href":"https:\/\/api.w.org\/{rel}","templated":true}]}}