{"id":12408,"date":"2022-01-04T14:51:48","date_gmt":"2022-01-04T13:51:48","guid":{"rendered":"https:\/\/www.salon-medecinedouce.com\/paris\/?page_id=12408"},"modified":"2023-02-20T11:05:54","modified_gmt":"2023-02-20T10:05:54","slug":"virgin-radio","status":"publish","type":"page","link":"https:\/\/www.salon-medecinedouce.com\/paris\/virgin-radio\/","title":{"rendered":"Europe 2"},"content":{"rendered":"<p><img decoding=\"async\" class=\"size-full wp-image-14768 alignleft\" src=\"https:\/\/www.salon-medecinedouce.com\/paris\/wp-content\/uploads\/sites\/14\/2023\/01\/LOGO-E2-BLACK-CLAIM-e1674134139539.png\" alt=\"\" width=\"180\" height=\"90\" srcset=\"https:\/\/www.salon-medecinedouce.com\/paris\/wp-content\/uploads\/sites\/14\/2023\/01\/LOGO-E2-BLACK-CLAIM-e1674134139539.png 180w, https:\/\/www.salon-medecinedouce.com\/paris\/wp-content\/uploads\/sites\/14\/2023\/01\/LOGO-E2-BLACK-CLAIM-e1674134139539-150x75.png 150w\" sizes=\"(max-width: 180px) 100vw, 180px\" \/><\/p>\n<p class=\"default\" style=\"margin: 0cm;\"><strong><span style=\"font-size: 12pt; background-color: #ffee94;\"><span style=\"color: #070706;\">Europe2<\/span><\/span><\/strong><span style=\"font-size: 12.0pt; color: black;\"> c\u2019est<span class=\"apple-converted-space\">\u00a0<\/span><b>la radio de r\u00e9f\u00e9rence sur le format Pop Rock Electro.<span class=\"apple-converted-space\">\u00a0<br \/>\n<\/span><\/b><\/span><\/p>\n<p class=\"default\">Constamment \u00e0 la recherche de nouveaux talents qui feront l\u2019actualit\u00e9 de demain,<span class=\"apple-converted-space\">\u00a0<\/span>Virgin<span class=\"apple-converted-space\">\u00a0<\/span>Radio a toujours un temps d\u2019avance.<span class=\"apple-converted-space\">\u00a0<\/span>Toute la journ\u00e9e, on peut ainsi y retrouver les plus grands sons pop-rock-electro et y d\u00e9couvrir les meilleures nouveaut\u00e9s fran\u00e7aises et internationales.<span class=\"apple-converted-space\">\u00a0<\/span><\/p>\n<p class=\"default\">Manu Payet et l\u2019\u00e9quipe du<span class=\"apple-converted-space\">\u00a0<\/span>Virgin<span class=\"apple-converted-space\">\u00a0<\/span>Tonic offrent chaque matin aux auditeurs une matinale positive, touchante et toujours pleine d\u2019humour comme il n\u2019en existe sur aucune autre radio.<span class=\"apple-converted-space\">\u00a0<\/span><\/p>\n<p class=\"default\">Entre 16h et 20h, place au programme local avec les animateurs et journalistes en r\u00e9gions. Le soir, MIKL prend les commandes jusqu\u2019\u00e0 minuit pour une \u00e9mission d\u00e9cal\u00e9e et impertinente qui donne la parole aux auditeurs.<\/p>\n<p>D\u00e9couvrez le site internet de <a href=\"https:\/\/www.europe2.fr\/\" target=\"_blank\" rel=\"noopener\">Europe2<\/a><\/p>\n<div class=\"salon-pubs-hp-bas-de-page salon-entity-placement\" id=\"salon-2765535419\"><div id=\"salon-2297946194\"><a data-no-instant=\"1\" href=\"https:\/\/www.adntv.fr\/home?request_origin=tv_app\" rel=\"noopener\" class=\"a2t-link\" target=\"_blank\"><p><a href=\"https:\/\/www.salondesseniors.com\/\"><img fetchpriority=\"high\" decoding=\"async\" class=\"wp-image-22417 aligncenter\" src=\"https:\/\/www.salon-medecinedouce.com\/paris\/wp-content\/uploads\/sites\/14\/2026\/02\/Banniere-728x90-1-300x37.png\" alt=\"\" width=\"754\" height=\"93\" srcset=\"https:\/\/www.salon-medecinedouce.com\/paris\/wp-content\/uploads\/sites\/14\/2026\/02\/Banniere-728x90-1-300x37.png 300w, https:\/\/www.salon-medecinedouce.com\/paris\/wp-content\/uploads\/sites\/14\/2026\/02\/Banniere-728x90-1-1024x127.png 1024w, https:\/\/www.salon-medecinedouce.com\/paris\/wp-content\/uploads\/sites\/14\/2026\/02\/Banniere-728x90-1-768x95.png 768w, https:\/\/www.salon-medecinedouce.com\/paris\/wp-content\/uploads\/sites\/14\/2026\/02\/Banniere-728x90-1-1536x190.png 1536w, https:\/\/www.salon-medecinedouce.com\/paris\/wp-content\/uploads\/sites\/14\/2026\/02\/Banniere-728x90-1-2048x253.png 2048w, https:\/\/www.salon-medecinedouce.com\/paris\/wp-content\/uploads\/sites\/14\/2026\/02\/Banniere-728x90-1-150x19.png 150w, https:\/\/www.salon-medecinedouce.com\/paris\/wp-content\/uploads\/sites\/14\/2026\/02\/Banniere-728x90-1-500x62.png 500w\" sizes=\"(max-width: 754px) 100vw, 754px\" \/><\/a><\/p>\n<\/a><\/div><\/div>","protected":false},"excerpt":{"rendered":"<p>Europe2 c\u2019est\u00a0la radio de r\u00e9f\u00e9rence sur le format Pop Rock Electro.\u00a0 Constamment \u00e0 la recherche de nouveaux talents qui feront l\u2019actualit\u00e9 de demain,\u00a0Virgin\u00a0Radio a toujours un temps d\u2019avance.\u00a0Toute la journ\u00e9e, on peut ainsi y retrouver les plus grands sons pop-rock-electro et y d\u00e9couvrir les meilleures nouveaut\u00e9s fran\u00e7aises et internationales.\u00a0 Manu Payet et l\u2019\u00e9quipe du\u00a0Virgin\u00a0Tonic offrent&hellip; <\/p>\n","protected":false},"author":6,"featured_media":0,"parent":0,"menu_order":0,"comment_status":"closed","ping_status":"closed","template":"","meta":{"_monsterinsights_skip_tracking":false,"_monsterinsights_sitenote_active":false,"_monsterinsights_sitenote_note":"","_monsterinsights_sitenote_category":0,"footnotes":""},"class_list":["post-12408","page","type-page","status-publish","hentry"],"yoast_head":"<!-- This site is optimized with the Yoast SEO plugin v27.3 - https:\/\/yoast.com\/product\/yoast-seo-wordpress\/ -->\n<title>Europe 2 - Bien-\u00eatre Paris<\/title>\n<meta name=\"robots\" content=\"index, follow, max-snippet:-1, max-image-preview:large, max-video-preview:-1\" \/>\n<link rel=\"canonical\" href=\"https:\/\/www.salon-medecinedouce.com\/paris\/virgin-radio\/\" \/>\n<meta property=\"og:locale\" content=\"fr_FR\" \/>\n<meta property=\"og:type\" content=\"article\" \/>\n<meta property=\"og:title\" content=\"Europe 2 - Bien-\u00eatre Paris\" \/>\n<meta property=\"og:description\" content=\"Europe2 c\u2019est\u00a0la radio de r\u00e9f\u00e9rence sur le format Pop Rock Electro.\u00a0 Constamment \u00e0 la recherche de nouveaux talents qui feront l\u2019actualit\u00e9 de demain,\u00a0Virgin\u00a0Radio a toujours un temps d\u2019avance.\u00a0Toute la journ\u00e9e, on peut ainsi y retrouver les plus grands sons pop-rock-electro et y d\u00e9couvrir les meilleures nouveaut\u00e9s fran\u00e7aises et internationales.\u00a0 Manu Payet et l\u2019\u00e9quipe du\u00a0Virgin\u00a0Tonic offrent&hellip;\" \/>\n<meta property=\"og:url\" content=\"https:\/\/www.salon-medecinedouce.com\/paris\/virgin-radio\/\" \/>\n<meta property=\"og:site_name\" content=\"Bien-\u00eatre Paris\" \/>\n<meta property=\"article:modified_time\" content=\"2023-02-20T10:05:54+00:00\" \/>\n<meta property=\"og:image\" content=\"https:\/\/www.salon-medecinedouce.com\/paris\/wp-content\/uploads\/sites\/14\/2023\/01\/LOGO-E2-BLACK-CLAIM-e1674134139539.png\" \/>\n<meta name=\"twitter:card\" content=\"summary_large_image\" \/>\n<meta name=\"twitter:label1\" content=\"Dur\u00e9e de lecture estim\u00e9e\" \/>\n\t<meta name=\"twitter:data1\" content=\"1 minute\" \/>\n<script type=\"application\/ld+json\" class=\"yoast-schema-graph\">{\"@context\":\"https:\\\/\\\/schema.org\",\"@graph\":[{\"@type\":\"WebPage\",\"@id\":\"https:\\\/\\\/www.salon-medecinedouce.com\\\/paris\\\/virgin-radio\\\/\",\"url\":\"https:\\\/\\\/www.salon-medecinedouce.com\\\/paris\\\/virgin-radio\\\/\",\"name\":\"Europe 2 - Bien-\u00eatre Paris\",\"isPartOf\":{\"@id\":\"https:\\\/\\\/www.salon-medecinedouce.com\\\/paris\\\/#website\"},\"primaryImageOfPage\":{\"@id\":\"https:\\\/\\\/www.salon-medecinedouce.com\\\/paris\\\/virgin-radio\\\/#primaryimage\"},\"image\":{\"@id\":\"https:\\\/\\\/www.salon-medecinedouce.com\\\/paris\\\/virgin-radio\\\/#primaryimage\"},\"thumbnailUrl\":\"https:\\\/\\\/www.salon-medecinedouce.com\\\/paris\\\/wp-content\\\/uploads\\\/sites\\\/14\\\/2023\\\/01\\\/LOGO-E2-BLACK-CLAIM-e1674134139539.png\",\"datePublished\":\"2022-01-04T13:51:48+00:00\",\"dateModified\":\"2023-02-20T10:05:54+00:00\",\"breadcrumb\":{\"@id\":\"https:\\\/\\\/www.salon-medecinedouce.com\\\/paris\\\/virgin-radio\\\/#breadcrumb\"},\"inLanguage\":\"fr-FR\",\"potentialAction\":[{\"@type\":\"ReadAction\",\"target\":[\"https:\\\/\\\/www.salon-medecinedouce.com\\\/paris\\\/virgin-radio\\\/\"]}]},{\"@type\":\"ImageObject\",\"inLanguage\":\"fr-FR\",\"@id\":\"https:\\\/\\\/www.salon-medecinedouce.com\\\/paris\\\/virgin-radio\\\/#primaryimage\",\"url\":\"https:\\\/\\\/www.salon-medecinedouce.com\\\/paris\\\/wp-content\\\/uploads\\\/sites\\\/14\\\/2023\\\/01\\\/LOGO-E2-BLACK-CLAIM-e1674134139539.png\",\"contentUrl\":\"https:\\\/\\\/www.salon-medecinedouce.com\\\/paris\\\/wp-content\\\/uploads\\\/sites\\\/14\\\/2023\\\/01\\\/LOGO-E2-BLACK-CLAIM-e1674134139539.png\",\"width\":180,\"height\":90},{\"@type\":\"BreadcrumbList\",\"@id\":\"https:\\\/\\\/www.salon-medecinedouce.com\\\/paris\\\/virgin-radio\\\/#breadcrumb\",\"itemListElement\":[{\"@type\":\"ListItem\",\"position\":1,\"name\":\"Accueil\",\"item\":\"https:\\\/\\\/www.salon-medecinedouce.com\\\/paris\\\/\"},{\"@type\":\"ListItem\",\"position\":2,\"name\":\"Europe 2\"}]},{\"@type\":\"WebSite\",\"@id\":\"https:\\\/\\\/www.salon-medecinedouce.com\\\/paris\\\/#website\",\"url\":\"https:\\\/\\\/www.salon-medecinedouce.com\\\/paris\\\/\",\"name\":\"Bien-\u00eatre Paris\",\"description\":\"La sant\u00e9 au naturel : M\u00e9decines douces - Compl\u00e9ments alimentaires - Alimentation saine - Cosm\u00e9tiques naturelles - Art de vivre - Tourisme de sant\u00e9\",\"publisher\":{\"@id\":\"https:\\\/\\\/www.salon-medecinedouce.com\\\/paris\\\/#organization\"},\"potentialAction\":[{\"@type\":\"SearchAction\",\"target\":{\"@type\":\"EntryPoint\",\"urlTemplate\":\"https:\\\/\\\/www.salon-medecinedouce.com\\\/paris\\\/?s={search_term_string}\"},\"query-input\":{\"@type\":\"PropertyValueSpecification\",\"valueRequired\":true,\"valueName\":\"search_term_string\"}}],\"inLanguage\":\"fr-FR\"},{\"@type\":\"Organization\",\"@id\":\"https:\\\/\\\/www.salon-medecinedouce.com\\\/paris\\\/#organization\",\"name\":\"Bien-\u00eatre Paris\",\"url\":\"https:\\\/\\\/www.salon-medecinedouce.com\\\/paris\\\/\",\"logo\":{\"@type\":\"ImageObject\",\"inLanguage\":\"fr-FR\",\"@id\":\"https:\\\/\\\/www.salon-medecinedouce.com\\\/paris\\\/#\\\/schema\\\/logo\\\/image\\\/\",\"url\":\"https:\\\/\\\/www.salon-medecinedouce.com\\\/paris\\\/wp-content\\\/uploads\\\/sites\\\/14\\\/2024\\\/05\\\/cropped-logo-orange-bemd.png\",\"contentUrl\":\"https:\\\/\\\/www.salon-medecinedouce.com\\\/paris\\\/wp-content\\\/uploads\\\/sites\\\/14\\\/2024\\\/05\\\/cropped-logo-orange-bemd.png\",\"width\":591,\"height\":591,\"caption\":\"Bien-\u00eatre Paris\"},\"image\":{\"@id\":\"https:\\\/\\\/www.salon-medecinedouce.com\\\/paris\\\/#\\\/schema\\\/logo\\\/image\\\/\"}}]}<\/script>\n<!-- \/ Yoast SEO plugin. -->","yoast_head_json":{"title":"Europe 2 - Bien-\u00eatre Paris","robots":{"index":"index","follow":"follow","max-snippet":"max-snippet:-1","max-image-preview":"max-image-preview:large","max-video-preview":"max-video-preview:-1"},"canonical":"https:\/\/www.salon-medecinedouce.com\/paris\/virgin-radio\/","og_locale":"fr_FR","og_type":"article","og_title":"Europe 2 - Bien-\u00eatre Paris","og_description":"Europe2 c\u2019est\u00a0la radio de r\u00e9f\u00e9rence sur le format Pop Rock Electro.\u00a0 Constamment \u00e0 la recherche de nouveaux talents qui feront l\u2019actualit\u00e9 de demain,\u00a0Virgin\u00a0Radio a toujours un temps d\u2019avance.\u00a0Toute la journ\u00e9e, on peut ainsi y retrouver les plus grands sons pop-rock-electro et y d\u00e9couvrir les meilleures nouveaut\u00e9s fran\u00e7aises et internationales.\u00a0 Manu Payet et l\u2019\u00e9quipe du\u00a0Virgin\u00a0Tonic offrent&hellip;","og_url":"https:\/\/www.salon-medecinedouce.com\/paris\/virgin-radio\/","og_site_name":"Bien-\u00eatre Paris","article_modified_time":"2023-02-20T10:05:54+00:00","og_image":[{"url":"https:\/\/www.salon-medecinedouce.com\/paris\/wp-content\/uploads\/sites\/14\/2023\/01\/LOGO-E2-BLACK-CLAIM-e1674134139539.png","type":"","width":"","height":""}],"twitter_card":"summary_large_image","twitter_misc":{"Dur\u00e9e de lecture estim\u00e9e":"1 minute"},"schema":{"@context":"https:\/\/schema.org","@graph":[{"@type":"WebPage","@id":"https:\/\/www.salon-medecinedouce.com\/paris\/virgin-radio\/","url":"https:\/\/www.salon-medecinedouce.com\/paris\/virgin-radio\/","name":"Europe 2 - Bien-\u00eatre Paris","isPartOf":{"@id":"https:\/\/www.salon-medecinedouce.com\/paris\/#website"},"primaryImageOfPage":{"@id":"https:\/\/www.salon-medecinedouce.com\/paris\/virgin-radio\/#primaryimage"},"image":{"@id":"https:\/\/www.salon-medecinedouce.com\/paris\/virgin-radio\/#primaryimage"},"thumbnailUrl":"https:\/\/www.salon-medecinedouce.com\/paris\/wp-content\/uploads\/sites\/14\/2023\/01\/LOGO-E2-BLACK-CLAIM-e1674134139539.png","datePublished":"2022-01-04T13:51:48+00:00","dateModified":"2023-02-20T10:05:54+00:00","breadcrumb":{"@id":"https:\/\/www.salon-medecinedouce.com\/paris\/virgin-radio\/#breadcrumb"},"inLanguage":"fr-FR","potentialAction":[{"@type":"ReadAction","target":["https:\/\/www.salon-medecinedouce.com\/paris\/virgin-radio\/"]}]},{"@type":"ImageObject","inLanguage":"fr-FR","@id":"https:\/\/www.salon-medecinedouce.com\/paris\/virgin-radio\/#primaryimage","url":"https:\/\/www.salon-medecinedouce.com\/paris\/wp-content\/uploads\/sites\/14\/2023\/01\/LOGO-E2-BLACK-CLAIM-e1674134139539.png","contentUrl":"https:\/\/www.salon-medecinedouce.com\/paris\/wp-content\/uploads\/sites\/14\/2023\/01\/LOGO-E2-BLACK-CLAIM-e1674134139539.png","width":180,"height":90},{"@type":"BreadcrumbList","@id":"https:\/\/www.salon-medecinedouce.com\/paris\/virgin-radio\/#breadcrumb","itemListElement":[{"@type":"ListItem","position":1,"name":"Accueil","item":"https:\/\/www.salon-medecinedouce.com\/paris\/"},{"@type":"ListItem","position":2,"name":"Europe 2"}]},{"@type":"WebSite","@id":"https:\/\/www.salon-medecinedouce.com\/paris\/#website","url":"https:\/\/www.salon-medecinedouce.com\/paris\/","name":"Bien-\u00eatre Paris","description":"La sant\u00e9 au naturel : M\u00e9decines douces - Compl\u00e9ments alimentaires - Alimentation saine - Cosm\u00e9tiques naturelles - Art de vivre - Tourisme de sant\u00e9","publisher":{"@id":"https:\/\/www.salon-medecinedouce.com\/paris\/#organization"},"potentialAction":[{"@type":"SearchAction","target":{"@type":"EntryPoint","urlTemplate":"https:\/\/www.salon-medecinedouce.com\/paris\/?s={search_term_string}"},"query-input":{"@type":"PropertyValueSpecification","valueRequired":true,"valueName":"search_term_string"}}],"inLanguage":"fr-FR"},{"@type":"Organization","@id":"https:\/\/www.salon-medecinedouce.com\/paris\/#organization","name":"Bien-\u00eatre Paris","url":"https:\/\/www.salon-medecinedouce.com\/paris\/","logo":{"@type":"ImageObject","inLanguage":"fr-FR","@id":"https:\/\/www.salon-medecinedouce.com\/paris\/#\/schema\/logo\/image\/","url":"https:\/\/www.salon-medecinedouce.com\/paris\/wp-content\/uploads\/sites\/14\/2024\/05\/cropped-logo-orange-bemd.png","contentUrl":"https:\/\/www.salon-medecinedouce.com\/paris\/wp-content\/uploads\/sites\/14\/2024\/05\/cropped-logo-orange-bemd.png","width":591,"height":591,"caption":"Bien-\u00eatre Paris"},"image":{"@id":"https:\/\/www.salon-medecinedouce.com\/paris\/#\/schema\/logo\/image\/"}}]}},"rttpg_featured_image_url":null,"rttpg_author":{"display_name":"communication","author_link":"https:\/\/www.salon-medecinedouce.com\/paris\/blog\/author\/communication\/"},"rttpg_comment":0,"rttpg_category":false,"rttpg_excerpt":"Europe2 c\u2019est\u00a0la radio de r\u00e9f\u00e9rence sur le format Pop Rock Electro.\u00a0 Constamment \u00e0 la recherche de nouveaux talents qui feront l\u2019actualit\u00e9 de demain,\u00a0Virgin\u00a0Radio a toujours un temps d\u2019avance.\u00a0Toute la journ\u00e9e, on peut ainsi y retrouver les plus grands sons pop-rock-electro et y d\u00e9couvrir les meilleures nouveaut\u00e9s fran\u00e7aises et internationales.\u00a0 Manu Payet et l\u2019\u00e9quipe du\u00a0Virgin\u00a0Tonic offrent&hellip;","_links":{"self":[{"href":"https:\/\/www.salon-medecinedouce.com\/paris\/wp-json\/wp\/v2\/pages\/12408","targetHints":{"allow":["GET"]}}],"collection":[{"href":"https:\/\/www.salon-medecinedouce.com\/paris\/wp-json\/wp\/v2\/pages"}],"about":[{"href":"https:\/\/www.salon-medecinedouce.com\/paris\/wp-json\/wp\/v2\/types\/page"}],"author":[{"embeddable":true,"href":"https:\/\/www.salon-medecinedouce.com\/paris\/wp-json\/wp\/v2\/users\/6"}],"replies":[{"embeddable":true,"href":"https:\/\/www.salon-medecinedouce.com\/paris\/wp-json\/wp\/v2\/comments?post=12408"}],"version-history":[{"count":4,"href":"https:\/\/www.salon-medecinedouce.com\/paris\/wp-json\/wp\/v2\/pages\/12408\/revisions"}],"predecessor-version":[{"id":15516,"href":"https:\/\/www.salon-medecinedouce.com\/paris\/wp-json\/wp\/v2\/pages\/12408\/revisions\/15516"}],"wp:attachment":[{"href":"https:\/\/www.salon-medecinedouce.com\/paris\/wp-json\/wp\/v2\/media?parent=12408"}],"curies":[{"name":"wp","href":"https:\/\/api.w.org\/{rel}","templated":true}]}}