{"id":9772,"date":"2020-03-23T12:17:04","date_gmt":"2020-03-23T11:17:04","guid":{"rendered":"https:\/\/www.salon-medecinedouce.com\/marseille\/?page_id=9772"},"modified":"2020-03-23T12:17:04","modified_gmt":"2020-03-23T11:17:04","slug":"ateliers-pratiques-et-corporels-2020","status":"publish","type":"page","link":"https:\/\/www.salon-medecinedouce.com\/marseille\/programme\/ateliers-pratiques-et-corporels\/ateliers-pratiques-et-corporels-2020\/","title":{"rendered":"Ateliers pratiques et corporels 2020"},"content":{"rendered":"<h3>\u00a0<\/h3>\n<h3><strong>Vendredi 6 mars 2020<\/strong><\/h3>\n<p><strong><span style=\"color: #b2642d;\">12h<\/span><\/strong> Se r\u00e9concilier avec son corps. <strong>Patricia Olive<\/strong><\/p>\n<p><span style=\"color: #b2642d;\"><strong>13h<\/strong><\/span> Atelier pilates avec accessoires. <strong>Angelo Vergari<\/strong><\/p>\n<p><span style=\"color: #b2642d;\"><strong>14h<\/strong><\/span> Se lib\u00e9rer des traumatismes par \u00ab\u00a0de express\u00a0\u00bb. <strong>Fr\u00e9deric Voynnet<\/strong><\/p>\n<p><span style=\"color: #b2642d;\"><strong>15h<\/strong><\/span> Faire \u00e9merger la force et l&rsquo;\u00e9nergie en nous gr\u00e2ce aux constellations familiales. <strong>Evelyne LLuch<\/strong><\/p>\n<p><span style=\"color: #b2642d;\"><strong>16h<\/strong><\/span> Prendre soin de notre niveau vibratoire. <strong>Marie Helene Tydgat Merlo<\/strong><\/p>\n<p><span style=\"color: #b2642d;\"><strong>17h<\/strong><\/span> Me time &#8211; Mon rituel aroma. <strong>Isabelle Vassallo<\/strong><\/p>\n<p><span style=\"color: #b2642d;\"><strong>18h<\/strong><\/span> Manupuncture et douleur. <strong>Jung Yung-Hwan\/Damien Muti\/Joseph Nehring<\/strong><\/p>\n<p>&nbsp;<\/p>\n<h3><strong>Samedi 7 mars 2020<\/strong><\/h3>\n<p><span style=\"color: #b2642d;\"><strong>11h<\/strong><\/span> Yoga et M\u00e9ditation sur les chakras. <strong>Isabel Maler et Maria Nouchka<\/strong><\/p>\n<p><span style=\"color: #b2642d;\"><strong>12h<\/strong><\/span> Se r\u00e9concilier avec son corps. <strong>Patricia Olive<\/strong><\/p>\n<p><span style=\"color: #b2642d;\"><strong>13h<\/strong><\/span> Me time &#8211; Mon rituel aroma. <strong>Isabelle Vassallo<\/strong><\/p>\n<p><span style=\"color: #b2642d;\"><strong>14h<\/strong><\/span> Se lib\u00e9rer des traumatismes par \u00ab\u00a0de express\u00a0\u00bb. <strong>Fr\u00e9deric Voynnet<\/strong><\/p>\n<p><span style=\"color: #b2642d;\"><strong>15h<\/strong><\/span> Faire \u00e9merger la force et l&rsquo;\u00e9nergie en nous gr\u00e2ce aux constellations familiales. <strong>Evelyne LLuch<\/strong><\/p>\n<p><span style=\"color: #b2642d;\"><strong>16h<\/strong><\/span> Le yoga des yeux : comment r\u00e9\u00e9duquer et pr\u00e9server sa vue : Approche holistique de la vision (alimentation, d\u00e9toxination, exercices oculaires, m\u00e9thodes Dr Bates). <strong>Philippe Cleyet-Merle<\/strong><\/p>\n<p><span style=\"color: #b2642d;\"><strong>17h<\/strong><\/span> Connexion \u00e0 notre essence.<strong> Marie Helene Tydgat Merlo<\/strong><\/p>\n<p><span style=\"color: #b2642d;\"><strong>18h<\/strong><\/span>\u00a0Port de bras \u2122 &#8211; Cours bien-\u00eatre qui raffermi les bras gr\u00e2ce \u00e0 des mouvements inspir\u00e9s du balle<span style=\"color: #b2642d;\">t<\/span>. <strong>Beatrix de Montalier<\/strong><\/p>\n<p>&nbsp;<\/p>\n<h3><strong>Dimanche 8 mars 2020<\/strong><\/h3>\n<p><span style=\"color: #b2642d;\"><strong>11h<\/strong><\/span> Le message des pierres, une approche intuitive. <strong>G\u00e9rard Cazals<\/strong><\/p>\n<p><span style=\"color: #b2642d;\"><strong>12h<\/strong><\/span> Se r\u00e9concilier avec son corps. <strong>Patricia Olive<\/strong><\/p>\n<p><span style=\"color: #b2642d;\"><strong>13h<\/strong><\/span>\u00a0Th\u00e9rapeutes, trouvez des clients gr\u00e2ce \u00e0 internet. <strong>Alexandre Carraca<\/strong><\/p>\n<p><span style=\"color: #b2642d;\"><strong>14h<\/strong><\/span> Se lib\u00e9rer des traumatismes par \u00ab\u00a0de express\u00a0\u00bb. <strong>Fr\u00e9deric Voynnet<\/strong><\/p>\n<p><span style=\"color: #b2642d;\"><strong>15h<\/strong><\/span> Atelier pilates avec accessoires. <strong>Angelo Vergari<\/strong><\/p>\n<p><span style=\"color: #b2642d;\"><strong>16h<\/strong><\/span> Atelier pilates avec accessoires. <strong>Angelo Vergari<\/strong><\/p>\n<p><span style=\"color: #b2642d;\"><strong>18h<\/strong><\/span> Port de bras \u2122 &#8211; Cours bien-\u00eatre qui raffermi les bras gr\u00e2ce \u00e0 des mouvements inspir\u00e9s du ballet. <strong>Beatrix de Montalier<\/strong><\/p>\n<div class=\"salon-accueil salon-entity-placement\" id=\"salon-398266278\"><div id=\"salon-3191706969\"><a data-no-instant=\"1\" href=\"https:\/\/www.amac-formation.fr\/\" rel=\"noopener\" class=\"a2t-link\" target=\"_blank\"><p><img fetchpriority=\"high\" decoding=\"async\" class=\"aligncenter size-full wp-image-10787\" src=\"https:\/\/www.salon-medecinedouce.com\/marseille\/wp-content\/uploads\/sites\/16\/2023\/02\/Baniere-salon-du-bien-etre.png\" alt=\"amac-formation\" width=\"728\" height=\"90\" srcset=\"https:\/\/www.salon-medecinedouce.com\/marseille\/wp-content\/uploads\/sites\/16\/2023\/02\/Baniere-salon-du-bien-etre.png 728w, https:\/\/www.salon-medecinedouce.com\/marseille\/wp-content\/uploads\/sites\/16\/2023\/02\/Baniere-salon-du-bien-etre-300x37.png 300w, https:\/\/www.salon-medecinedouce.com\/marseille\/wp-content\/uploads\/sites\/16\/2023\/02\/Baniere-salon-du-bien-etre-150x19.png 150w, https:\/\/www.salon-medecinedouce.com\/marseille\/wp-content\/uploads\/sites\/16\/2023\/02\/Baniere-salon-du-bien-etre-500x62.png 500w\" sizes=\"(max-width: 728px) 100vw, 728px\" \/><\/p>\n<\/a><\/div><\/div>","protected":false},"excerpt":{"rendered":"<p>\u00a0 Vendredi 6 mars 2020 12h Se r\u00e9concilier avec son corps. Patricia Olive 13h Atelier pilates avec accessoires. Angelo Vergari 14h Se lib\u00e9rer des traumatismes par \u00ab\u00a0de express\u00a0\u00bb. Fr\u00e9deric Voynnet 15h Faire \u00e9merger la force et l&rsquo;\u00e9nergie en nous gr\u00e2ce aux constellations familiales. Evelyne LLuch 16h Prendre soin de notre niveau vibratoire. Marie Helene Tydgat&hellip; <\/p>\n","protected":false},"author":1,"featured_media":0,"parent":3616,"menu_order":0,"comment_status":"closed","ping_status":"closed","template":"","meta":{"_monsterinsights_skip_tracking":false,"_monsterinsights_sitenote_active":false,"_monsterinsights_sitenote_note":"","_monsterinsights_sitenote_category":0,"footnotes":""},"class_list":["post-9772","page","type-page","status-publish","hentry"],"yoast_head":"<!-- This site is optimized with the Yoast SEO plugin v27.3 - https:\/\/yoast.com\/product\/yoast-seo-wordpress\/ -->\n<title>Ateliers pratiques et corporels 2020 - Bien-\u00eatre Marseille<\/title>\n<meta name=\"robots\" content=\"index, follow, max-snippet:-1, max-image-preview:large, max-video-preview:-1\" \/>\n<link rel=\"canonical\" href=\"https:\/\/www.salon-medecinedouce.com\/marseille\/programme\/ateliers-pratiques-et-corporels\/ateliers-pratiques-et-corporels-2020\/\" \/>\n<meta property=\"og:locale\" content=\"fr_FR\" \/>\n<meta property=\"og:type\" content=\"article\" \/>\n<meta property=\"og:title\" content=\"Ateliers pratiques et corporels 2020 - Bien-\u00eatre Marseille\" \/>\n<meta property=\"og:description\" content=\"\u00a0 Vendredi 6 mars 2020 12h Se r\u00e9concilier avec son corps. Patricia Olive 13h Atelier pilates avec accessoires. Angelo Vergari 14h Se lib\u00e9rer des traumatismes par \u00ab\u00a0de express\u00a0\u00bb. Fr\u00e9deric Voynnet 15h Faire \u00e9merger la force et l&rsquo;\u00e9nergie en nous gr\u00e2ce aux constellations familiales. Evelyne LLuch 16h Prendre soin de notre niveau vibratoire. Marie Helene Tydgat&hellip;\" \/>\n<meta property=\"og:url\" content=\"https:\/\/www.salon-medecinedouce.com\/marseille\/programme\/ateliers-pratiques-et-corporels\/ateliers-pratiques-et-corporels-2020\/\" \/>\n<meta property=\"og:site_name\" content=\"Bien-\u00eatre Marseille\" \/>\n<meta name=\"twitter:card\" content=\"summary_large_image\" \/>\n<meta name=\"twitter:label1\" content=\"Dur\u00e9e de lecture estim\u00e9e\" \/>\n\t<meta name=\"twitter:data1\" content=\"1 minute\" \/>\n<script type=\"application\/ld+json\" class=\"yoast-schema-graph\">{\"@context\":\"https:\\\/\\\/schema.org\",\"@graph\":[{\"@type\":\"WebPage\",\"@id\":\"https:\\\/\\\/www.salon-medecinedouce.com\\\/marseille\\\/programme\\\/ateliers-pratiques-et-corporels\\\/ateliers-pratiques-et-corporels-2020\\\/\",\"url\":\"https:\\\/\\\/www.salon-medecinedouce.com\\\/marseille\\\/programme\\\/ateliers-pratiques-et-corporels\\\/ateliers-pratiques-et-corporels-2020\\\/\",\"name\":\"Ateliers pratiques et corporels 2020 - Bien-\u00eatre Marseille\",\"isPartOf\":{\"@id\":\"https:\\\/\\\/www.salon-medecinedouce.com\\\/marseille\\\/#website\"},\"datePublished\":\"2020-03-23T11:17:04+00:00\",\"breadcrumb\":{\"@id\":\"https:\\\/\\\/www.salon-medecinedouce.com\\\/marseille\\\/programme\\\/ateliers-pratiques-et-corporels\\\/ateliers-pratiques-et-corporels-2020\\\/#breadcrumb\"},\"inLanguage\":\"fr-FR\",\"potentialAction\":[{\"@type\":\"ReadAction\",\"target\":[\"https:\\\/\\\/www.salon-medecinedouce.com\\\/marseille\\\/programme\\\/ateliers-pratiques-et-corporels\\\/ateliers-pratiques-et-corporels-2020\\\/\"]}]},{\"@type\":\"BreadcrumbList\",\"@id\":\"https:\\\/\\\/www.salon-medecinedouce.com\\\/marseille\\\/programme\\\/ateliers-pratiques-et-corporels\\\/ateliers-pratiques-et-corporels-2020\\\/#breadcrumb\",\"itemListElement\":[{\"@type\":\"ListItem\",\"position\":1,\"name\":\"Accueil\",\"item\":\"https:\\\/\\\/www.salon-medecinedouce.com\\\/marseille\\\/\"},{\"@type\":\"ListItem\",\"position\":2,\"name\":\"Programme du salon\",\"item\":\"https:\\\/\\\/www.salon-medecinedouce.com\\\/marseille\\\/programme\\\/\"},{\"@type\":\"ListItem\",\"position\":3,\"name\":\"Ateliers pratiques et corporels\",\"item\":\"https:\\\/\\\/www.salon-medecinedouce.com\\\/marseille\\\/programme\\\/ateliers-pratiques-et-corporels\\\/\"},{\"@type\":\"ListItem\",\"position\":4,\"name\":\"Ateliers pratiques et corporels 2020\"}]},{\"@type\":\"WebSite\",\"@id\":\"https:\\\/\\\/www.salon-medecinedouce.com\\\/marseille\\\/#website\",\"url\":\"https:\\\/\\\/www.salon-medecinedouce.com\\\/marseille\\\/\",\"name\":\"Bien-\u00eatre Marseille\",\"description\":\"La sant\u00e9 au naturel : M\u00e9decines douces - Compl\u00e9ments alimentaires - Alimentation saine - Cosm\u00e9tiques naturelles - Art de vivre - Tourisme de sant\u00e9\",\"publisher\":{\"@id\":\"https:\\\/\\\/www.salon-medecinedouce.com\\\/marseille\\\/#organization\"},\"potentialAction\":[{\"@type\":\"SearchAction\",\"target\":{\"@type\":\"EntryPoint\",\"urlTemplate\":\"https:\\\/\\\/www.salon-medecinedouce.com\\\/marseille\\\/?s={search_term_string}\"},\"query-input\":{\"@type\":\"PropertyValueSpecification\",\"valueRequired\":true,\"valueName\":\"search_term_string\"}}],\"inLanguage\":\"fr-FR\"},{\"@type\":\"Organization\",\"@id\":\"https:\\\/\\\/www.salon-medecinedouce.com\\\/marseille\\\/#organization\",\"name\":\"Bien-\u00eatre Marseille\",\"url\":\"https:\\\/\\\/www.salon-medecinedouce.com\\\/marseille\\\/\",\"logo\":{\"@type\":\"ImageObject\",\"inLanguage\":\"fr-FR\",\"@id\":\"https:\\\/\\\/www.salon-medecinedouce.com\\\/marseille\\\/#\\\/schema\\\/logo\\\/image\\\/\",\"url\":\"https:\\\/\\\/www.salon-medecinedouce.com\\\/marseille\\\/wp-content\\\/uploads\\\/sites\\\/16\\\/2023\\\/10\\\/logo-BEMD.png\",\"contentUrl\":\"https:\\\/\\\/www.salon-medecinedouce.com\\\/marseille\\\/wp-content\\\/uploads\\\/sites\\\/16\\\/2023\\\/10\\\/logo-BEMD.png\",\"width\":199,\"height\":184,\"caption\":\"Bien-\u00eatre Marseille\"},\"image\":{\"@id\":\"https:\\\/\\\/www.salon-medecinedouce.com\\\/marseille\\\/#\\\/schema\\\/logo\\\/image\\\/\"}}]}<\/script>\n<!-- \/ Yoast SEO plugin. -->","yoast_head_json":{"title":"Ateliers pratiques et corporels 2020 - Bien-\u00eatre Marseille","robots":{"index":"index","follow":"follow","max-snippet":"max-snippet:-1","max-image-preview":"max-image-preview:large","max-video-preview":"max-video-preview:-1"},"canonical":"https:\/\/www.salon-medecinedouce.com\/marseille\/programme\/ateliers-pratiques-et-corporels\/ateliers-pratiques-et-corporels-2020\/","og_locale":"fr_FR","og_type":"article","og_title":"Ateliers pratiques et corporels 2020 - Bien-\u00eatre Marseille","og_description":"\u00a0 Vendredi 6 mars 2020 12h Se r\u00e9concilier avec son corps. Patricia Olive 13h Atelier pilates avec accessoires. Angelo Vergari 14h Se lib\u00e9rer des traumatismes par \u00ab\u00a0de express\u00a0\u00bb. Fr\u00e9deric Voynnet 15h Faire \u00e9merger la force et l&rsquo;\u00e9nergie en nous gr\u00e2ce aux constellations familiales. Evelyne LLuch 16h Prendre soin de notre niveau vibratoire. Marie Helene Tydgat&hellip;","og_url":"https:\/\/www.salon-medecinedouce.com\/marseille\/programme\/ateliers-pratiques-et-corporels\/ateliers-pratiques-et-corporels-2020\/","og_site_name":"Bien-\u00eatre Marseille","twitter_card":"summary_large_image","twitter_misc":{"Dur\u00e9e de lecture estim\u00e9e":"1 minute"},"schema":{"@context":"https:\/\/schema.org","@graph":[{"@type":"WebPage","@id":"https:\/\/www.salon-medecinedouce.com\/marseille\/programme\/ateliers-pratiques-et-corporels\/ateliers-pratiques-et-corporels-2020\/","url":"https:\/\/www.salon-medecinedouce.com\/marseille\/programme\/ateliers-pratiques-et-corporels\/ateliers-pratiques-et-corporels-2020\/","name":"Ateliers pratiques et corporels 2020 - Bien-\u00eatre Marseille","isPartOf":{"@id":"https:\/\/www.salon-medecinedouce.com\/marseille\/#website"},"datePublished":"2020-03-23T11:17:04+00:00","breadcrumb":{"@id":"https:\/\/www.salon-medecinedouce.com\/marseille\/programme\/ateliers-pratiques-et-corporels\/ateliers-pratiques-et-corporels-2020\/#breadcrumb"},"inLanguage":"fr-FR","potentialAction":[{"@type":"ReadAction","target":["https:\/\/www.salon-medecinedouce.com\/marseille\/programme\/ateliers-pratiques-et-corporels\/ateliers-pratiques-et-corporels-2020\/"]}]},{"@type":"BreadcrumbList","@id":"https:\/\/www.salon-medecinedouce.com\/marseille\/programme\/ateliers-pratiques-et-corporels\/ateliers-pratiques-et-corporels-2020\/#breadcrumb","itemListElement":[{"@type":"ListItem","position":1,"name":"Accueil","item":"https:\/\/www.salon-medecinedouce.com\/marseille\/"},{"@type":"ListItem","position":2,"name":"Programme du salon","item":"https:\/\/www.salon-medecinedouce.com\/marseille\/programme\/"},{"@type":"ListItem","position":3,"name":"Ateliers pratiques et corporels","item":"https:\/\/www.salon-medecinedouce.com\/marseille\/programme\/ateliers-pratiques-et-corporels\/"},{"@type":"ListItem","position":4,"name":"Ateliers pratiques et corporels 2020"}]},{"@type":"WebSite","@id":"https:\/\/www.salon-medecinedouce.com\/marseille\/#website","url":"https:\/\/www.salon-medecinedouce.com\/marseille\/","name":"Bien-\u00eatre Marseille","description":"La sant\u00e9 au naturel : M\u00e9decines douces - Compl\u00e9ments alimentaires - Alimentation saine - Cosm\u00e9tiques naturelles - Art de vivre - Tourisme de sant\u00e9","publisher":{"@id":"https:\/\/www.salon-medecinedouce.com\/marseille\/#organization"},"potentialAction":[{"@type":"SearchAction","target":{"@type":"EntryPoint","urlTemplate":"https:\/\/www.salon-medecinedouce.com\/marseille\/?s={search_term_string}"},"query-input":{"@type":"PropertyValueSpecification","valueRequired":true,"valueName":"search_term_string"}}],"inLanguage":"fr-FR"},{"@type":"Organization","@id":"https:\/\/www.salon-medecinedouce.com\/marseille\/#organization","name":"Bien-\u00eatre Marseille","url":"https:\/\/www.salon-medecinedouce.com\/marseille\/","logo":{"@type":"ImageObject","inLanguage":"fr-FR","@id":"https:\/\/www.salon-medecinedouce.com\/marseille\/#\/schema\/logo\/image\/","url":"https:\/\/www.salon-medecinedouce.com\/marseille\/wp-content\/uploads\/sites\/16\/2023\/10\/logo-BEMD.png","contentUrl":"https:\/\/www.salon-medecinedouce.com\/marseille\/wp-content\/uploads\/sites\/16\/2023\/10\/logo-BEMD.png","width":199,"height":184,"caption":"Bien-\u00eatre Marseille"},"image":{"@id":"https:\/\/www.salon-medecinedouce.com\/marseille\/#\/schema\/logo\/image\/"}}]}},"rttpg_featured_image_url":null,"rttpg_author":{"display_name":"admin","author_link":"https:\/\/www.salon-medecinedouce.com\/marseille\/blog\/author\/admin\/"},"rttpg_comment":0,"rttpg_category":null,"rttpg_excerpt":"\u00a0 Vendredi 6 mars 2020 12h Se r\u00e9concilier avec son corps. Patricia Olive 13h Atelier pilates avec accessoires. Angelo Vergari 14h Se lib\u00e9rer des traumatismes par \u00ab\u00a0de express\u00a0\u00bb. Fr\u00e9deric Voynnet 15h Faire \u00e9merger la force et l&rsquo;\u00e9nergie en nous gr\u00e2ce aux constellations familiales. Evelyne LLuch 16h Prendre soin de notre niveau vibratoire. Marie Helene Tydgat&hellip;","_links":{"self":[{"href":"https:\/\/www.salon-medecinedouce.com\/marseille\/wp-json\/wp\/v2\/pages\/9772","targetHints":{"allow":["GET"]}}],"collection":[{"href":"https:\/\/www.salon-medecinedouce.com\/marseille\/wp-json\/wp\/v2\/pages"}],"about":[{"href":"https:\/\/www.salon-medecinedouce.com\/marseille\/wp-json\/wp\/v2\/types\/page"}],"author":[{"embeddable":true,"href":"https:\/\/www.salon-medecinedouce.com\/marseille\/wp-json\/wp\/v2\/users\/1"}],"replies":[{"embeddable":true,"href":"https:\/\/www.salon-medecinedouce.com\/marseille\/wp-json\/wp\/v2\/comments?post=9772"}],"version-history":[{"count":1,"href":"https:\/\/www.salon-medecinedouce.com\/marseille\/wp-json\/wp\/v2\/pages\/9772\/revisions"}],"predecessor-version":[{"id":9773,"href":"https:\/\/www.salon-medecinedouce.com\/marseille\/wp-json\/wp\/v2\/pages\/9772\/revisions\/9773"}],"up":[{"embeddable":true,"href":"https:\/\/www.salon-medecinedouce.com\/marseille\/wp-json\/wp\/v2\/pages\/3616"}],"wp:attachment":[{"href":"https:\/\/www.salon-medecinedouce.com\/marseille\/wp-json\/wp\/v2\/media?parent=9772"}],"curies":[{"name":"wp","href":"https:\/\/api.w.org\/{rel}","templated":true}]}}