{"id":7062,"date":"2019-01-09T11:21:15","date_gmt":"2019-01-09T10:21:15","guid":{"rendered":"https:\/\/www.salon-medecinedouce.com\/marseille\/?page_id=7062"},"modified":"2024-02-09T16:15:30","modified_gmt":"2024-02-09T15:15:30","slug":"outils-de-communication","status":"publish","type":"page","link":"https:\/\/www.salon-medecinedouce.com\/marseille\/exposants\/outils-de-communication\/","title":{"rendered":"Outils de communication"},"content":{"rendered":"<h3>T\u00e9l\u00e9chargez les outils de communication du salon dont vous avez besoin pour communiquer sur votre pr\u00e9sence au salon.<\/h3>\n<h2><strong>Le salon Bien-\u00catre M\u00e9decine Douce 2024<\/strong><\/h2>\n<ul style=\"list-style-type: disc;\">\n<li style=\"list-style-type: none;\">\n<ul>\n<li><a href=\"https:\/\/www.salon-medecinedouce.com\/marseille\/wp-content\/uploads\/sites\/16\/2024\/02\/HD-AFFICHE-A4-MRS24_page-0001.jpg\" target=\"_blank\" rel=\"noopener\">Affiche du salon<\/a>\u00a0\n<p><a href=\"https:\/\/www.salon-medecinedouce.com\/marseille\/wp-content\/uploads\/sites\/16\/2024\/02\/HD-AFFICHE-A4-MRS24_page-0001.jpg\" rel=\"attachment wp-att-11044\"><img fetchpriority=\"high\" decoding=\"async\" class=\"alignnone size-medium wp-image-11044\" src=\"https:\/\/www.salon-medecinedouce.com\/marseille\/wp-content\/uploads\/sites\/16\/2024\/02\/HD-AFFICHE-A4-MRS24_page-0001-216x300.jpg\" alt=\"\" width=\"216\" height=\"300\" srcset=\"https:\/\/www.salon-medecinedouce.com\/marseille\/wp-content\/uploads\/sites\/16\/2024\/02\/HD-AFFICHE-A4-MRS24_page-0001-216x300.jpg 216w, https:\/\/www.salon-medecinedouce.com\/marseille\/wp-content\/uploads\/sites\/16\/2024\/02\/HD-AFFICHE-A4-MRS24_page-0001-738x1024.jpg 738w, https:\/\/www.salon-medecinedouce.com\/marseille\/wp-content\/uploads\/sites\/16\/2024\/02\/HD-AFFICHE-A4-MRS24_page-0001-768x1065.jpg 768w, https:\/\/www.salon-medecinedouce.com\/marseille\/wp-content\/uploads\/sites\/16\/2024\/02\/HD-AFFICHE-A4-MRS24_page-0001-1107x1536.jpg 1107w, https:\/\/www.salon-medecinedouce.com\/marseille\/wp-content\/uploads\/sites\/16\/2024\/02\/HD-AFFICHE-A4-MRS24_page-0001-150x208.jpg 150w, https:\/\/www.salon-medecinedouce.com\/marseille\/wp-content\/uploads\/sites\/16\/2024\/02\/HD-AFFICHE-A4-MRS24_page-0001-360x500.jpg 360w, https:\/\/www.salon-medecinedouce.com\/marseille\/wp-content\/uploads\/sites\/16\/2024\/02\/HD-AFFICHE-A4-MRS24_page-0001.jpg 1328w\" sizes=\"(max-width: 216px) 100vw, 216px\" \/><\/a><\/p>\n<\/li>\n<\/ul>\n<ul>\n<li><a href=\"https:\/\/www.salon-medecinedouce.com\/marseille\/wp-content\/uploads\/sites\/16\/2022\/10\/logo-vert.png\" target=\"_blank\" rel=\"noopener\">Logo<\/a>\u00a0\u00a0<\/li>\n<\/ul>\n<p><a href=\"https:\/\/www.salon-medecinedouce.com\/marseille\/wp-content\/uploads\/sites\/16\/2022\/10\/logo-vert.png\"><img decoding=\"async\" class=\"alignnone  wp-image-10272\" src=\"https:\/\/www.salon-medecinedouce.com\/marseille\/wp-content\/uploads\/sites\/16\/2022\/10\/logo-vert-300x300.png\" alt=\"\" width=\"206\" height=\"206\" srcset=\"https:\/\/www.salon-medecinedouce.com\/marseille\/wp-content\/uploads\/sites\/16\/2022\/10\/logo-vert-300x300.png 300w, https:\/\/www.salon-medecinedouce.com\/marseille\/wp-content\/uploads\/sites\/16\/2022\/10\/logo-vert-150x150.png 150w, https:\/\/www.salon-medecinedouce.com\/marseille\/wp-content\/uploads\/sites\/16\/2022\/10\/logo-vert-500x500.png 500w, https:\/\/www.salon-medecinedouce.com\/marseille\/wp-content\/uploads\/sites\/16\/2022\/10\/logo-vert-45x45.png 45w, https:\/\/www.salon-medecinedouce.com\/marseille\/wp-content\/uploads\/sites\/16\/2022\/10\/logo-vert.png 591w\" sizes=\"(max-width: 206px) 100vw, 206px\" \/><\/a><\/p>\n<ul>\n<li><a href=\"https:\/\/www.salon-medecinedouce.com\/marseille\/wp-content\/uploads\/sites\/16\/2024\/02\/BE24-BAN-300x600-MRS-CTA.jpg\" target=\"_blank\" rel=\"noopener\">Banni\u00e8re web 300\u00d7600<\/a>\n<\/li>\n<\/ul>\n<p><a href=\"https:\/\/www.salon-medecinedouce.com\/marseille\/wp-content\/uploads\/sites\/16\/2024\/02\/BE24-BAN-300x600-MRS-CTA.jpg\" rel=\"attachment wp-att-11042\"><img decoding=\"async\" class=\"alignnone  wp-image-11042\" src=\"https:\/\/www.salon-medecinedouce.com\/marseille\/wp-content\/uploads\/sites\/16\/2024\/02\/BE24-BAN-300x600-MRS-CTA-150x300.jpg\" alt=\"\" width=\"174\" height=\"348\" srcset=\"https:\/\/www.salon-medecinedouce.com\/marseille\/wp-content\/uploads\/sites\/16\/2024\/02\/BE24-BAN-300x600-MRS-CTA-150x300.jpg 150w, https:\/\/www.salon-medecinedouce.com\/marseille\/wp-content\/uploads\/sites\/16\/2024\/02\/BE24-BAN-300x600-MRS-CTA-250x500.jpg 250w, https:\/\/www.salon-medecinedouce.com\/marseille\/wp-content\/uploads\/sites\/16\/2024\/02\/BE24-BAN-300x600-MRS-CTA.jpg 300w\" sizes=\"(max-width: 174px) 100vw, 174px\" \/><\/a><\/p>\n<p>\n<\/p>\n<ul>\n<li><a href=\"https:\/\/www.salon-medecinedouce.com\/marseille\/wp-content\/uploads\/sites\/16\/2024\/02\/BE24-BAN-300x250-MRS-CTA.jpg\" target=\"_blank\" rel=\"noopener\">Banni\u00e8re web 300\u00d7250<\/a>\n<\/li>\n<\/ul>\n<p><a href=\"https:\/\/www.salon-medecinedouce.com\/marseille\/wp-content\/uploads\/sites\/16\/2024\/02\/BE24-BAN-300x250-MRS-CTA.jpg\" rel=\"attachment wp-att-11041\"><img loading=\"lazy\" decoding=\"async\" class=\"alignnone size-full wp-image-11041\" src=\"https:\/\/www.salon-medecinedouce.com\/marseille\/wp-content\/uploads\/sites\/16\/2024\/02\/BE24-BAN-300x250-MRS-CTA.jpg\" alt=\"\" width=\"300\" height=\"250\" srcset=\"https:\/\/www.salon-medecinedouce.com\/marseille\/wp-content\/uploads\/sites\/16\/2024\/02\/BE24-BAN-300x250-MRS-CTA.jpg 300w, https:\/\/www.salon-medecinedouce.com\/marseille\/wp-content\/uploads\/sites\/16\/2024\/02\/BE24-BAN-300x250-MRS-CTA-150x125.jpg 150w\" sizes=\"(max-width: 300px) 100vw, 300px\" \/><\/a><\/p>\n<ul>\n<li><a href=\"https:\/\/www.salon-medecinedouce.com\/marseille\/wp-content\/uploads\/sites\/16\/2024\/02\/BE24-BAN-728x90-MRS-CTA.jpg\" target=\"_blank\" rel=\"noopener\">Banni\u00e8re web 728\u00d790<\/a><\/li>\n<\/ul>\n<p><a href=\"https:\/\/www.salon-medecinedouce.com\/marseille\/wp-content\/uploads\/sites\/16\/2024\/02\/BE24-BAN-728x90-MRS-CTA.jpg\" rel=\"attachment wp-att-11043\"><img loading=\"lazy\" decoding=\"async\" class=\"alignnone  wp-image-11043\" src=\"https:\/\/www.salon-medecinedouce.com\/marseille\/wp-content\/uploads\/sites\/16\/2024\/02\/BE24-BAN-728x90-MRS-CTA-300x37.jpg\" alt=\"\" width=\"438\" height=\"54\" srcset=\"https:\/\/www.salon-medecinedouce.com\/marseille\/wp-content\/uploads\/sites\/16\/2024\/02\/BE24-BAN-728x90-MRS-CTA-300x37.jpg 300w, https:\/\/www.salon-medecinedouce.com\/marseille\/wp-content\/uploads\/sites\/16\/2024\/02\/BE24-BAN-728x90-MRS-CTA-150x19.jpg 150w, https:\/\/www.salon-medecinedouce.com\/marseille\/wp-content\/uploads\/sites\/16\/2024\/02\/BE24-BAN-728x90-MRS-CTA-500x62.jpg 500w, https:\/\/www.salon-medecinedouce.com\/marseille\/wp-content\/uploads\/sites\/16\/2024\/02\/BE24-BAN-728x90-MRS-CTA.jpg 728w\" sizes=\"(max-width: 438px) 100vw, 438px\" \/><\/a><\/p>\n<\/li>\n<\/ul>\n<div>\u00a0<\/div>\n<div>\u00a0<\/div>\n<div style=\"background-color: #f8f8f8; border-radius: 20px; margin: 0px; padding: 30px 15px 15px 30px; width: 80%;\"><strong>\u00a0<a href=\"https:\/\/www.facebook.com\/SalonsMedecineDouce\/\" target=\"_blank\" rel=\"noopener noreferrer\">Afin d\u2019augmenter votre visibilit\u00e9 avant le salon, nous vous invitons \u00e0 cr\u00e9er un \u00e9v\u00e8nement sur Facebook pour indiquer votre pr\u00e9sence.<\/a><br \/>\n<\/strong>Vos abonn\u00e9s et clients pourront ainsi savoir o\u00f9 vous trouver. Les \u00e9v\u00e8nements ont une meilleure port\u00e9e que les publications. Le nom de l\u2019\u00e9v\u00e8nement pourra prendre la forme\u00a0: [Nom de l\u2019exposant] au salon [Nom du salon]. N\u2019h\u00e9sitez pas \u00e0 nous ajouter en co-organisateur de votre \u00e9v\u00e8nement lors de sa cr\u00e9ation pour que l\u2019\u00e9v\u00e8nement soit aussi visible sur notre page Facebook. N\u2019oubliez pas d\u2019ajouter une description, le lieu du salon, ainsi que le lien pour que les personnes puissent demander leur entr\u00e9e. Pour cr\u00e9er un \u00e9v\u00e8nement rendez-vous sur la gauche de votre page Facebook dans la section \u00c9v\u00e8nements et cliquez simplement sur le bouton Cr\u00e9er un \u00e9v\u00e8nement.<\/div>\n<p>&nbsp;<\/p>\n<div class=\"salon-accueil salon-entity-placement\" id=\"salon-2670114540\"><div id=\"salon-481536219\"><a data-no-instant=\"1\" href=\"https:\/\/www.amac-formation.fr\/\" rel=\"noopener\" class=\"a2t-link\" target=\"_blank\"><p><img loading=\"lazy\" decoding=\"async\" class=\"aligncenter size-full wp-image-10787\" src=\"https:\/\/www.salon-medecinedouce.com\/marseille\/wp-content\/uploads\/sites\/16\/2023\/02\/Baniere-salon-du-bien-etre.png\" alt=\"amac-formation\" width=\"728\" height=\"90\" srcset=\"https:\/\/www.salon-medecinedouce.com\/marseille\/wp-content\/uploads\/sites\/16\/2023\/02\/Baniere-salon-du-bien-etre.png 728w, https:\/\/www.salon-medecinedouce.com\/marseille\/wp-content\/uploads\/sites\/16\/2023\/02\/Baniere-salon-du-bien-etre-300x37.png 300w, https:\/\/www.salon-medecinedouce.com\/marseille\/wp-content\/uploads\/sites\/16\/2023\/02\/Baniere-salon-du-bien-etre-150x19.png 150w, https:\/\/www.salon-medecinedouce.com\/marseille\/wp-content\/uploads\/sites\/16\/2023\/02\/Baniere-salon-du-bien-etre-500x62.png 500w\" sizes=\"(max-width: 728px) 100vw, 728px\" \/><\/p>\n<\/a><\/div><\/div>","protected":false},"excerpt":{"rendered":"<p>T\u00e9l\u00e9chargez les outils de communication du salon dont vous avez besoin pour communiquer sur votre pr\u00e9sence au salon. Le salon Bien-\u00catre M\u00e9decine Douce 2024 Affiche du salon\u00a0 Logo\u00a0\u00a0 Banni\u00e8re web 300\u00d7600 Banni\u00e8re web 300\u00d7250 Banni\u00e8re web 728\u00d790 \u00a0 \u00a0 \u00a0Afin d\u2019augmenter votre visibilit\u00e9 avant le salon, nous vous invitons \u00e0 cr\u00e9er un \u00e9v\u00e8nement sur Facebook&hellip; <\/p>\n","protected":false},"author":1,"featured_media":0,"parent":2087,"menu_order":0,"comment_status":"closed","ping_status":"closed","template":"","meta":{"_monsterinsights_skip_tracking":false,"_monsterinsights_sitenote_active":false,"_monsterinsights_sitenote_note":"","_monsterinsights_sitenote_category":0,"footnotes":""},"class_list":["post-7062","page","type-page","status-publish","hentry"],"yoast_head":"<!-- This site is optimized with the Yoast SEO plugin v27.3 - https:\/\/yoast.com\/product\/yoast-seo-wordpress\/ -->\n<title>Outils de communication - Bien-\u00eatre Marseille<\/title>\n<meta name=\"robots\" content=\"index, follow, max-snippet:-1, max-image-preview:large, max-video-preview:-1\" \/>\n<link rel=\"canonical\" href=\"https:\/\/www.salon-medecinedouce.com\/marseille\/exposants\/outils-de-communication\/\" \/>\n<meta property=\"og:locale\" content=\"fr_FR\" \/>\n<meta property=\"og:type\" content=\"article\" \/>\n<meta property=\"og:title\" content=\"Outils de communication - Bien-\u00eatre Marseille\" \/>\n<meta property=\"og:description\" content=\"T\u00e9l\u00e9chargez les outils de communication du salon dont vous avez besoin pour communiquer sur votre pr\u00e9sence au salon. Le salon Bien-\u00catre M\u00e9decine Douce 2024 Affiche du salon\u00a0 Logo\u00a0\u00a0 Banni\u00e8re web 300\u00d7600 Banni\u00e8re web 300\u00d7250 Banni\u00e8re web 728\u00d790 \u00a0 \u00a0 \u00a0Afin d\u2019augmenter votre visibilit\u00e9 avant le salon, nous vous invitons \u00e0 cr\u00e9er un \u00e9v\u00e8nement sur Facebook&hellip;\" \/>\n<meta property=\"og:url\" content=\"https:\/\/www.salon-medecinedouce.com\/marseille\/exposants\/outils-de-communication\/\" \/>\n<meta property=\"og:site_name\" content=\"Bien-\u00eatre Marseille\" \/>\n<meta property=\"article:modified_time\" content=\"2024-02-09T15:15:30+00:00\" \/>\n<meta property=\"og:image\" content=\"https:\/\/www.salon-medecinedouce.com\/marseille\/wp-content\/uploads\/sites\/16\/2024\/02\/HD-AFFICHE-A4-MRS24_page-0001-216x300.jpg\" \/>\n<meta name=\"twitter:card\" content=\"summary_large_image\" \/>\n<meta name=\"twitter:label1\" content=\"Dur\u00e9e de lecture estim\u00e9e\" \/>\n\t<meta name=\"twitter:data1\" content=\"2 minutes\" \/>\n<script type=\"application\/ld+json\" class=\"yoast-schema-graph\">{\"@context\":\"https:\\\/\\\/schema.org\",\"@graph\":[{\"@type\":\"WebPage\",\"@id\":\"https:\\\/\\\/www.salon-medecinedouce.com\\\/marseille\\\/exposants\\\/outils-de-communication\\\/\",\"url\":\"https:\\\/\\\/www.salon-medecinedouce.com\\\/marseille\\\/exposants\\\/outils-de-communication\\\/\",\"name\":\"Outils de communication - Bien-\u00eatre Marseille\",\"isPartOf\":{\"@id\":\"https:\\\/\\\/www.salon-medecinedouce.com\\\/marseille\\\/#website\"},\"primaryImageOfPage\":{\"@id\":\"https:\\\/\\\/www.salon-medecinedouce.com\\\/marseille\\\/exposants\\\/outils-de-communication\\\/#primaryimage\"},\"image\":{\"@id\":\"https:\\\/\\\/www.salon-medecinedouce.com\\\/marseille\\\/exposants\\\/outils-de-communication\\\/#primaryimage\"},\"thumbnailUrl\":\"https:\\\/\\\/www.salon-medecinedouce.com\\\/marseille\\\/wp-content\\\/uploads\\\/sites\\\/16\\\/2024\\\/02\\\/HD-AFFICHE-A4-MRS24_page-0001-216x300.jpg\",\"datePublished\":\"2019-01-09T10:21:15+00:00\",\"dateModified\":\"2024-02-09T15:15:30+00:00\",\"breadcrumb\":{\"@id\":\"https:\\\/\\\/www.salon-medecinedouce.com\\\/marseille\\\/exposants\\\/outils-de-communication\\\/#breadcrumb\"},\"inLanguage\":\"fr-FR\",\"potentialAction\":[{\"@type\":\"ReadAction\",\"target\":[\"https:\\\/\\\/www.salon-medecinedouce.com\\\/marseille\\\/exposants\\\/outils-de-communication\\\/\"]}]},{\"@type\":\"ImageObject\",\"inLanguage\":\"fr-FR\",\"@id\":\"https:\\\/\\\/www.salon-medecinedouce.com\\\/marseille\\\/exposants\\\/outils-de-communication\\\/#primaryimage\",\"url\":\"https:\\\/\\\/www.salon-medecinedouce.com\\\/marseille\\\/wp-content\\\/uploads\\\/sites\\\/16\\\/2024\\\/02\\\/HD-AFFICHE-A4-MRS24_page-0001.jpg\",\"contentUrl\":\"https:\\\/\\\/www.salon-medecinedouce.com\\\/marseille\\\/wp-content\\\/uploads\\\/sites\\\/16\\\/2024\\\/02\\\/HD-AFFICHE-A4-MRS24_page-0001.jpg\",\"width\":1328,\"height\":1842},{\"@type\":\"BreadcrumbList\",\"@id\":\"https:\\\/\\\/www.salon-medecinedouce.com\\\/marseille\\\/exposants\\\/outils-de-communication\\\/#breadcrumb\",\"itemListElement\":[{\"@type\":\"ListItem\",\"position\":1,\"name\":\"Accueil\",\"item\":\"https:\\\/\\\/www.salon-medecinedouce.com\\\/marseille\\\/\"},{\"@type\":\"ListItem\",\"position\":2,\"name\":\"Exposer sur le salon\",\"item\":\"https:\\\/\\\/www.salon-medecinedouce.com\\\/marseille\\\/exposants\\\/\"},{\"@type\":\"ListItem\",\"position\":3,\"name\":\"Outils de communication\"}]},{\"@type\":\"WebSite\",\"@id\":\"https:\\\/\\\/www.salon-medecinedouce.com\\\/marseille\\\/#website\",\"url\":\"https:\\\/\\\/www.salon-medecinedouce.com\\\/marseille\\\/\",\"name\":\"Bien-\u00eatre Marseille\",\"description\":\"La sant\u00e9 au naturel : M\u00e9decines douces - Compl\u00e9ments alimentaires - Alimentation saine - Cosm\u00e9tiques naturelles - Art de vivre - Tourisme de sant\u00e9\",\"publisher\":{\"@id\":\"https:\\\/\\\/www.salon-medecinedouce.com\\\/marseille\\\/#organization\"},\"potentialAction\":[{\"@type\":\"SearchAction\",\"target\":{\"@type\":\"EntryPoint\",\"urlTemplate\":\"https:\\\/\\\/www.salon-medecinedouce.com\\\/marseille\\\/?s={search_term_string}\"},\"query-input\":{\"@type\":\"PropertyValueSpecification\",\"valueRequired\":true,\"valueName\":\"search_term_string\"}}],\"inLanguage\":\"fr-FR\"},{\"@type\":\"Organization\",\"@id\":\"https:\\\/\\\/www.salon-medecinedouce.com\\\/marseille\\\/#organization\",\"name\":\"Bien-\u00eatre Marseille\",\"url\":\"https:\\\/\\\/www.salon-medecinedouce.com\\\/marseille\\\/\",\"logo\":{\"@type\":\"ImageObject\",\"inLanguage\":\"fr-FR\",\"@id\":\"https:\\\/\\\/www.salon-medecinedouce.com\\\/marseille\\\/#\\\/schema\\\/logo\\\/image\\\/\",\"url\":\"https:\\\/\\\/www.salon-medecinedouce.com\\\/marseille\\\/wp-content\\\/uploads\\\/sites\\\/16\\\/2023\\\/10\\\/logo-BEMD.png\",\"contentUrl\":\"https:\\\/\\\/www.salon-medecinedouce.com\\\/marseille\\\/wp-content\\\/uploads\\\/sites\\\/16\\\/2023\\\/10\\\/logo-BEMD.png\",\"width\":199,\"height\":184,\"caption\":\"Bien-\u00eatre Marseille\"},\"image\":{\"@id\":\"https:\\\/\\\/www.salon-medecinedouce.com\\\/marseille\\\/#\\\/schema\\\/logo\\\/image\\\/\"}}]}<\/script>\n<!-- \/ Yoast SEO plugin. -->","yoast_head_json":{"title":"Outils de communication - Bien-\u00eatre Marseille","robots":{"index":"index","follow":"follow","max-snippet":"max-snippet:-1","max-image-preview":"max-image-preview:large","max-video-preview":"max-video-preview:-1"},"canonical":"https:\/\/www.salon-medecinedouce.com\/marseille\/exposants\/outils-de-communication\/","og_locale":"fr_FR","og_type":"article","og_title":"Outils de communication - Bien-\u00eatre Marseille","og_description":"T\u00e9l\u00e9chargez les outils de communication du salon dont vous avez besoin pour communiquer sur votre pr\u00e9sence au salon. Le salon Bien-\u00catre M\u00e9decine Douce 2024 Affiche du salon\u00a0 Logo\u00a0\u00a0 Banni\u00e8re web 300\u00d7600 Banni\u00e8re web 300\u00d7250 Banni\u00e8re web 728\u00d790 \u00a0 \u00a0 \u00a0Afin d\u2019augmenter votre visibilit\u00e9 avant le salon, nous vous invitons \u00e0 cr\u00e9er un \u00e9v\u00e8nement sur Facebook&hellip;","og_url":"https:\/\/www.salon-medecinedouce.com\/marseille\/exposants\/outils-de-communication\/","og_site_name":"Bien-\u00eatre Marseille","article_modified_time":"2024-02-09T15:15:30+00:00","og_image":[{"url":"https:\/\/www.salon-medecinedouce.com\/marseille\/wp-content\/uploads\/sites\/16\/2024\/02\/HD-AFFICHE-A4-MRS24_page-0001-216x300.jpg","type":"","width":"","height":""}],"twitter_card":"summary_large_image","twitter_misc":{"Dur\u00e9e de lecture estim\u00e9e":"2 minutes"},"schema":{"@context":"https:\/\/schema.org","@graph":[{"@type":"WebPage","@id":"https:\/\/www.salon-medecinedouce.com\/marseille\/exposants\/outils-de-communication\/","url":"https:\/\/www.salon-medecinedouce.com\/marseille\/exposants\/outils-de-communication\/","name":"Outils de communication - Bien-\u00eatre Marseille","isPartOf":{"@id":"https:\/\/www.salon-medecinedouce.com\/marseille\/#website"},"primaryImageOfPage":{"@id":"https:\/\/www.salon-medecinedouce.com\/marseille\/exposants\/outils-de-communication\/#primaryimage"},"image":{"@id":"https:\/\/www.salon-medecinedouce.com\/marseille\/exposants\/outils-de-communication\/#primaryimage"},"thumbnailUrl":"https:\/\/www.salon-medecinedouce.com\/marseille\/wp-content\/uploads\/sites\/16\/2024\/02\/HD-AFFICHE-A4-MRS24_page-0001-216x300.jpg","datePublished":"2019-01-09T10:21:15+00:00","dateModified":"2024-02-09T15:15:30+00:00","breadcrumb":{"@id":"https:\/\/www.salon-medecinedouce.com\/marseille\/exposants\/outils-de-communication\/#breadcrumb"},"inLanguage":"fr-FR","potentialAction":[{"@type":"ReadAction","target":["https:\/\/www.salon-medecinedouce.com\/marseille\/exposants\/outils-de-communication\/"]}]},{"@type":"ImageObject","inLanguage":"fr-FR","@id":"https:\/\/www.salon-medecinedouce.com\/marseille\/exposants\/outils-de-communication\/#primaryimage","url":"https:\/\/www.salon-medecinedouce.com\/marseille\/wp-content\/uploads\/sites\/16\/2024\/02\/HD-AFFICHE-A4-MRS24_page-0001.jpg","contentUrl":"https:\/\/www.salon-medecinedouce.com\/marseille\/wp-content\/uploads\/sites\/16\/2024\/02\/HD-AFFICHE-A4-MRS24_page-0001.jpg","width":1328,"height":1842},{"@type":"BreadcrumbList","@id":"https:\/\/www.salon-medecinedouce.com\/marseille\/exposants\/outils-de-communication\/#breadcrumb","itemListElement":[{"@type":"ListItem","position":1,"name":"Accueil","item":"https:\/\/www.salon-medecinedouce.com\/marseille\/"},{"@type":"ListItem","position":2,"name":"Exposer sur le salon","item":"https:\/\/www.salon-medecinedouce.com\/marseille\/exposants\/"},{"@type":"ListItem","position":3,"name":"Outils de communication"}]},{"@type":"WebSite","@id":"https:\/\/www.salon-medecinedouce.com\/marseille\/#website","url":"https:\/\/www.salon-medecinedouce.com\/marseille\/","name":"Bien-\u00eatre Marseille","description":"La sant\u00e9 au naturel : M\u00e9decines douces - Compl\u00e9ments alimentaires - Alimentation saine - Cosm\u00e9tiques naturelles - Art de vivre - Tourisme de sant\u00e9","publisher":{"@id":"https:\/\/www.salon-medecinedouce.com\/marseille\/#organization"},"potentialAction":[{"@type":"SearchAction","target":{"@type":"EntryPoint","urlTemplate":"https:\/\/www.salon-medecinedouce.com\/marseille\/?s={search_term_string}"},"query-input":{"@type":"PropertyValueSpecification","valueRequired":true,"valueName":"search_term_string"}}],"inLanguage":"fr-FR"},{"@type":"Organization","@id":"https:\/\/www.salon-medecinedouce.com\/marseille\/#organization","name":"Bien-\u00eatre Marseille","url":"https:\/\/www.salon-medecinedouce.com\/marseille\/","logo":{"@type":"ImageObject","inLanguage":"fr-FR","@id":"https:\/\/www.salon-medecinedouce.com\/marseille\/#\/schema\/logo\/image\/","url":"https:\/\/www.salon-medecinedouce.com\/marseille\/wp-content\/uploads\/sites\/16\/2023\/10\/logo-BEMD.png","contentUrl":"https:\/\/www.salon-medecinedouce.com\/marseille\/wp-content\/uploads\/sites\/16\/2023\/10\/logo-BEMD.png","width":199,"height":184,"caption":"Bien-\u00eatre Marseille"},"image":{"@id":"https:\/\/www.salon-medecinedouce.com\/marseille\/#\/schema\/logo\/image\/"}}]}},"rttpg_featured_image_url":null,"rttpg_author":{"display_name":"admin","author_link":"https:\/\/www.salon-medecinedouce.com\/marseille\/blog\/author\/admin\/"},"rttpg_comment":0,"rttpg_category":null,"rttpg_excerpt":"T\u00e9l\u00e9chargez les outils de communication du salon dont vous avez besoin pour communiquer sur votre pr\u00e9sence au salon. Le salon Bien-\u00catre M\u00e9decine Douce 2024 Affiche du salon\u00a0 Logo\u00a0\u00a0 Banni\u00e8re web 300\u00d7600 Banni\u00e8re web 300\u00d7250 Banni\u00e8re web 728\u00d790 \u00a0 \u00a0 \u00a0Afin d\u2019augmenter votre visibilit\u00e9 avant le salon, nous vous invitons \u00e0 cr\u00e9er un \u00e9v\u00e8nement sur Facebook&hellip;","_links":{"self":[{"href":"https:\/\/www.salon-medecinedouce.com\/marseille\/wp-json\/wp\/v2\/pages\/7062","targetHints":{"allow":["GET"]}}],"collection":[{"href":"https:\/\/www.salon-medecinedouce.com\/marseille\/wp-json\/wp\/v2\/pages"}],"about":[{"href":"https:\/\/www.salon-medecinedouce.com\/marseille\/wp-json\/wp\/v2\/types\/page"}],"author":[{"embeddable":true,"href":"https:\/\/www.salon-medecinedouce.com\/marseille\/wp-json\/wp\/v2\/users\/1"}],"replies":[{"embeddable":true,"href":"https:\/\/www.salon-medecinedouce.com\/marseille\/wp-json\/wp\/v2\/comments?post=7062"}],"version-history":[{"count":32,"href":"https:\/\/www.salon-medecinedouce.com\/marseille\/wp-json\/wp\/v2\/pages\/7062\/revisions"}],"predecessor-version":[{"id":8663,"href":"https:\/\/www.salon-medecinedouce.com\/marseille\/wp-json\/wp\/v2\/pages\/7062\/revisions\/8663"}],"up":[{"embeddable":true,"href":"https:\/\/www.salon-medecinedouce.com\/marseille\/wp-json\/wp\/v2\/pages\/2087"}],"wp:attachment":[{"href":"https:\/\/www.salon-medecinedouce.com\/marseille\/wp-json\/wp\/v2\/media?parent=7062"}],"curies":[{"name":"wp","href":"https:\/\/api.w.org\/{rel}","templated":true}]}}