{"id":2456,"date":"2017-01-24T14:18:54","date_gmt":"2017-01-24T13:18:54","guid":{"rendered":"http:\/\/localhost:8888\/zen\/?page_id=2456"},"modified":"2024-04-08T14:16:08","modified_gmt":"2024-04-08T12:16:08","slug":"nos-partenaires","status":"publish","type":"page","link":"https:\/\/www.salon-medecinedouce.com\/marseille\/presse-partenaires\/nos-partenaires\/","title":{"rendered":"Nos partenaires"},"content":{"rendered":"<h2><img fetchpriority=\"high\" decoding=\"async\" class=\"alignnone size-full wp-image-8647\" src=\"https:\/\/www.salon-medecinedouce.com\/marseille\/wp-content\/uploads\/sites\/16\/2019\/07\/AdobeStock_197995616.jpg\" alt=\"\" width=\"840\" height=\"250\" srcset=\"https:\/\/www.salon-medecinedouce.com\/marseille\/wp-content\/uploads\/sites\/16\/2019\/07\/AdobeStock_197995616.jpg 840w, https:\/\/www.salon-medecinedouce.com\/marseille\/wp-content\/uploads\/sites\/16\/2019\/07\/AdobeStock_197995616-300x89.jpg 300w, https:\/\/www.salon-medecinedouce.com\/marseille\/wp-content\/uploads\/sites\/16\/2019\/07\/AdobeStock_197995616-768x229.jpg 768w, https:\/\/www.salon-medecinedouce.com\/marseille\/wp-content\/uploads\/sites\/16\/2019\/07\/AdobeStock_197995616-150x45.jpg 150w, https:\/\/www.salon-medecinedouce.com\/marseille\/wp-content\/uploads\/sites\/16\/2019\/07\/AdobeStock_197995616-500x149.jpg 500w\" sizes=\"(max-width: 840px) 100vw, 840px\" \/><\/h2>\n<h2>D\u00e9couvrez les partenaires du salon Bien-\u00catre M\u00e9decine douce Marseille<\/h2>\n<h3><strong><a href=\"https:\/\/www.salon-medecinedouce.com\/marseille\/presse-partenaires\/nos-partenaires\/le-journal-de-layurveda\/\">Le Journal de l&rsquo;Ayurveda<\/a><\/strong><\/h3>\n<p>Le Journal de l\u2019Ayurveda r\u00e9pond \u00e0 un besoin de plus en plus pressant d\u2019explorer cette m\u00e9decine holistique n\u00e9e dans l\u2019Inde ancienne.<\/p>\n<h3><a href=\"https:\/\/www.salon-medecinedouce.com\/marseille\/?p=11035\" target=\"_blank\" rel=\"noopener\"><strong>La Provence<\/strong><\/a><\/h3>\n<p>La Provence est un quotidien r\u00e9gional fran\u00e7ais fond\u00e9 en 1997 \u00e0 Marseille. Il est n\u00e9 de la fusion de deux journaux, Le Proven\u00e7al et Le M\u00e9ridional. Il rend compte de l&rsquo;actualit\u00e9 et m\u00e8ne des enqu\u00eates \u00e0 Marseille, Arles, Aix-en-Provence et dans toute la r\u00e9gion.<\/p>\n<h3><strong><a href=\"https:\/\/www.salon-medecinedouce.com\/marseille\/presse-partenaires\/nos-partenaires\/sevellia-com\/\">Sevellia.com<\/a><\/strong><\/h3>\n<p><a href=\"https:\/\/sevellia.com\/\" target=\"_blank\" rel=\"noopener noreferrer\">Sevellia.com<\/a> est une place de march\u00e9 cr\u00e9\u00e9e par <a href=\"https:\/\/www.spas-expo.com\/\" target=\"_blank\" rel=\"noopener noreferrer\">SPAS Organisation<\/a>, le premier r\u00e9seau de salons bio &amp; bien-\u00eatre en France.<\/p>\n<p><span style=\"font-size: 18pt;\"><strong><a href=\"https:\/\/marseillaisedesfemmes.com\/\">La Marseillaise des Femmes<\/a><\/strong><\/span><\/p>\n<p>\u00ab\u00a0La Marseillaise des Femmes\u00a0\u00bb est une course f\u00e9minine festive et engag\u00e9e. Festive, car c&rsquo;est avant tout un moment de partage et de f\u00eate, au-del\u00e0 de l&rsquo;\u00e9preuve sportive. <br \/>\nEngag\u00e9e et solidaire, pour les femmes, leur sant\u00e9, leur bien-\u00eatre et leurs droits.<\/p>\n<p><span style=\"font-size: 18pt;\"><strong><a href=\"https:\/\/www.biocontact.fr\/\">Biocontact<\/a><\/strong><\/span><\/p>\n<p>Avec un tirage moyen de 230 000 exemplaires, le magazine Biocontact a acquis une forte notori\u00e9t\u00e9 qui en fait un m\u00e9dia incontournable parmi les consommateurs de produits bio.<\/p>\n<p><strong><span style=\"font-size: 18pt;\"><a href=\"https:\/\/www.annuairevert.com\/\">L&rsquo;annuaire vert<\/a><\/span><\/strong><\/p>\n<p>L&rsquo;annuaire vert r\u00e9f\u00e9rence tous les produits et service bio.<\/p>\n<p><a href=\"https:\/\/www.medoucine.com\/\"><strong><span style=\"font-size: 18pt;\">M\u00e9doucine<\/span><\/strong><\/a><\/p>\n<p>M\u00e9cdoucine est un site qui a pour objectif de vous aider \u00e0 mieux prendre en charge votre sant\u00e9 gr\u00e2ce aux\u00a0<strong>m\u00e9decines douces<\/strong>.<\/p>\n<div class=\"salon-accueil salon-entity-placement\" id=\"salon-3511830801\"><div id=\"salon-1094183792\"><a data-no-instant=\"1\" href=\"https:\/\/www.amac-formation.fr\/\" rel=\"noopener\" class=\"a2t-link\" target=\"_blank\"><p><img decoding=\"async\" class=\"aligncenter size-full wp-image-10787\" src=\"https:\/\/www.salon-medecinedouce.com\/marseille\/wp-content\/uploads\/sites\/16\/2023\/02\/Baniere-salon-du-bien-etre.png\" alt=\"amac-formation\" width=\"728\" height=\"90\" srcset=\"https:\/\/www.salon-medecinedouce.com\/marseille\/wp-content\/uploads\/sites\/16\/2023\/02\/Baniere-salon-du-bien-etre.png 728w, https:\/\/www.salon-medecinedouce.com\/marseille\/wp-content\/uploads\/sites\/16\/2023\/02\/Baniere-salon-du-bien-etre-300x37.png 300w, https:\/\/www.salon-medecinedouce.com\/marseille\/wp-content\/uploads\/sites\/16\/2023\/02\/Baniere-salon-du-bien-etre-150x19.png 150w, https:\/\/www.salon-medecinedouce.com\/marseille\/wp-content\/uploads\/sites\/16\/2023\/02\/Baniere-salon-du-bien-etre-500x62.png 500w\" sizes=\"(max-width: 728px) 100vw, 728px\" \/><\/p>\n<\/a><\/div><\/div>","protected":false},"excerpt":{"rendered":"<p>D\u00e9couvrez les partenaires du salon Bien-\u00catre M\u00e9decine douce Marseille Le Journal de l&rsquo;Ayurveda Le Journal de l\u2019Ayurveda r\u00e9pond \u00e0 un besoin de plus en plus pressant d\u2019explorer cette m\u00e9decine holistique n\u00e9e dans l\u2019Inde ancienne. La Provence La Provence est un quotidien r\u00e9gional fran\u00e7ais fond\u00e9 en 1997 \u00e0 Marseille. Il est n\u00e9 de la fusion de&hellip; <\/p>\n","protected":false},"author":1,"featured_media":0,"parent":2091,"menu_order":1,"comment_status":"closed","ping_status":"closed","template":"","meta":{"_monsterinsights_skip_tracking":false,"_monsterinsights_sitenote_active":false,"_monsterinsights_sitenote_note":"","_monsterinsights_sitenote_category":0,"footnotes":""},"class_list":["post-2456","page","type-page","status-publish","hentry"],"yoast_head":"<!-- This site is optimized with the Yoast SEO plugin v27.3 - https:\/\/yoast.com\/product\/yoast-seo-wordpress\/ -->\n<title>Nos partenaires - Bien-\u00eatre Marseille<\/title>\n<meta name=\"robots\" content=\"index, follow, max-snippet:-1, max-image-preview:large, max-video-preview:-1\" \/>\n<link rel=\"canonical\" href=\"https:\/\/www.salon-medecinedouce.com\/marseille\/presse-partenaires\/nos-partenaires\/\" \/>\n<meta property=\"og:locale\" content=\"fr_FR\" \/>\n<meta property=\"og:type\" content=\"article\" \/>\n<meta property=\"og:title\" content=\"Nos partenaires - Bien-\u00eatre Marseille\" \/>\n<meta property=\"og:description\" content=\"D\u00e9couvrez les partenaires du salon Bien-\u00catre M\u00e9decine douce Marseille Le Journal de l&rsquo;Ayurveda Le Journal de l\u2019Ayurveda r\u00e9pond \u00e0 un besoin de plus en plus pressant d\u2019explorer cette m\u00e9decine holistique n\u00e9e dans l\u2019Inde ancienne. La Provence La Provence est un quotidien r\u00e9gional fran\u00e7ais fond\u00e9 en 1997 \u00e0 Marseille. Il est n\u00e9 de la fusion de&hellip;\" \/>\n<meta property=\"og:url\" content=\"https:\/\/www.salon-medecinedouce.com\/marseille\/presse-partenaires\/nos-partenaires\/\" \/>\n<meta property=\"og:site_name\" content=\"Bien-\u00eatre Marseille\" \/>\n<meta property=\"article:modified_time\" content=\"2024-04-08T12:16:08+00:00\" \/>\n<meta property=\"og:image\" content=\"https:\/\/www.salon-medecinedouce.com\/marseille\/wp-content\/uploads\/sites\/16\/2019\/07\/AdobeStock_197995616.jpg\" \/>\n<meta name=\"twitter:card\" content=\"summary_large_image\" \/>\n<meta name=\"twitter:label1\" content=\"Dur\u00e9e de lecture estim\u00e9e\" \/>\n\t<meta name=\"twitter:data1\" content=\"2 minutes\" \/>\n<script type=\"application\/ld+json\" class=\"yoast-schema-graph\">{\"@context\":\"https:\\\/\\\/schema.org\",\"@graph\":[{\"@type\":\"WebPage\",\"@id\":\"https:\\\/\\\/www.salon-medecinedouce.com\\\/marseille\\\/presse-partenaires\\\/nos-partenaires\\\/\",\"url\":\"https:\\\/\\\/www.salon-medecinedouce.com\\\/marseille\\\/presse-partenaires\\\/nos-partenaires\\\/\",\"name\":\"Nos partenaires - Bien-\u00eatre Marseille\",\"isPartOf\":{\"@id\":\"https:\\\/\\\/www.salon-medecinedouce.com\\\/marseille\\\/#website\"},\"primaryImageOfPage\":{\"@id\":\"https:\\\/\\\/www.salon-medecinedouce.com\\\/marseille\\\/presse-partenaires\\\/nos-partenaires\\\/#primaryimage\"},\"image\":{\"@id\":\"https:\\\/\\\/www.salon-medecinedouce.com\\\/marseille\\\/presse-partenaires\\\/nos-partenaires\\\/#primaryimage\"},\"thumbnailUrl\":\"https:\\\/\\\/www.salon-medecinedouce.com\\\/marseille\\\/wp-content\\\/uploads\\\/sites\\\/16\\\/2019\\\/07\\\/AdobeStock_197995616.jpg\",\"datePublished\":\"2017-01-24T13:18:54+00:00\",\"dateModified\":\"2024-04-08T12:16:08+00:00\",\"breadcrumb\":{\"@id\":\"https:\\\/\\\/www.salon-medecinedouce.com\\\/marseille\\\/presse-partenaires\\\/nos-partenaires\\\/#breadcrumb\"},\"inLanguage\":\"fr-FR\",\"potentialAction\":[{\"@type\":\"ReadAction\",\"target\":[\"https:\\\/\\\/www.salon-medecinedouce.com\\\/marseille\\\/presse-partenaires\\\/nos-partenaires\\\/\"]}]},{\"@type\":\"ImageObject\",\"inLanguage\":\"fr-FR\",\"@id\":\"https:\\\/\\\/www.salon-medecinedouce.com\\\/marseille\\\/presse-partenaires\\\/nos-partenaires\\\/#primaryimage\",\"url\":\"https:\\\/\\\/www.salon-medecinedouce.com\\\/marseille\\\/wp-content\\\/uploads\\\/sites\\\/16\\\/2019\\\/07\\\/AdobeStock_197995616.jpg\",\"contentUrl\":\"https:\\\/\\\/www.salon-medecinedouce.com\\\/marseille\\\/wp-content\\\/uploads\\\/sites\\\/16\\\/2019\\\/07\\\/AdobeStock_197995616.jpg\",\"width\":840,\"height\":250},{\"@type\":\"BreadcrumbList\",\"@id\":\"https:\\\/\\\/www.salon-medecinedouce.com\\\/marseille\\\/presse-partenaires\\\/nos-partenaires\\\/#breadcrumb\",\"itemListElement\":[{\"@type\":\"ListItem\",\"position\":1,\"name\":\"Accueil\",\"item\":\"https:\\\/\\\/www.salon-medecinedouce.com\\\/marseille\\\/\"},{\"@type\":\"ListItem\",\"position\":2,\"name\":\"Presse\\\/partenaires\",\"item\":\"https:\\\/\\\/www.salon-medecinedouce.com\\\/marseille\\\/presse-partenaires\\\/\"},{\"@type\":\"ListItem\",\"position\":3,\"name\":\"Nos partenaires\"}]},{\"@type\":\"WebSite\",\"@id\":\"https:\\\/\\\/www.salon-medecinedouce.com\\\/marseille\\\/#website\",\"url\":\"https:\\\/\\\/www.salon-medecinedouce.com\\\/marseille\\\/\",\"name\":\"Bien-\u00eatre Marseille\",\"description\":\"La sant\u00e9 au naturel : M\u00e9decines douces - Compl\u00e9ments alimentaires - Alimentation saine - Cosm\u00e9tiques naturelles - Art de vivre - Tourisme de sant\u00e9\",\"publisher\":{\"@id\":\"https:\\\/\\\/www.salon-medecinedouce.com\\\/marseille\\\/#organization\"},\"potentialAction\":[{\"@type\":\"SearchAction\",\"target\":{\"@type\":\"EntryPoint\",\"urlTemplate\":\"https:\\\/\\\/www.salon-medecinedouce.com\\\/marseille\\\/?s={search_term_string}\"},\"query-input\":{\"@type\":\"PropertyValueSpecification\",\"valueRequired\":true,\"valueName\":\"search_term_string\"}}],\"inLanguage\":\"fr-FR\"},{\"@type\":\"Organization\",\"@id\":\"https:\\\/\\\/www.salon-medecinedouce.com\\\/marseille\\\/#organization\",\"name\":\"Bien-\u00eatre Marseille\",\"url\":\"https:\\\/\\\/www.salon-medecinedouce.com\\\/marseille\\\/\",\"logo\":{\"@type\":\"ImageObject\",\"inLanguage\":\"fr-FR\",\"@id\":\"https:\\\/\\\/www.salon-medecinedouce.com\\\/marseille\\\/#\\\/schema\\\/logo\\\/image\\\/\",\"url\":\"https:\\\/\\\/www.salon-medecinedouce.com\\\/marseille\\\/wp-content\\\/uploads\\\/sites\\\/16\\\/2023\\\/10\\\/logo-BEMD.png\",\"contentUrl\":\"https:\\\/\\\/www.salon-medecinedouce.com\\\/marseille\\\/wp-content\\\/uploads\\\/sites\\\/16\\\/2023\\\/10\\\/logo-BEMD.png\",\"width\":199,\"height\":184,\"caption\":\"Bien-\u00eatre Marseille\"},\"image\":{\"@id\":\"https:\\\/\\\/www.salon-medecinedouce.com\\\/marseille\\\/#\\\/schema\\\/logo\\\/image\\\/\"}}]}<\/script>\n<!-- \/ Yoast SEO plugin. -->","yoast_head_json":{"title":"Nos partenaires - Bien-\u00eatre Marseille","robots":{"index":"index","follow":"follow","max-snippet":"max-snippet:-1","max-image-preview":"max-image-preview:large","max-video-preview":"max-video-preview:-1"},"canonical":"https:\/\/www.salon-medecinedouce.com\/marseille\/presse-partenaires\/nos-partenaires\/","og_locale":"fr_FR","og_type":"article","og_title":"Nos partenaires - Bien-\u00eatre Marseille","og_description":"D\u00e9couvrez les partenaires du salon Bien-\u00catre M\u00e9decine douce Marseille Le Journal de l&rsquo;Ayurveda Le Journal de l\u2019Ayurveda r\u00e9pond \u00e0 un besoin de plus en plus pressant d\u2019explorer cette m\u00e9decine holistique n\u00e9e dans l\u2019Inde ancienne. La Provence La Provence est un quotidien r\u00e9gional fran\u00e7ais fond\u00e9 en 1997 \u00e0 Marseille. Il est n\u00e9 de la fusion de&hellip;","og_url":"https:\/\/www.salon-medecinedouce.com\/marseille\/presse-partenaires\/nos-partenaires\/","og_site_name":"Bien-\u00eatre Marseille","article_modified_time":"2024-04-08T12:16:08+00:00","og_image":[{"url":"https:\/\/www.salon-medecinedouce.com\/marseille\/wp-content\/uploads\/sites\/16\/2019\/07\/AdobeStock_197995616.jpg","type":"","width":"","height":""}],"twitter_card":"summary_large_image","twitter_misc":{"Dur\u00e9e de lecture estim\u00e9e":"2 minutes"},"schema":{"@context":"https:\/\/schema.org","@graph":[{"@type":"WebPage","@id":"https:\/\/www.salon-medecinedouce.com\/marseille\/presse-partenaires\/nos-partenaires\/","url":"https:\/\/www.salon-medecinedouce.com\/marseille\/presse-partenaires\/nos-partenaires\/","name":"Nos partenaires - Bien-\u00eatre Marseille","isPartOf":{"@id":"https:\/\/www.salon-medecinedouce.com\/marseille\/#website"},"primaryImageOfPage":{"@id":"https:\/\/www.salon-medecinedouce.com\/marseille\/presse-partenaires\/nos-partenaires\/#primaryimage"},"image":{"@id":"https:\/\/www.salon-medecinedouce.com\/marseille\/presse-partenaires\/nos-partenaires\/#primaryimage"},"thumbnailUrl":"https:\/\/www.salon-medecinedouce.com\/marseille\/wp-content\/uploads\/sites\/16\/2019\/07\/AdobeStock_197995616.jpg","datePublished":"2017-01-24T13:18:54+00:00","dateModified":"2024-04-08T12:16:08+00:00","breadcrumb":{"@id":"https:\/\/www.salon-medecinedouce.com\/marseille\/presse-partenaires\/nos-partenaires\/#breadcrumb"},"inLanguage":"fr-FR","potentialAction":[{"@type":"ReadAction","target":["https:\/\/www.salon-medecinedouce.com\/marseille\/presse-partenaires\/nos-partenaires\/"]}]},{"@type":"ImageObject","inLanguage":"fr-FR","@id":"https:\/\/www.salon-medecinedouce.com\/marseille\/presse-partenaires\/nos-partenaires\/#primaryimage","url":"https:\/\/www.salon-medecinedouce.com\/marseille\/wp-content\/uploads\/sites\/16\/2019\/07\/AdobeStock_197995616.jpg","contentUrl":"https:\/\/www.salon-medecinedouce.com\/marseille\/wp-content\/uploads\/sites\/16\/2019\/07\/AdobeStock_197995616.jpg","width":840,"height":250},{"@type":"BreadcrumbList","@id":"https:\/\/www.salon-medecinedouce.com\/marseille\/presse-partenaires\/nos-partenaires\/#breadcrumb","itemListElement":[{"@type":"ListItem","position":1,"name":"Accueil","item":"https:\/\/www.salon-medecinedouce.com\/marseille\/"},{"@type":"ListItem","position":2,"name":"Presse\/partenaires","item":"https:\/\/www.salon-medecinedouce.com\/marseille\/presse-partenaires\/"},{"@type":"ListItem","position":3,"name":"Nos partenaires"}]},{"@type":"WebSite","@id":"https:\/\/www.salon-medecinedouce.com\/marseille\/#website","url":"https:\/\/www.salon-medecinedouce.com\/marseille\/","name":"Bien-\u00eatre Marseille","description":"La sant\u00e9 au naturel : M\u00e9decines douces - Compl\u00e9ments alimentaires - Alimentation saine - Cosm\u00e9tiques naturelles - Art de vivre - Tourisme de sant\u00e9","publisher":{"@id":"https:\/\/www.salon-medecinedouce.com\/marseille\/#organization"},"potentialAction":[{"@type":"SearchAction","target":{"@type":"EntryPoint","urlTemplate":"https:\/\/www.salon-medecinedouce.com\/marseille\/?s={search_term_string}"},"query-input":{"@type":"PropertyValueSpecification","valueRequired":true,"valueName":"search_term_string"}}],"inLanguage":"fr-FR"},{"@type":"Organization","@id":"https:\/\/www.salon-medecinedouce.com\/marseille\/#organization","name":"Bien-\u00eatre Marseille","url":"https:\/\/www.salon-medecinedouce.com\/marseille\/","logo":{"@type":"ImageObject","inLanguage":"fr-FR","@id":"https:\/\/www.salon-medecinedouce.com\/marseille\/#\/schema\/logo\/image\/","url":"https:\/\/www.salon-medecinedouce.com\/marseille\/wp-content\/uploads\/sites\/16\/2023\/10\/logo-BEMD.png","contentUrl":"https:\/\/www.salon-medecinedouce.com\/marseille\/wp-content\/uploads\/sites\/16\/2023\/10\/logo-BEMD.png","width":199,"height":184,"caption":"Bien-\u00eatre Marseille"},"image":{"@id":"https:\/\/www.salon-medecinedouce.com\/marseille\/#\/schema\/logo\/image\/"}}]}},"rttpg_featured_image_url":null,"rttpg_author":{"display_name":"admin","author_link":"https:\/\/www.salon-medecinedouce.com\/marseille\/blog\/author\/admin\/"},"rttpg_comment":0,"rttpg_category":null,"rttpg_excerpt":"D\u00e9couvrez les partenaires du salon Bien-\u00catre M\u00e9decine douce Marseille Le Journal de l&rsquo;Ayurveda Le Journal de l\u2019Ayurveda r\u00e9pond \u00e0 un besoin de plus en plus pressant d\u2019explorer cette m\u00e9decine holistique n\u00e9e dans l\u2019Inde ancienne. La Provence La Provence est un quotidien r\u00e9gional fran\u00e7ais fond\u00e9 en 1997 \u00e0 Marseille. Il est n\u00e9 de la fusion de&hellip;","_links":{"self":[{"href":"https:\/\/www.salon-medecinedouce.com\/marseille\/wp-json\/wp\/v2\/pages\/2456","targetHints":{"allow":["GET"]}}],"collection":[{"href":"https:\/\/www.salon-medecinedouce.com\/marseille\/wp-json\/wp\/v2\/pages"}],"about":[{"href":"https:\/\/www.salon-medecinedouce.com\/marseille\/wp-json\/wp\/v2\/types\/page"}],"author":[{"embeddable":true,"href":"https:\/\/www.salon-medecinedouce.com\/marseille\/wp-json\/wp\/v2\/users\/1"}],"replies":[{"embeddable":true,"href":"https:\/\/www.salon-medecinedouce.com\/marseille\/wp-json\/wp\/v2\/comments?post=2456"}],"version-history":[{"count":62,"href":"https:\/\/www.salon-medecinedouce.com\/marseille\/wp-json\/wp\/v2\/pages\/2456\/revisions"}],"predecessor-version":[{"id":11618,"href":"https:\/\/www.salon-medecinedouce.com\/marseille\/wp-json\/wp\/v2\/pages\/2456\/revisions\/11618"}],"up":[{"embeddable":true,"href":"https:\/\/www.salon-medecinedouce.com\/marseille\/wp-json\/wp\/v2\/pages\/2091"}],"wp:attachment":[{"href":"https:\/\/www.salon-medecinedouce.com\/marseille\/wp-json\/wp\/v2\/media?parent=2456"}],"curies":[{"name":"wp","href":"https:\/\/api.w.org\/{rel}","templated":true}]}}