{"id":3610,"date":"2025-12-08T09:00:38","date_gmt":"2025-12-08T08:00:38","guid":{"rendered":"http:\/\/localhost:8888\/bemd\/?page_id=3610"},"modified":"2026-03-06T14:59:47","modified_gmt":"2026-03-06T13:59:47","slug":"animations","status":"publish","type":"page","link":"https:\/\/www.salon-medecinedouce.com\/lyon\/programme\/animations\/","title":{"rendered":"Animations"},"content":{"rendered":"<div id=\"bodycopy\">\n<h2><img fetchpriority=\"high\" decoding=\"async\" class=\"alignnone size-full wp-image-8285\" src=\"https:\/\/www.salon-medecinedouce.com\/lyon\/wp-content\/uploads\/sites\/12\/2019\/06\/Fotolia_66749930_Subscription_Monthly_M.jpg\" alt=\"\" width=\"840\" height=\"250\" srcset=\"https:\/\/www.salon-medecinedouce.com\/lyon\/wp-content\/uploads\/sites\/12\/2019\/06\/Fotolia_66749930_Subscription_Monthly_M.jpg 840w, https:\/\/www.salon-medecinedouce.com\/lyon\/wp-content\/uploads\/sites\/12\/2019\/06\/Fotolia_66749930_Subscription_Monthly_M-300x89.jpg 300w, https:\/\/www.salon-medecinedouce.com\/lyon\/wp-content\/uploads\/sites\/12\/2019\/06\/Fotolia_66749930_Subscription_Monthly_M-768x229.jpg 768w, https:\/\/www.salon-medecinedouce.com\/lyon\/wp-content\/uploads\/sites\/12\/2019\/06\/Fotolia_66749930_Subscription_Monthly_M-150x45.jpg 150w, https:\/\/www.salon-medecinedouce.com\/lyon\/wp-content\/uploads\/sites\/12\/2019\/06\/Fotolia_66749930_Subscription_Monthly_M-500x149.jpg 500w\" sizes=\"(max-width: 840px) 100vw, 840px\" \/><\/h2>\n<h2><span style=\"color: #165e6c;\">Les animation 2027 vous seront prochainement pr\u00e9sent\u00e9es.<\/span><\/h2>\n<h2><span style=\"color: #165e6c;\">En attendant, re-d\u00e9couvrez les nouveaut\u00e9s 2026<\/span><\/h2>\n<p><a href=\"https:\/\/www.salon-medecinedouce.com\/paris\/programme\/le-village-des-acteurs-sante-naturel\/\"><strong>Le village des acteurs de la sant\u00e9 au naturel<\/strong><\/a><\/p>\n<\/div>\n<p>Nouvelle zone d\u00e9di\u00e9e aux praticiens en professions lib\u00e9rales, \u00e9coles, formations, massage.<\/p>\n<p><a href=\"https:\/\/www.salon-medecinedouce.com\/paris\/ateliers-alimentation-saine\/\"><strong>Les ateliers d&rsquo;alimentation saine<\/strong><\/a><\/p>\n<p>D\u00e9monstrations, d\u00e9gustations et conseils pour mieux manger au quotidien.<\/p>\n<p><a href=\"https:\/\/www.salon-medecinedouce.com\/paris\/programme\/rendez-vous-des-guidances\/\"><strong>Le rendez-vous des guidances<\/strong><\/a><\/p>\n<p>Zone d\u00e9di\u00e9e aux activit\u00e9s spirituelles\u00a0: \u00e9nerg\u00e9tique, chamanisme, m\u00e9diumnit\u00e9, cartomancie, astrologie&#8230;<\/p>\n<p><a href=\"https:\/\/www.salon-medecinedouce.com\/lyon\/programme\/lespace-reconnexion\/\"><strong>L\u2019espace Reconnexion<\/strong><\/a><\/p>\n<p>M\u00e9ditation, automassage, yoga, respiration, l\u00e2cher prise. Vivre des exp\u00e9riences in\u00e9dites.<\/p>\n<p><a href=\"https:\/\/www.salon-medecinedouce.com\/lyon\/?p=14448\"><strong>Le village MADE IN AURA \u2013 Le bien-na\u00eetre ici<\/strong><\/a><\/p>\n<p>Des exposants de la r\u00e9gion Auvergne-Rh\u00f4ne-Alpes vous proposent des produits bien-\u00eatre locaux.<\/p>\n<p><span style=\"color: #d65d00;\"><a style=\"color: #d65d00;\" href=\"https:\/\/www.salon-medecinedouce.com\/lyon\/visiteur_invitation\/\" target=\"_blank\" rel=\"noopener noreferrer\"><strong>&gt; Demandez votre entr\u00e9e gratuite<\/strong><\/a><\/span><\/p>\n<div class=\"salon-pubs-hp-bas-de-page salon-entity-placement\" id=\"salon-1066630118\"><div id=\"salon-2040203302\"><a data-no-instant=\"1\" href=\"https:\/\/www.adntv.fr\/home?request_origin=tv_app\" rel=\"noopener\" class=\"a2t-link\" target=\"_blank\"><p><a href=\"https:\/\/www.adntv.fr\/home?request_origin=tv_app\"><img decoding=\"async\" class=\"wp-image-15075  aligncenter\" src=\"https:\/\/www.salon-medecinedouce.com\/lyon\/wp-content\/uploads\/sites\/12\/2021\/12\/ADNTV_BANNIERE_.jpg\" alt=\"\" width=\"515\" height=\"196\" srcset=\"https:\/\/www.salon-medecinedouce.com\/lyon\/wp-content\/uploads\/sites\/12\/2021\/12\/ADNTV_BANNIERE_.jpg 820w, https:\/\/www.salon-medecinedouce.com\/lyon\/wp-content\/uploads\/sites\/12\/2021\/12\/ADNTV_BANNIERE_-300x114.jpg 300w, https:\/\/www.salon-medecinedouce.com\/lyon\/wp-content\/uploads\/sites\/12\/2021\/12\/ADNTV_BANNIERE_-768x292.jpg 768w, https:\/\/www.salon-medecinedouce.com\/lyon\/wp-content\/uploads\/sites\/12\/2021\/12\/ADNTV_BANNIERE_-150x57.jpg 150w, https:\/\/www.salon-medecinedouce.com\/lyon\/wp-content\/uploads\/sites\/12\/2021\/12\/ADNTV_BANNIERE_-500x190.jpg 500w\" sizes=\"(max-width: 515px) 100vw, 515px\" \/><\/a><\/p>\n<\/a><\/div><\/div>","protected":false},"excerpt":{"rendered":"<p>Les animation 2027 vous seront prochainement pr\u00e9sent\u00e9es. En attendant, re-d\u00e9couvrez les nouveaut\u00e9s 2026 Le village des acteurs de la sant\u00e9 au naturel Nouvelle zone d\u00e9di\u00e9e aux praticiens en professions lib\u00e9rales, \u00e9coles, formations, massage. Les ateliers d&rsquo;alimentation saine D\u00e9monstrations, d\u00e9gustations et conseils pour mieux manger au quotidien. Le rendez-vous des guidances Zone d\u00e9di\u00e9e aux activit\u00e9s spirituelles\u00a0:&hellip; <\/p>\n","protected":false},"author":1,"featured_media":11507,"parent":2085,"menu_order":1,"comment_status":"closed","ping_status":"closed","template":"","meta":{"_monsterinsights_skip_tracking":false,"_monsterinsights_sitenote_active":false,"_monsterinsights_sitenote_note":"","_monsterinsights_sitenote_category":0,"footnotes":""},"class_list":["post-3610","page","type-page","status-publish","has-post-thumbnail","hentry"],"yoast_head":"<!-- This site is optimized with the Yoast SEO plugin v27.3 - https:\/\/yoast.com\/product\/yoast-seo-wordpress\/ -->\n<title>Animations au fil des stands<\/title>\n<meta name=\"description\" content=\"De nombreuses animations au fil des stands pour exp\u00e9rimenter les m\u00e9thodes de sant\u00e9 &amp; bien-\u00eatre au naturel du 16 au 18 janvier 2026 \u00e0 la Cit\u00e9 internationale de Lyon !\" \/>\n<meta name=\"robots\" content=\"index, follow, max-snippet:-1, max-image-preview:large, max-video-preview:-1\" \/>\n<link rel=\"canonical\" href=\"https:\/\/www.salon-medecinedouce.com\/lyon\/programme\/animations\/\" \/>\n<meta property=\"og:locale\" content=\"fr_FR\" \/>\n<meta property=\"og:type\" content=\"article\" \/>\n<meta property=\"og:title\" content=\"Animations au fil des stands\" \/>\n<meta property=\"og:description\" content=\"De nombreuses animations au fil des stands pour exp\u00e9rimenter les m\u00e9thodes de sant\u00e9 &amp; bien-\u00eatre au naturel du 16 au 18 janvier 2026 \u00e0 la Cit\u00e9 internationale de Lyon !\" \/>\n<meta property=\"og:url\" content=\"https:\/\/www.salon-medecinedouce.com\/lyon\/programme\/animations\/\" \/>\n<meta property=\"og:site_name\" content=\"Bien-\u00eatre Lyon\" \/>\n<meta property=\"article:modified_time\" content=\"2026-03-06T13:59:47+00:00\" \/>\n<meta property=\"og:image\" content=\"https:\/\/www.salon-medecinedouce.com\/lyon\/wp-content\/uploads\/sites\/12\/2023\/03\/Animations-au-fil-des-stands.jpg\" \/>\n\t<meta property=\"og:image:width\" content=\"940\" \/>\n\t<meta property=\"og:image:height\" content=\"788\" \/>\n\t<meta property=\"og:image:type\" content=\"image\/jpeg\" \/>\n<meta name=\"twitter:card\" content=\"summary_large_image\" \/>\n<meta name=\"twitter:label1\" content=\"Dur\u00e9e de lecture estim\u00e9e\" \/>\n\t<meta name=\"twitter:data1\" content=\"1 minute\" \/>\n<script type=\"application\/ld+json\" class=\"yoast-schema-graph\">{\"@context\":\"https:\\\/\\\/schema.org\",\"@graph\":[{\"@type\":\"WebPage\",\"@id\":\"https:\\\/\\\/www.salon-medecinedouce.com\\\/lyon\\\/programme\\\/animations\\\/\",\"url\":\"https:\\\/\\\/www.salon-medecinedouce.com\\\/lyon\\\/programme\\\/animations\\\/\",\"name\":\"Animations au fil des stands\",\"isPartOf\":{\"@id\":\"https:\\\/\\\/www.salon-medecinedouce.com\\\/lyon\\\/#website\"},\"primaryImageOfPage\":{\"@id\":\"https:\\\/\\\/www.salon-medecinedouce.com\\\/lyon\\\/programme\\\/animations\\\/#primaryimage\"},\"image\":{\"@id\":\"https:\\\/\\\/www.salon-medecinedouce.com\\\/lyon\\\/programme\\\/animations\\\/#primaryimage\"},\"thumbnailUrl\":\"https:\\\/\\\/www.salon-medecinedouce.com\\\/lyon\\\/wp-content\\\/uploads\\\/sites\\\/12\\\/2023\\\/03\\\/Animations-au-fil-des-stands.jpg\",\"datePublished\":\"2025-12-08T08:00:38+00:00\",\"dateModified\":\"2026-03-06T13:59:47+00:00\",\"description\":\"De nombreuses animations au fil des stands pour exp\u00e9rimenter les m\u00e9thodes de sant\u00e9 & bien-\u00eatre au naturel du 16 au 18 janvier 2026 \u00e0 la Cit\u00e9 internationale de Lyon !\",\"breadcrumb\":{\"@id\":\"https:\\\/\\\/www.salon-medecinedouce.com\\\/lyon\\\/programme\\\/animations\\\/#breadcrumb\"},\"inLanguage\":\"fr-FR\",\"potentialAction\":[{\"@type\":\"ReadAction\",\"target\":[\"https:\\\/\\\/www.salon-medecinedouce.com\\\/lyon\\\/programme\\\/animations\\\/\"]}]},{\"@type\":\"ImageObject\",\"inLanguage\":\"fr-FR\",\"@id\":\"https:\\\/\\\/www.salon-medecinedouce.com\\\/lyon\\\/programme\\\/animations\\\/#primaryimage\",\"url\":\"https:\\\/\\\/www.salon-medecinedouce.com\\\/lyon\\\/wp-content\\\/uploads\\\/sites\\\/12\\\/2023\\\/03\\\/Animations-au-fil-des-stands.jpg\",\"contentUrl\":\"https:\\\/\\\/www.salon-medecinedouce.com\\\/lyon\\\/wp-content\\\/uploads\\\/sites\\\/12\\\/2023\\\/03\\\/Animations-au-fil-des-stands.jpg\",\"width\":940,\"height\":788,\"caption\":\"animations au fil des stands\"},{\"@type\":\"BreadcrumbList\",\"@id\":\"https:\\\/\\\/www.salon-medecinedouce.com\\\/lyon\\\/programme\\\/animations\\\/#breadcrumb\",\"itemListElement\":[{\"@type\":\"ListItem\",\"position\":1,\"name\":\"Accueil\",\"item\":\"https:\\\/\\\/www.salon-medecinedouce.com\\\/lyon\\\/\"},{\"@type\":\"ListItem\",\"position\":2,\"name\":\"Programme du salon\",\"item\":\"https:\\\/\\\/www.salon-medecinedouce.com\\\/lyon\\\/programme\\\/\"},{\"@type\":\"ListItem\",\"position\":3,\"name\":\"Animations\"}]},{\"@type\":\"WebSite\",\"@id\":\"https:\\\/\\\/www.salon-medecinedouce.com\\\/lyon\\\/#website\",\"url\":\"https:\\\/\\\/www.salon-medecinedouce.com\\\/lyon\\\/\",\"name\":\"Bien-\u00eatre Lyon\",\"description\":\"La sant\u00e9 au naturel : M\u00e9decines douces - Compl\u00e9ments alimentaires - Alimentation saine - Cosm\u00e9tiques naturelles - Art de vivre - Tourisme de sant\u00e9\",\"publisher\":{\"@id\":\"https:\\\/\\\/www.salon-medecinedouce.com\\\/lyon\\\/#organization\"},\"potentialAction\":[{\"@type\":\"SearchAction\",\"target\":{\"@type\":\"EntryPoint\",\"urlTemplate\":\"https:\\\/\\\/www.salon-medecinedouce.com\\\/lyon\\\/?s={search_term_string}\"},\"query-input\":{\"@type\":\"PropertyValueSpecification\",\"valueRequired\":true,\"valueName\":\"search_term_string\"}}],\"inLanguage\":\"fr-FR\"},{\"@type\":\"Organization\",\"@id\":\"https:\\\/\\\/www.salon-medecinedouce.com\\\/lyon\\\/#organization\",\"name\":\"Bien-\u00eatre Lyon\",\"url\":\"https:\\\/\\\/www.salon-medecinedouce.com\\\/lyon\\\/\",\"logo\":{\"@type\":\"ImageObject\",\"inLanguage\":\"fr-FR\",\"@id\":\"https:\\\/\\\/www.salon-medecinedouce.com\\\/lyon\\\/#\\\/schema\\\/logo\\\/image\\\/\",\"url\":\"https:\\\/\\\/www.salon-medecinedouce.com\\\/lyon\\\/wp-content\\\/uploads\\\/sites\\\/12\\\/2024\\\/05\\\/cropped-logo-orange-bemd.png\",\"contentUrl\":\"https:\\\/\\\/www.salon-medecinedouce.com\\\/lyon\\\/wp-content\\\/uploads\\\/sites\\\/12\\\/2024\\\/05\\\/cropped-logo-orange-bemd.png\",\"width\":591,\"height\":591,\"caption\":\"Bien-\u00eatre Lyon\"},\"image\":{\"@id\":\"https:\\\/\\\/www.salon-medecinedouce.com\\\/lyon\\\/#\\\/schema\\\/logo\\\/image\\\/\"}}]}<\/script>\n<!-- \/ Yoast SEO plugin. -->","yoast_head_json":{"title":"Animations au fil des stands","description":"De nombreuses animations au fil des stands pour exp\u00e9rimenter les m\u00e9thodes de sant\u00e9 & bien-\u00eatre au naturel du 16 au 18 janvier 2026 \u00e0 la Cit\u00e9 internationale de Lyon !","robots":{"index":"index","follow":"follow","max-snippet":"max-snippet:-1","max-image-preview":"max-image-preview:large","max-video-preview":"max-video-preview:-1"},"canonical":"https:\/\/www.salon-medecinedouce.com\/lyon\/programme\/animations\/","og_locale":"fr_FR","og_type":"article","og_title":"Animations au fil des stands","og_description":"De nombreuses animations au fil des stands pour exp\u00e9rimenter les m\u00e9thodes de sant\u00e9 & bien-\u00eatre au naturel du 16 au 18 janvier 2026 \u00e0 la Cit\u00e9 internationale de Lyon !","og_url":"https:\/\/www.salon-medecinedouce.com\/lyon\/programme\/animations\/","og_site_name":"Bien-\u00eatre Lyon","article_modified_time":"2026-03-06T13:59:47+00:00","og_image":[{"width":940,"height":788,"url":"https:\/\/www.salon-medecinedouce.com\/lyon\/wp-content\/uploads\/sites\/12\/2023\/03\/Animations-au-fil-des-stands.jpg","type":"image\/jpeg"}],"twitter_card":"summary_large_image","twitter_misc":{"Dur\u00e9e de lecture estim\u00e9e":"1 minute"},"schema":{"@context":"https:\/\/schema.org","@graph":[{"@type":"WebPage","@id":"https:\/\/www.salon-medecinedouce.com\/lyon\/programme\/animations\/","url":"https:\/\/www.salon-medecinedouce.com\/lyon\/programme\/animations\/","name":"Animations au fil des stands","isPartOf":{"@id":"https:\/\/www.salon-medecinedouce.com\/lyon\/#website"},"primaryImageOfPage":{"@id":"https:\/\/www.salon-medecinedouce.com\/lyon\/programme\/animations\/#primaryimage"},"image":{"@id":"https:\/\/www.salon-medecinedouce.com\/lyon\/programme\/animations\/#primaryimage"},"thumbnailUrl":"https:\/\/www.salon-medecinedouce.com\/lyon\/wp-content\/uploads\/sites\/12\/2023\/03\/Animations-au-fil-des-stands.jpg","datePublished":"2025-12-08T08:00:38+00:00","dateModified":"2026-03-06T13:59:47+00:00","description":"De nombreuses animations au fil des stands pour exp\u00e9rimenter les m\u00e9thodes de sant\u00e9 & bien-\u00eatre au naturel du 16 au 18 janvier 2026 \u00e0 la Cit\u00e9 internationale de Lyon !","breadcrumb":{"@id":"https:\/\/www.salon-medecinedouce.com\/lyon\/programme\/animations\/#breadcrumb"},"inLanguage":"fr-FR","potentialAction":[{"@type":"ReadAction","target":["https:\/\/www.salon-medecinedouce.com\/lyon\/programme\/animations\/"]}]},{"@type":"ImageObject","inLanguage":"fr-FR","@id":"https:\/\/www.salon-medecinedouce.com\/lyon\/programme\/animations\/#primaryimage","url":"https:\/\/www.salon-medecinedouce.com\/lyon\/wp-content\/uploads\/sites\/12\/2023\/03\/Animations-au-fil-des-stands.jpg","contentUrl":"https:\/\/www.salon-medecinedouce.com\/lyon\/wp-content\/uploads\/sites\/12\/2023\/03\/Animations-au-fil-des-stands.jpg","width":940,"height":788,"caption":"animations au fil des stands"},{"@type":"BreadcrumbList","@id":"https:\/\/www.salon-medecinedouce.com\/lyon\/programme\/animations\/#breadcrumb","itemListElement":[{"@type":"ListItem","position":1,"name":"Accueil","item":"https:\/\/www.salon-medecinedouce.com\/lyon\/"},{"@type":"ListItem","position":2,"name":"Programme du salon","item":"https:\/\/www.salon-medecinedouce.com\/lyon\/programme\/"},{"@type":"ListItem","position":3,"name":"Animations"}]},{"@type":"WebSite","@id":"https:\/\/www.salon-medecinedouce.com\/lyon\/#website","url":"https:\/\/www.salon-medecinedouce.com\/lyon\/","name":"Bien-\u00eatre Lyon","description":"La sant\u00e9 au naturel : M\u00e9decines douces - Compl\u00e9ments alimentaires - Alimentation saine - Cosm\u00e9tiques naturelles - Art de vivre - Tourisme de sant\u00e9","publisher":{"@id":"https:\/\/www.salon-medecinedouce.com\/lyon\/#organization"},"potentialAction":[{"@type":"SearchAction","target":{"@type":"EntryPoint","urlTemplate":"https:\/\/www.salon-medecinedouce.com\/lyon\/?s={search_term_string}"},"query-input":{"@type":"PropertyValueSpecification","valueRequired":true,"valueName":"search_term_string"}}],"inLanguage":"fr-FR"},{"@type":"Organization","@id":"https:\/\/www.salon-medecinedouce.com\/lyon\/#organization","name":"Bien-\u00eatre Lyon","url":"https:\/\/www.salon-medecinedouce.com\/lyon\/","logo":{"@type":"ImageObject","inLanguage":"fr-FR","@id":"https:\/\/www.salon-medecinedouce.com\/lyon\/#\/schema\/logo\/image\/","url":"https:\/\/www.salon-medecinedouce.com\/lyon\/wp-content\/uploads\/sites\/12\/2024\/05\/cropped-logo-orange-bemd.png","contentUrl":"https:\/\/www.salon-medecinedouce.com\/lyon\/wp-content\/uploads\/sites\/12\/2024\/05\/cropped-logo-orange-bemd.png","width":591,"height":591,"caption":"Bien-\u00eatre Lyon"},"image":{"@id":"https:\/\/www.salon-medecinedouce.com\/lyon\/#\/schema\/logo\/image\/"}}]}},"rttpg_featured_image_url":{"full":["https:\/\/www.salon-medecinedouce.com\/lyon\/wp-content\/uploads\/sites\/12\/2023\/03\/Animations-au-fil-des-stands.jpg",940,788,false],"landscape":["https:\/\/www.salon-medecinedouce.com\/lyon\/wp-content\/uploads\/sites\/12\/2023\/03\/Animations-au-fil-des-stands.jpg",940,788,false],"portraits":["https:\/\/www.salon-medecinedouce.com\/lyon\/wp-content\/uploads\/sites\/12\/2023\/03\/Animations-au-fil-des-stands.jpg",940,788,false],"thumbnail":["https:\/\/www.salon-medecinedouce.com\/lyon\/wp-content\/uploads\/sites\/12\/2023\/03\/Animations-au-fil-des-stands-150x150.jpg",150,150,true],"medium":["https:\/\/www.salon-medecinedouce.com\/lyon\/wp-content\/uploads\/sites\/12\/2023\/03\/Animations-au-fil-des-stands-300x251.jpg",300,251,true],"large":["https:\/\/www.salon-medecinedouce.com\/lyon\/wp-content\/uploads\/sites\/12\/2023\/03\/Animations-au-fil-des-stands.jpg",790,662,false],"1536x1536":["https:\/\/www.salon-medecinedouce.com\/lyon\/wp-content\/uploads\/sites\/12\/2023\/03\/Animations-au-fil-des-stands.jpg",940,788,false],"2048x2048":["https:\/\/www.salon-medecinedouce.com\/lyon\/wp-content\/uploads\/sites\/12\/2023\/03\/Animations-au-fil-des-stands.jpg",940,788,false],"gg_gallery_thumbnail":["https:\/\/www.salon-medecinedouce.com\/lyon\/wp-content\/uploads\/sites\/12\/2023\/03\/Animations-au-fil-des-stands-450x250.jpg",450,250,true],"rpwe-thumbnail":["https:\/\/www.salon-medecinedouce.com\/lyon\/wp-content\/uploads\/sites\/12\/2023\/03\/Animations-au-fil-des-stands-45x45.jpg",45,45,true]},"rttpg_author":{"display_name":"admin","author_link":"https:\/\/www.salon-medecinedouce.com\/lyon\/author\/admin\/"},"rttpg_comment":0,"rttpg_category":false,"rttpg_excerpt":"Les animation 2027 vous seront prochainement pr\u00e9sent\u00e9es. En attendant, re-d\u00e9couvrez les nouveaut\u00e9s 2026 Le village des acteurs de la sant\u00e9 au naturel Nouvelle zone d\u00e9di\u00e9e aux praticiens en professions lib\u00e9rales, \u00e9coles, formations, massage. Les ateliers d&rsquo;alimentation saine D\u00e9monstrations, d\u00e9gustations et conseils pour mieux manger au quotidien. Le rendez-vous des guidances Zone d\u00e9di\u00e9e aux activit\u00e9s spirituelles\u00a0:&hellip;","_links":{"self":[{"href":"https:\/\/www.salon-medecinedouce.com\/lyon\/wp-json\/wp\/v2\/pages\/3610","targetHints":{"allow":["GET"]}}],"collection":[{"href":"https:\/\/www.salon-medecinedouce.com\/lyon\/wp-json\/wp\/v2\/pages"}],"about":[{"href":"https:\/\/www.salon-medecinedouce.com\/lyon\/wp-json\/wp\/v2\/types\/page"}],"author":[{"embeddable":true,"href":"https:\/\/www.salon-medecinedouce.com\/lyon\/wp-json\/wp\/v2\/users\/1"}],"replies":[{"embeddable":true,"href":"https:\/\/www.salon-medecinedouce.com\/lyon\/wp-json\/wp\/v2\/comments?post=3610"}],"version-history":[{"count":54,"href":"https:\/\/www.salon-medecinedouce.com\/lyon\/wp-json\/wp\/v2\/pages\/3610\/revisions"}],"predecessor-version":[{"id":15231,"href":"https:\/\/www.salon-medecinedouce.com\/lyon\/wp-json\/wp\/v2\/pages\/3610\/revisions\/15231"}],"up":[{"embeddable":true,"href":"https:\/\/www.salon-medecinedouce.com\/lyon\/wp-json\/wp\/v2\/pages\/2085"}],"wp:featuredmedia":[{"embeddable":true,"href":"https:\/\/www.salon-medecinedouce.com\/lyon\/wp-json\/wp\/v2\/media\/11507"}],"wp:attachment":[{"href":"https:\/\/www.salon-medecinedouce.com\/lyon\/wp-json\/wp\/v2\/media?parent=3610"}],"curies":[{"name":"wp","href":"https:\/\/api.w.org\/{rel}","templated":true}]}}