{"id":2456,"date":"2024-06-26T09:00:54","date_gmt":"2024-06-26T07:00:54","guid":{"rendered":"http:\/\/localhost:8888\/zen\/?page_id=2456"},"modified":"2025-12-09T12:14:26","modified_gmt":"2025-12-09T11:14:26","slug":"nos-partenaires","status":"publish","type":"page","link":"https:\/\/www.salon-medecinedouce.com\/lyon\/presse-partenaires\/nos-partenaires\/","title":{"rendered":"Nos partenaires"},"content":{"rendered":"<h2><img fetchpriority=\"high\" decoding=\"async\" class=\"alignnone size-full wp-image-6217\" src=\"https:\/\/www.salon-medecinedouce.com\/wp-content\/uploads\/sites\/12\/2018\/06\/Fotolia_100725192_Subscription_Monthly_M1-1.jpg\" alt=\"\" width=\"830\" height=\"253\" srcset=\"https:\/\/www.salon-medecinedouce.com\/lyon\/wp-content\/uploads\/sites\/12\/2018\/06\/Fotolia_100725192_Subscription_Monthly_M1-1.jpg 830w, https:\/\/www.salon-medecinedouce.com\/lyon\/wp-content\/uploads\/sites\/12\/2018\/06\/Fotolia_100725192_Subscription_Monthly_M1-1-300x91.jpg 300w, https:\/\/www.salon-medecinedouce.com\/lyon\/wp-content\/uploads\/sites\/12\/2018\/06\/Fotolia_100725192_Subscription_Monthly_M1-1-768x234.jpg 768w, https:\/\/www.salon-medecinedouce.com\/lyon\/wp-content\/uploads\/sites\/12\/2018\/06\/Fotolia_100725192_Subscription_Monthly_M1-1-150x46.jpg 150w, https:\/\/www.salon-medecinedouce.com\/lyon\/wp-content\/uploads\/sites\/12\/2018\/06\/Fotolia_100725192_Subscription_Monthly_M1-1-500x152.jpg 500w\" sizes=\"(max-width: 830px) 100vw, 830px\" \/><\/h2>\n<h2><span style=\"color: #165e6c;\">D\u00e9couvrez nos partenaires Bien-\u00catre M\u00e9decine Douce :<\/span><\/h2>\n<h2><span style=\"color: #d65d00;\"><strong><a style=\"color: #d65d00;\" href=\"https:\/\/www.adntv.fr\/home\" target=\"_blank\" rel=\"noopener\">ADNtv<\/a><\/strong><\/span><\/h2>\n<p>Plateforme bien-\u00eatre proposant des contenus inspirants autour de la sant\u00e9 globale, de la nutrition et du mieux-\u00eatre.<\/p>\n<h3><strong><a href=\"https:\/\/www.salon-medecinedouce.com\/lyon\/presse-partenaires\/nos-partenaires\/alterrenat-presse\/\"><span style=\"color: #d65d00;\">Alterrenat Presse<\/span><\/a><\/strong><\/h3>\n<p>Cr\u00e9\u00e9e en 1999 par des professionnels de la presse ind\u00e9pendante et alternative, Alterrenat Presse assure la diffusion, la r\u00e9gie publicitaire et la communication de nombreux supports\u2026\u00a0<\/p>\n<h3><a href=\"https:\/\/www.best-of-bio.fr\/\"><span style=\"color: #d65d00;\">Best of Bio<\/span><\/a><\/h3>\n<p>Annuaire d\u00e9di\u00e9 aux professionnels et au grand public visant \u00e0 mettre en avant les acteurs du secteur et leurs produits.<\/p>\n<h3><span style=\"color: #d65d00;\"><strong><a style=\"color: #d65d00;\" href=\"https:\/\/www.salon-medecinedouce.com\/lyon\/presse-partenaires\/nos-partenaires\/biocontact\/\">Biocontact<\/a><\/strong><\/span><\/h3>\n<p>Mensuel gratuit distribu\u00e9 dans les magasins de produits biologiques.<\/p>\n<h3><span style=\"color: #d65d00;\"><strong><a style=\"color: #d65d00;\" href=\"https:\/\/www.passeportsante.net\/\" target=\"_blank\" rel=\"noopener\">Passeport Sant\u00e9<\/a><\/strong><\/span><\/h3>\n<p>Media sant\u00e9 grand public offrant des conseils fiables pour mieux comprendre, pr\u00e9venir et prendre soin de sa sant\u00e9 au quotidien.<\/p>\n<h3><span style=\"color: #d65d00;\"><strong><a style=\"color: #d65d00;\" href=\"https:\/\/www.salon-medecinedouce.com\/lyon\/presse-partenaires\/nos-partenaires\/rebelle-sante\/\">Rebelle Sant\u00e9<\/a><\/strong><\/span><\/h3>\n<p class=\"p1\">Rebelle Sant\u00e9,\u00a0 la r\u00e9f\u00e9rence en mati\u00e8re de sant\u00e9 naturelle depuis plus de 20 ans\u00a0<\/p>\n<h3><span style=\"color: #d65d00;\"><strong><a style=\"color: #d65d00;\" href=\"http:\/\/www.rfm.fr\/\" target=\"_blank\" rel=\"noopener\">RFM<\/a><\/strong><\/span><\/h3>\n<p>Radio musicale embl\u00e9matique proposant \u00ab Le Meilleur de la Musique \u00bb des ann\u00e9es 80 \u00e0 aujourd\u2019hui.<\/p>\n<h3><span style=\"color: #d65d00;\"><strong><a style=\"color: #d65d00;\" href=\"https:\/\/seniorsactuels.com\/\" target=\"_blank\" rel=\"noopener\">Seniors Actuels<\/a><\/strong><\/span><\/h3>\n<p>Magazine d\u00e9di\u00e9 aux plus de 50 ans, ax\u00e9 sur le bien-\u00eatre, la sant\u00e9 et une vie active et \u00e9panouie.<\/p>\n<h3><span style=\"color: #d65d00;\"><strong><a style=\"color: #d65d00;\" href=\"https:\/\/topmaman.fr\/\" target=\"_blank\" rel=\"noopener\">Top Maman<\/a><\/strong><\/span><\/h3>\n<div class=\"salon-pubs-hp-bas-de-page salon-entity-placement\" id=\"salon-3289728614\"><div id=\"salon-1088250212\"><a data-no-instant=\"1\" href=\"https:\/\/www.naia-kaolin-delphine.fr\/\" rel=\"noopener\" class=\"a2t-link\" target=\"_blank\"><p><a href=\"https:\/\/www.naia-kaolin-delphine.fr\/\"><img decoding=\"async\" class=\"wp-image-15074 size-full aligncenter\" src=\"https:\/\/www.salon-medecinedouce.com\/lyon\/wp-content\/uploads\/sites\/12\/2026\/01\/Naia-Kaolin-salon-LYON-2026.png\" alt=\"\" width=\"728\" height=\"90\" srcset=\"https:\/\/www.salon-medecinedouce.com\/lyon\/wp-content\/uploads\/sites\/12\/2026\/01\/Naia-Kaolin-salon-LYON-2026.png 728w, https:\/\/www.salon-medecinedouce.com\/lyon\/wp-content\/uploads\/sites\/12\/2026\/01\/Naia-Kaolin-salon-LYON-2026-300x37.png 300w, https:\/\/www.salon-medecinedouce.com\/lyon\/wp-content\/uploads\/sites\/12\/2026\/01\/Naia-Kaolin-salon-LYON-2026-150x19.png 150w, https:\/\/www.salon-medecinedouce.com\/lyon\/wp-content\/uploads\/sites\/12\/2026\/01\/Naia-Kaolin-salon-LYON-2026-500x62.png 500w\" sizes=\"(max-width: 728px) 100vw, 728px\" \/><\/a><\/p>\n<\/a><\/div><\/div>","protected":false},"excerpt":{"rendered":"<p>D\u00e9couvrez nos partenaires Bien-\u00catre M\u00e9decine Douce : ADNtv Plateforme bien-\u00eatre proposant des contenus inspirants autour de la sant\u00e9 globale, de la nutrition et du mieux-\u00eatre. Alterrenat Presse Cr\u00e9\u00e9e en 1999 par des professionnels de la presse ind\u00e9pendante et alternative, Alterrenat Presse assure la diffusion, la r\u00e9gie publicitaire et la communication de nombreux supports\u2026\u00a0 Best of&hellip; <\/p>\n","protected":false},"author":1,"featured_media":0,"parent":2091,"menu_order":1,"comment_status":"closed","ping_status":"closed","template":"","meta":{"_monsterinsights_skip_tracking":false,"_monsterinsights_sitenote_active":false,"_monsterinsights_sitenote_note":"","_monsterinsights_sitenote_category":0,"footnotes":""},"class_list":["post-2456","page","type-page","status-publish","hentry"],"yoast_head":"<!-- This site is optimized with the Yoast SEO plugin v27.3 - https:\/\/yoast.com\/product\/yoast-seo-wordpress\/ -->\n<title>Nos partenaires - Bien-\u00eatre Lyon<\/title>\n<meta name=\"description\" content=\"D\u00e9couvrez nos partenaires Bien-\u00catre M\u00e9decine douce.\" \/>\n<meta name=\"robots\" content=\"index, follow, max-snippet:-1, max-image-preview:large, max-video-preview:-1\" \/>\n<link rel=\"canonical\" href=\"https:\/\/www.salon-medecinedouce.com\/lyon\/presse-partenaires\/nos-partenaires\/\" \/>\n<meta property=\"og:locale\" content=\"fr_FR\" \/>\n<meta property=\"og:type\" content=\"article\" \/>\n<meta property=\"og:title\" content=\"Nos partenaires - Bien-\u00eatre Lyon\" \/>\n<meta property=\"og:description\" content=\"D\u00e9couvrez nos partenaires Bien-\u00catre M\u00e9decine douce.\" \/>\n<meta property=\"og:url\" content=\"https:\/\/www.salon-medecinedouce.com\/lyon\/presse-partenaires\/nos-partenaires\/\" \/>\n<meta property=\"og:site_name\" content=\"Bien-\u00eatre Lyon\" \/>\n<meta property=\"article:modified_time\" content=\"2025-12-09T11:14:26+00:00\" \/>\n<meta property=\"og:image\" content=\"https:\/\/www.salon-medecinedouce.com\/lyon\/wp-content\/uploads\/sites\/12\/2018\/06\/Fotolia_100725192_Subscription_Monthly_M1-1.jpg\" \/>\n\t<meta property=\"og:image:width\" content=\"830\" \/>\n\t<meta property=\"og:image:height\" content=\"253\" \/>\n\t<meta property=\"og:image:type\" content=\"image\/jpeg\" \/>\n<meta name=\"twitter:card\" content=\"summary_large_image\" \/>\n<meta name=\"twitter:label1\" content=\"Dur\u00e9e de lecture estim\u00e9e\" \/>\n\t<meta name=\"twitter:data1\" content=\"2 minutes\" \/>\n<script type=\"application\/ld+json\" class=\"yoast-schema-graph\">{\"@context\":\"https:\\\/\\\/schema.org\",\"@graph\":[{\"@type\":\"WebPage\",\"@id\":\"https:\\\/\\\/www.salon-medecinedouce.com\\\/lyon\\\/presse-partenaires\\\/nos-partenaires\\\/\",\"url\":\"https:\\\/\\\/www.salon-medecinedouce.com\\\/lyon\\\/presse-partenaires\\\/nos-partenaires\\\/\",\"name\":\"Nos partenaires - Bien-\u00eatre Lyon\",\"isPartOf\":{\"@id\":\"https:\\\/\\\/www.salon-medecinedouce.com\\\/lyon\\\/#website\"},\"primaryImageOfPage\":{\"@id\":\"https:\\\/\\\/www.salon-medecinedouce.com\\\/lyon\\\/presse-partenaires\\\/nos-partenaires\\\/#primaryimage\"},\"image\":{\"@id\":\"https:\\\/\\\/www.salon-medecinedouce.com\\\/lyon\\\/presse-partenaires\\\/nos-partenaires\\\/#primaryimage\"},\"thumbnailUrl\":\"https:\\\/\\\/www.salon-medecinedouce.com\\\/wp-content\\\/uploads\\\/sites\\\/12\\\/2018\\\/06\\\/Fotolia_100725192_Subscription_Monthly_M1-1.jpg\",\"datePublished\":\"2024-06-26T07:00:54+00:00\",\"dateModified\":\"2025-12-09T11:14:26+00:00\",\"description\":\"D\u00e9couvrez nos partenaires Bien-\u00catre M\u00e9decine douce.\",\"breadcrumb\":{\"@id\":\"https:\\\/\\\/www.salon-medecinedouce.com\\\/lyon\\\/presse-partenaires\\\/nos-partenaires\\\/#breadcrumb\"},\"inLanguage\":\"fr-FR\",\"potentialAction\":[{\"@type\":\"ReadAction\",\"target\":[\"https:\\\/\\\/www.salon-medecinedouce.com\\\/lyon\\\/presse-partenaires\\\/nos-partenaires\\\/\"]}]},{\"@type\":\"ImageObject\",\"inLanguage\":\"fr-FR\",\"@id\":\"https:\\\/\\\/www.salon-medecinedouce.com\\\/lyon\\\/presse-partenaires\\\/nos-partenaires\\\/#primaryimage\",\"url\":\"https:\\\/\\\/www.salon-medecinedouce.com\\\/wp-content\\\/uploads\\\/sites\\\/12\\\/2018\\\/06\\\/Fotolia_100725192_Subscription_Monthly_M1-1.jpg\",\"contentUrl\":\"https:\\\/\\\/www.salon-medecinedouce.com\\\/wp-content\\\/uploads\\\/sites\\\/12\\\/2018\\\/06\\\/Fotolia_100725192_Subscription_Monthly_M1-1.jpg\"},{\"@type\":\"BreadcrumbList\",\"@id\":\"https:\\\/\\\/www.salon-medecinedouce.com\\\/lyon\\\/presse-partenaires\\\/nos-partenaires\\\/#breadcrumb\",\"itemListElement\":[{\"@type\":\"ListItem\",\"position\":1,\"name\":\"Accueil\",\"item\":\"https:\\\/\\\/www.salon-medecinedouce.com\\\/lyon\\\/\"},{\"@type\":\"ListItem\",\"position\":2,\"name\":\"Presse\\\/partenaires\",\"item\":\"https:\\\/\\\/www.salon-medecinedouce.com\\\/lyon\\\/presse-partenaires\\\/\"},{\"@type\":\"ListItem\",\"position\":3,\"name\":\"Nos partenaires\"}]},{\"@type\":\"WebSite\",\"@id\":\"https:\\\/\\\/www.salon-medecinedouce.com\\\/lyon\\\/#website\",\"url\":\"https:\\\/\\\/www.salon-medecinedouce.com\\\/lyon\\\/\",\"name\":\"Bien-\u00eatre Lyon\",\"description\":\"La sant\u00e9 au naturel : M\u00e9decines douces - Compl\u00e9ments alimentaires - Alimentation saine - Cosm\u00e9tiques naturelles - Art de vivre - Tourisme de sant\u00e9\",\"publisher\":{\"@id\":\"https:\\\/\\\/www.salon-medecinedouce.com\\\/lyon\\\/#organization\"},\"potentialAction\":[{\"@type\":\"SearchAction\",\"target\":{\"@type\":\"EntryPoint\",\"urlTemplate\":\"https:\\\/\\\/www.salon-medecinedouce.com\\\/lyon\\\/?s={search_term_string}\"},\"query-input\":{\"@type\":\"PropertyValueSpecification\",\"valueRequired\":true,\"valueName\":\"search_term_string\"}}],\"inLanguage\":\"fr-FR\"},{\"@type\":\"Organization\",\"@id\":\"https:\\\/\\\/www.salon-medecinedouce.com\\\/lyon\\\/#organization\",\"name\":\"Bien-\u00eatre Lyon\",\"url\":\"https:\\\/\\\/www.salon-medecinedouce.com\\\/lyon\\\/\",\"logo\":{\"@type\":\"ImageObject\",\"inLanguage\":\"fr-FR\",\"@id\":\"https:\\\/\\\/www.salon-medecinedouce.com\\\/lyon\\\/#\\\/schema\\\/logo\\\/image\\\/\",\"url\":\"https:\\\/\\\/www.salon-medecinedouce.com\\\/lyon\\\/wp-content\\\/uploads\\\/sites\\\/12\\\/2024\\\/05\\\/cropped-logo-orange-bemd.png\",\"contentUrl\":\"https:\\\/\\\/www.salon-medecinedouce.com\\\/lyon\\\/wp-content\\\/uploads\\\/sites\\\/12\\\/2024\\\/05\\\/cropped-logo-orange-bemd.png\",\"width\":591,\"height\":591,\"caption\":\"Bien-\u00eatre Lyon\"},\"image\":{\"@id\":\"https:\\\/\\\/www.salon-medecinedouce.com\\\/lyon\\\/#\\\/schema\\\/logo\\\/image\\\/\"}}]}<\/script>\n<!-- \/ Yoast SEO plugin. -->","yoast_head_json":{"title":"Nos partenaires - Bien-\u00eatre Lyon","description":"D\u00e9couvrez nos partenaires Bien-\u00catre M\u00e9decine douce.","robots":{"index":"index","follow":"follow","max-snippet":"max-snippet:-1","max-image-preview":"max-image-preview:large","max-video-preview":"max-video-preview:-1"},"canonical":"https:\/\/www.salon-medecinedouce.com\/lyon\/presse-partenaires\/nos-partenaires\/","og_locale":"fr_FR","og_type":"article","og_title":"Nos partenaires - Bien-\u00eatre Lyon","og_description":"D\u00e9couvrez nos partenaires Bien-\u00catre M\u00e9decine douce.","og_url":"https:\/\/www.salon-medecinedouce.com\/lyon\/presse-partenaires\/nos-partenaires\/","og_site_name":"Bien-\u00eatre Lyon","article_modified_time":"2025-12-09T11:14:26+00:00","og_image":[{"width":830,"height":253,"url":"https:\/\/www.salon-medecinedouce.com\/lyon\/wp-content\/uploads\/sites\/12\/2018\/06\/Fotolia_100725192_Subscription_Monthly_M1-1.jpg","type":"image\/jpeg"}],"twitter_card":"summary_large_image","twitter_misc":{"Dur\u00e9e de lecture estim\u00e9e":"2 minutes"},"schema":{"@context":"https:\/\/schema.org","@graph":[{"@type":"WebPage","@id":"https:\/\/www.salon-medecinedouce.com\/lyon\/presse-partenaires\/nos-partenaires\/","url":"https:\/\/www.salon-medecinedouce.com\/lyon\/presse-partenaires\/nos-partenaires\/","name":"Nos partenaires - Bien-\u00eatre Lyon","isPartOf":{"@id":"https:\/\/www.salon-medecinedouce.com\/lyon\/#website"},"primaryImageOfPage":{"@id":"https:\/\/www.salon-medecinedouce.com\/lyon\/presse-partenaires\/nos-partenaires\/#primaryimage"},"image":{"@id":"https:\/\/www.salon-medecinedouce.com\/lyon\/presse-partenaires\/nos-partenaires\/#primaryimage"},"thumbnailUrl":"https:\/\/www.salon-medecinedouce.com\/wp-content\/uploads\/sites\/12\/2018\/06\/Fotolia_100725192_Subscription_Monthly_M1-1.jpg","datePublished":"2024-06-26T07:00:54+00:00","dateModified":"2025-12-09T11:14:26+00:00","description":"D\u00e9couvrez nos partenaires Bien-\u00catre M\u00e9decine douce.","breadcrumb":{"@id":"https:\/\/www.salon-medecinedouce.com\/lyon\/presse-partenaires\/nos-partenaires\/#breadcrumb"},"inLanguage":"fr-FR","potentialAction":[{"@type":"ReadAction","target":["https:\/\/www.salon-medecinedouce.com\/lyon\/presse-partenaires\/nos-partenaires\/"]}]},{"@type":"ImageObject","inLanguage":"fr-FR","@id":"https:\/\/www.salon-medecinedouce.com\/lyon\/presse-partenaires\/nos-partenaires\/#primaryimage","url":"https:\/\/www.salon-medecinedouce.com\/wp-content\/uploads\/sites\/12\/2018\/06\/Fotolia_100725192_Subscription_Monthly_M1-1.jpg","contentUrl":"https:\/\/www.salon-medecinedouce.com\/wp-content\/uploads\/sites\/12\/2018\/06\/Fotolia_100725192_Subscription_Monthly_M1-1.jpg"},{"@type":"BreadcrumbList","@id":"https:\/\/www.salon-medecinedouce.com\/lyon\/presse-partenaires\/nos-partenaires\/#breadcrumb","itemListElement":[{"@type":"ListItem","position":1,"name":"Accueil","item":"https:\/\/www.salon-medecinedouce.com\/lyon\/"},{"@type":"ListItem","position":2,"name":"Presse\/partenaires","item":"https:\/\/www.salon-medecinedouce.com\/lyon\/presse-partenaires\/"},{"@type":"ListItem","position":3,"name":"Nos partenaires"}]},{"@type":"WebSite","@id":"https:\/\/www.salon-medecinedouce.com\/lyon\/#website","url":"https:\/\/www.salon-medecinedouce.com\/lyon\/","name":"Bien-\u00eatre Lyon","description":"La sant\u00e9 au naturel : M\u00e9decines douces - Compl\u00e9ments alimentaires - Alimentation saine - Cosm\u00e9tiques naturelles - Art de vivre - Tourisme de sant\u00e9","publisher":{"@id":"https:\/\/www.salon-medecinedouce.com\/lyon\/#organization"},"potentialAction":[{"@type":"SearchAction","target":{"@type":"EntryPoint","urlTemplate":"https:\/\/www.salon-medecinedouce.com\/lyon\/?s={search_term_string}"},"query-input":{"@type":"PropertyValueSpecification","valueRequired":true,"valueName":"search_term_string"}}],"inLanguage":"fr-FR"},{"@type":"Organization","@id":"https:\/\/www.salon-medecinedouce.com\/lyon\/#organization","name":"Bien-\u00eatre Lyon","url":"https:\/\/www.salon-medecinedouce.com\/lyon\/","logo":{"@type":"ImageObject","inLanguage":"fr-FR","@id":"https:\/\/www.salon-medecinedouce.com\/lyon\/#\/schema\/logo\/image\/","url":"https:\/\/www.salon-medecinedouce.com\/lyon\/wp-content\/uploads\/sites\/12\/2024\/05\/cropped-logo-orange-bemd.png","contentUrl":"https:\/\/www.salon-medecinedouce.com\/lyon\/wp-content\/uploads\/sites\/12\/2024\/05\/cropped-logo-orange-bemd.png","width":591,"height":591,"caption":"Bien-\u00eatre Lyon"},"image":{"@id":"https:\/\/www.salon-medecinedouce.com\/lyon\/#\/schema\/logo\/image\/"}}]}},"rttpg_featured_image_url":null,"rttpg_author":{"display_name":"admin","author_link":"https:\/\/www.salon-medecinedouce.com\/lyon\/author\/admin\/"},"rttpg_comment":0,"rttpg_category":false,"rttpg_excerpt":"D\u00e9couvrez nos partenaires Bien-\u00catre M\u00e9decine Douce : ADNtv Plateforme bien-\u00eatre proposant des contenus inspirants autour de la sant\u00e9 globale, de la nutrition et du mieux-\u00eatre. Alterrenat Presse Cr\u00e9\u00e9e en 1999 par des professionnels de la presse ind\u00e9pendante et alternative, Alterrenat Presse assure la diffusion, la r\u00e9gie publicitaire et la communication de nombreux supports\u2026\u00a0 Best of&hellip;","_links":{"self":[{"href":"https:\/\/www.salon-medecinedouce.com\/lyon\/wp-json\/wp\/v2\/pages\/2456","targetHints":{"allow":["GET"]}}],"collection":[{"href":"https:\/\/www.salon-medecinedouce.com\/lyon\/wp-json\/wp\/v2\/pages"}],"about":[{"href":"https:\/\/www.salon-medecinedouce.com\/lyon\/wp-json\/wp\/v2\/types\/page"}],"author":[{"embeddable":true,"href":"https:\/\/www.salon-medecinedouce.com\/lyon\/wp-json\/wp\/v2\/users\/1"}],"replies":[{"embeddable":true,"href":"https:\/\/www.salon-medecinedouce.com\/lyon\/wp-json\/wp\/v2\/comments?post=2456"}],"version-history":[{"count":71,"href":"https:\/\/www.salon-medecinedouce.com\/lyon\/wp-json\/wp\/v2\/pages\/2456\/revisions"}],"predecessor-version":[{"id":14490,"href":"https:\/\/www.salon-medecinedouce.com\/lyon\/wp-json\/wp\/v2\/pages\/2456\/revisions\/14490"}],"up":[{"embeddable":true,"href":"https:\/\/www.salon-medecinedouce.com\/lyon\/wp-json\/wp\/v2\/pages\/2091"}],"wp:attachment":[{"href":"https:\/\/www.salon-medecinedouce.com\/lyon\/wp-json\/wp\/v2\/media?parent=2456"}],"curies":[{"name":"wp","href":"https:\/\/api.w.org\/{rel}","templated":true}]}}